{"id":5611,"date":"2021-12-10T10:31:48","date_gmt":"2021-12-10T10:31:48","guid":{"rendered":"https:\/\/visittossa.com\/agenda\/agenda-mensual\/"},"modified":"2022-09-23T11:36:58","modified_gmt":"2022-09-23T11:36:58","slug":"programme-mensuel","status":"publish","type":"page","link":"https:\/\/visittossa.com\/fr\/agenda\/programme-mensuel\/","title":{"rendered":"Activit\u00e9s du mois"},"content":{"rendered":"<section class=\"l-section wpb_row height_large width_full tossaHd with_img\" id=\"hdMd\"><div class=\"l-section-img\" style=\"background-image: url(https:\/\/visittossa.com\/wp-content\/uploads\/2022\/03\/AGENDA-TOSSA-DE-MAR.jpg);background-repeat: no-repeat;\" data-img-width=\"1400\" data-img-height=\"800\"><\/div><div class=\"l-section-h i-cf\"><div class=\"g-cols vc_row type_default valign_middle\"><div class=\"vc_col-sm-12 wpb_column vc_column_container\"><div class=\"vc_column-inner\"><div class=\"wpb_wrapper\"><\/div><\/div><\/div><\/div><\/div><\/section><section class=\"l-section wpb_row height_medium\" id=\"introTxt\"><div class=\"l-section-h i-cf\"><div class=\"g-cols vc_row type_default valign_top\"><div class=\"vc_col-sm-12 wpb_column vc_column_container\"><div class=\"vc_column-inner\"><div class=\"wpb_wrapper\"><div class=\"wpb_text_column ttlMd\" ><div class=\"wpb_wrapper\"><h2 style=\"text-align: center;\">Activit\u00e9s du mois<\/h2>\n<\/div><\/div><\/div><\/div><\/div><\/div><\/div><\/section><section class=\"l-section wpb_row height_medium\" id=\"agendaMd\"><div class=\"l-section-h i-cf\"><div class=\"g-cols vc_row type_default valign_top\"><div class=\"vc_col-sm-12 wpb_column vc_column_container\"><div class=\"vc_column-inner\"><div class=\"wpb_wrapper\"><div class=\"w-grid type_grid layout_1510 with_pagination\" id=\"us_grid_1\" data-grid-filter=\"true\"><style id=\"us_grid_1_css\">#us_grid_1 .w-grid-item:not(:last-child){margin-bottom:1.5rem}#us_grid_1 .g-loadmore{margin-top:1.5rem}<\/style><style>.layout_1510 .w-grid-item-h{}.layout_1510 .usg_post_image_1{width:30%!important;margin-right:5%!important}.layout_1510 .usg_post_title_1{font-weight:600!important;text-transform:uppercase!important;font-size:30px!important;margin-bottom:30px!important}<\/style><div class=\"w-grid-list\" ><article class=\"w-grid-item size_1x1 post-19151 agenda_mensual type-agenda_mensual status-publish has-post-thumbnail hentry categories_agenda-destacados-fr\" data-id=\"19151\">\r\n\t<div class=\"w-grid-item-h\">\r\n\t\t\t\t<div class=\"w-hwrapper usg_hwrapper_1 align_left valign_top\"><div class=\"w-post-elm post_image usg_post_image_1 has_width stretched\"><a href=\"https:\/\/visittossa.com\/wp-content\/uploads\/2026\/07\/Concurs-pintura-rapida-2026-scaled-e1785838385910.jpg\" ref=\"magnificPopup\" aria-label=\"Exposition de peintures du Concours international Tossa de Mar de peinture rapide\"><img loading=\"lazy\" decoding=\"async\" width=\"2560\" height=\"1810\" src=\"https:\/\/visittossa.com\/wp-content\/uploads\/2026\/07\/Concurs-pintura-rapida-2026-scaled-e1785838385910.jpg\" class=\"attachment-full size-full wp-post-image\" alt=\"\" \/><\/a><\/div><div class=\"w-vwrapper usg_vwrapper_1 align_left valign_top\"><h2 class=\"w-post-elm post_title usg_post_title_1 entry-title color_link_inherit\">Exposition de peintures du Concours international Tossa de Mar de peinture rapide<\/h2><div class=\"w-post-elm post_content usg_post_content_1\"><p><strong>Date:<\/strong> 30\/08 &#8211; 05\/09\u00a0 <strong>Lieu:<\/strong> Edif. La Nau (AV. del Pelegr\u00ed, 25)\u00a0 \u00a0 <strong>Horaire<\/strong>: 16:00 &#8211; 19:00 h<\/p>\n<p>&nbsp;<\/p>\n<p>Chaque dernier dimanche d\u2019ao\u00fbt, ce concours international de peinture rapide a lieu en plein air.<\/p>\n<p>L\u2019exposition sera ouverte de 16 \u00e0 19 h, de lundi \u00e0 samedi <strong>jusqu&#8217;au<\/strong> <strong>05 setembre<\/strong>.<\/p>\n<p><a href=\"https:\/\/visittossa.com\/wp-content\/uploads\/2026\/08\/Diptics-pintura-2026.pdf\" target=\"_blank\" rel=\"noopener\"><strong>Modalit\u00e9s<\/strong><\/a> de participation.<\/p>\n<\/div><\/div><\/div>\t<\/div>\r\n<\/article>\r\n<article class=\"w-grid-item size_1x1 post-19311 agenda_mensual type-agenda_mensual status-publish has-post-thumbnail hentry\" data-id=\"19311\">\r\n\t<div class=\"w-grid-item-h\">\r\n\t\t\t\t<div class=\"w-hwrapper usg_hwrapper_1 align_left valign_top\"><div class=\"w-post-elm post_image usg_post_image_1 has_width stretched\"><a href=\"https:\/\/visittossa.com\/wp-content\/uploads\/2022\/03\/CIM-I-TOMBA-2026-2-scaled.jpg\" ref=\"magnificPopup\" aria-label=\"Campagne gastronomique: La cuisine du cim i tomba\"><img loading=\"lazy\" decoding=\"async\" width=\"1850\" height=\"2560\" src=\"https:\/\/visittossa.com\/wp-content\/uploads\/2022\/03\/CIM-I-TOMBA-2026-2-scaled.jpg\" class=\"attachment-full size-full wp-post-image\" alt=\"\" srcset=\"https:\/\/visittossa.com\/wp-content\/uploads\/2022\/03\/CIM-I-TOMBA-2026-2-scaled.jpg 1850w, https:\/\/visittossa.com\/wp-content\/uploads\/2022\/03\/CIM-I-TOMBA-2026-2-217x300.jpg 217w, https:\/\/visittossa.com\/wp-content\/uploads\/2022\/03\/CIM-I-TOMBA-2026-2-740x1024.jpg 740w\" sizes=\"auto, (max-width: 1850px) 100vw, 1850px\" \/><\/a><\/div><div class=\"w-vwrapper usg_vwrapper_1 align_left valign_top\"><h2 class=\"w-post-elm post_title usg_post_title_1 entry-title color_link_inherit\">Campagne gastronomique: La cuisine du cim i tomba<\/h2><div class=\"w-post-elm post_content usg_post_content_1\"><p><strong>Dates:<\/strong>\u00a001\/09 \u2013 04\/10\/26<\/p>\n<p>Durant tout le mois de septembre, plusieurs restaurants sp\u00e9cialis\u00e9s en cuisine traditionnelle de Tossa participeront \u00e0 la campagne gastronomique de la Cuisine du Cim i Tomba.<\/p>\n<p>Davantage d\u2019informations<a href=\"https:\/\/visittossa.com\/wp-content\/uploads\/2026\/07\/Fulleto_Cim-i-tomba-2026-1.pdf\" target=\"_blank\" rel=\"noopener\"><strong>\u00a0ici<\/strong><\/a><\/p>\n<\/div><\/div><\/div>\t<\/div>\r\n<\/article>\r\n<article class=\"w-grid-item size_1x1 post-19508 agenda_mensual type-agenda_mensual status-publish has-post-thumbnail hentry\" data-id=\"19508\">\r\n\t<div class=\"w-grid-item-h\">\r\n\t\t\t\t<div class=\"w-hwrapper usg_hwrapper_1 align_left valign_top\"><div class=\"w-post-elm post_image usg_post_image_1 has_width stretched\"><a href=\"https:\/\/visittossa.com\/wp-content\/uploads\/2026\/08\/Gelma.jpg\" ref=\"magnificPopup\" aria-label=\"Exposition de peinture: &#8220;Ess\u00e8ncia&#8221;\"><img loading=\"lazy\" decoding=\"async\" width=\"1606\" height=\"2333\" src=\"https:\/\/visittossa.com\/wp-content\/uploads\/2026\/08\/Gelma.jpg\" class=\"attachment-full size-full wp-post-image\" alt=\"\" srcset=\"https:\/\/visittossa.com\/wp-content\/uploads\/2026\/08\/Gelma.jpg 1606w, https:\/\/visittossa.com\/wp-content\/uploads\/2026\/08\/Gelma-207x300.jpg 207w, https:\/\/visittossa.com\/wp-content\/uploads\/2026\/08\/Gelma-705x1024.jpg 705w\" sizes=\"auto, (max-width: 1606px) 100vw, 1606px\" \/><\/a><\/div><div class=\"w-vwrapper usg_vwrapper_1 align_left valign_top\"><h2 class=\"w-post-elm post_title usg_post_title_1 entry-title color_link_inherit\">Exposition de peinture: &#8220;Ess\u00e8ncia&#8221;<\/h2><div class=\"w-post-elm post_content usg_post_content_1\"><p><strong>Dates:\u00a0 <\/strong>01\/09 \u2013 15\/09\u00a0 \u00a0 \u00a0<strong>Lieu:<\/strong>\u00a0Casa de Cultura (Av. del Pelegr\u00ed, 8)\u00a0 \u00a0\u00a0<strong>Horaire: <\/strong>Du lundi au vendredi, 10:00 \u2013 13:00 \/ 16:00 \u2013 19:00 h. Samedi et dimanche: 17:00 \u2013 19:00 h<\/p>\n<p>&nbsp;<\/p>\n<p>Exposition de peinture de l&#8217;artiste GELM\u00c0 d\u00e9nomm\u00e9e \u201cEss\u00e8ncia\u201d.<\/p>\n<p>&nbsp;<\/p>\n<p>&nbsp;<\/p>\n<\/div><\/div><\/div>\t<\/div>\r\n<\/article>\r\n<article class=\"w-grid-item size_1x1 post-18452 agenda_mensual type-agenda_mensual status-publish has-post-thumbnail hentry\" data-id=\"18452\">\r\n\t<div class=\"w-grid-item-h\">\r\n\t\t\t\t<div class=\"w-hwrapper usg_hwrapper_1 align_left valign_top\"><div class=\"w-post-elm post_image usg_post_image_1 has_width stretched\"><a href=\"https:\/\/visittossa.com\/wp-content\/uploads\/2025\/05\/20260518163907_00001-scaled-e1779114985124.jpg\" ref=\"magnificPopup\" aria-label=\"L\u2019art de la guitarre espagnole\"><img loading=\"lazy\" decoding=\"async\" width=\"2560\" height=\"1810\" src=\"https:\/\/visittossa.com\/wp-content\/uploads\/2025\/05\/20260518163907_00001-scaled-e1779114985124.jpg\" class=\"attachment-full size-full wp-post-image\" alt=\"\" \/><\/a><\/div><div class=\"w-vwrapper usg_vwrapper_1 align_left valign_top\"><h2 class=\"w-post-elm post_title usg_post_title_1 entry-title color_link_inherit\">L\u2019art de la guitarre espagnole<\/h2><div class=\"w-post-elm post_content usg_post_content_1\"><p><strong>Dates:<\/strong> 03\/09, 10\/09, 17\/09, 24\/09 (jeudi)\u00a0 \u00a0<strong>Lieu<\/strong>: \u00c9glise de St. Vicen\u00e7\u00a0 \u00a0<strong>Heure:<\/strong>\u00a021:00 h\u00a0\u00a0<strong>Prix:<\/strong>\u00a015\u20ac<\/p>\n<p>&nbsp;<\/p>\n<p>Des concerts de guitare espagnole sont propos\u00e9s par diff\u00e9rents interpr\u00e8tes chaque semaine jusqu&#8217;\u00e0 la fin d&#8217;octobre. Les artistes pendant le mois de septembre sont: Manel Forti\u00e0 Trio, Sam Ballester, Diego Cort\u00e9s &amp; Rafa Martin et Pedro Rinc\u00f3n , par ordre d\u2019apparition. Consulter le calendrier sur le site pour toute la saison.<\/p>\n<p>Vente des billets sur le site <a href=\"https:\/\/www.artdelaguitarra.com\/\" target=\"_blank\" rel=\"noopener\"><strong>www.artdelaguitarra.com<\/strong><\/a>\u00a0ou le m\u00eame jour du concert \u00e0 partir de 20:00 h<\/p>\n<\/div><\/div><\/div>\t<\/div>\r\n<\/article>\r\n<article class=\"w-grid-item size_1x1 post-19314 agenda_mensual type-agenda_mensual status-publish has-post-thumbnail hentry categories_agenda-destacados-fr\" data-id=\"19314\">\r\n\t<div class=\"w-grid-item-h\">\r\n\t\t\t\t<div class=\"w-hwrapper usg_hwrapper_1 align_left valign_top\"><div class=\"w-post-elm post_image usg_post_image_1 has_width stretched\"><a href=\"https:\/\/visittossa.com\/wp-content\/uploads\/2024\/01\/Concerts-dalt-de-vila-2026-01B.jpeg\" ref=\"magnificPopup\" aria-label=\"IV Festival &#8220;Nits a dalt de vila&#8221;\"><img loading=\"lazy\" decoding=\"async\" width=\"2048\" height=\"2560\" src=\"https:\/\/visittossa.com\/wp-content\/uploads\/2024\/01\/Concerts-dalt-de-vila-2026-01B.jpeg\" class=\"attachment-full size-full wp-post-image\" alt=\"\" srcset=\"https:\/\/visittossa.com\/wp-content\/uploads\/2024\/01\/Concerts-dalt-de-vila-2026-01B.jpeg 2048w, https:\/\/visittossa.com\/wp-content\/uploads\/2024\/01\/Concerts-dalt-de-vila-2026-01B-240x300.jpeg 240w, https:\/\/visittossa.com\/wp-content\/uploads\/2024\/01\/Concerts-dalt-de-vila-2026-01B-819x1024.jpeg 819w\" sizes=\"auto, (max-width: 2048px) 100vw, 2048px\" \/><\/a><\/div><div class=\"w-vwrapper usg_vwrapper_1 align_left valign_top\"><h2 class=\"w-post-elm post_title usg_post_title_1 entry-title color_link_inherit\">IV Festival &#8220;Nits a dalt de vila&#8221;<\/h2><div class=\"w-post-elm post_content usg_post_content_1\"><p><strong>Dates:<\/strong>\u00a005, 12, 19, 26 \/ 09\/ 26 (samedis)\u00a0\u00a0<strong>Lieu:<\/strong>\u00a0Ancien \u00e9glise de St. Vicen\u00e7 (Vila Vella)\u00a0\u00a0<strong>Heure:<\/strong>\u00a022:00 h<\/p>\n<p>Concerts qu\u2019ont lieu dans l\u2019enceinte fortifi\u00e9e les samedis soirs pendent le mois de Septembre.<\/p>\n<p>&nbsp;<\/p>\n<p><strong>05\/09<\/strong>\u00a0\u2013 ELISA MAS.<br \/>\n<strong>12\/09<\/strong>\u00a0\u2013 Hommage \u00e0 MICHAEL JACKSON.<br \/>\n<strong>19\/09<\/strong>\u00a0\u2013 Hommage \u00e0 LAX\u2019N BUSTO.<br \/>\n<strong>26\/09<\/strong>\u00a0\u2013 Hommage \u00e0 LA OREJA DE VAN GOGH.<\/p>\n<p>Entr\u00e9e gratuite \u2013 Service de bar \u2013 Point violet.<\/p>\n<\/div><\/div><\/div>\t<\/div>\r\n<\/article>\r\n<article class=\"w-grid-item size_1x1 post-19440 agenda_mensual type-agenda_mensual status-publish has-post-thumbnail hentry\" data-id=\"19440\">\r\n\t<div class=\"w-grid-item-h\">\r\n\t\t\t\t<div class=\"w-hwrapper usg_hwrapper_1 align_left valign_top\"><div class=\"w-post-elm post_image usg_post_image_1 has_width stretched\"><a href=\"https:\/\/visittossa.com\/wp-content\/uploads\/2026\/08\/Havaneres-setembre-2026.jpeg\" ref=\"magnificPopup\" aria-label=\"R\u00e9cital d&#8217;havaneres et chan\u00e7ons catalanes\"><img loading=\"lazy\" decoding=\"async\" width=\"1414\" height=\"2000\" src=\"https:\/\/visittossa.com\/wp-content\/uploads\/2026\/08\/Havaneres-setembre-2026.jpeg\" class=\"attachment-full size-full wp-post-image\" alt=\"\" srcset=\"https:\/\/visittossa.com\/wp-content\/uploads\/2026\/08\/Havaneres-setembre-2026.jpeg 1414w, https:\/\/visittossa.com\/wp-content\/uploads\/2026\/08\/Havaneres-setembre-2026-212x300.jpeg 212w, https:\/\/visittossa.com\/wp-content\/uploads\/2026\/08\/Havaneres-setembre-2026-724x1024.jpeg 724w\" sizes=\"auto, (max-width: 1414px) 100vw, 1414px\" \/><\/a><\/div><div class=\"w-vwrapper usg_vwrapper_1 align_left valign_top\"><h2 class=\"w-post-elm post_title usg_post_title_1 entry-title color_link_inherit\">R\u00e9cital d&#8217;havaneres et chan\u00e7ons catalanes<\/h2><div class=\"w-post-elm post_content usg_post_content_1\"><p><strong>Date:<\/strong> 10\/09, jeudi\u00a0 \u00a0 <strong>Place:<\/strong>\u00a0Es Rac\u00f3 (Platja Gran)\u00a0 \u00a0<strong>Heure:<\/strong><\/p>\n<p>&nbsp;<\/p>\n<p><strong>21:30 h<\/strong> &#8211;\u00a0<span data-sheets-root=\"1\">Descente de torches la veille de la F\u00eate nationale de la Catalogne de l&#8217;ancienne \u00e9glise (Vila Vella) jusqu&#8217;au Es Rac\u00f3 (Platja Gran).<\/span><\/p>\n<p><strong>22:30 h<\/strong> &#8211; R\u00e9cital avec le trio NEUS MAR.<\/p>\n<p>Rhum flamb\u00e9 traditionnel. <strong>Prix<\/strong>: 2\u20ac<\/p>\n<\/div><\/div><\/div>\t<\/div>\r\n<\/article>\r\n<article class=\"w-grid-item size_1x1 post-19489 agenda_mensual type-agenda_mensual status-publish has-post-thumbnail hentry\" data-id=\"19489\">\r\n\t<div class=\"w-grid-item-h\">\r\n\t\t\t\t<div class=\"w-hwrapper usg_hwrapper_1 align_left valign_top\"><div class=\"w-post-elm post_image usg_post_image_1 has_width stretched\"><a href=\"https:\/\/visittossa.com\/wp-content\/uploads\/2026\/08\/11-set-2026.jpg\" ref=\"magnificPopup\" aria-label=\"F\u00eate nationale de la Catalogne\"><img loading=\"lazy\" decoding=\"async\" width=\"1414\" height=\"2000\" src=\"https:\/\/visittossa.com\/wp-content\/uploads\/2026\/08\/11-set-2026.jpg\" class=\"attachment-full size-full wp-post-image\" alt=\"\" srcset=\"https:\/\/visittossa.com\/wp-content\/uploads\/2026\/08\/11-set-2026.jpg 1414w, https:\/\/visittossa.com\/wp-content\/uploads\/2026\/08\/11-set-2026-212x300.jpg 212w, https:\/\/visittossa.com\/wp-content\/uploads\/2026\/08\/11-set-2026-724x1024.jpg 724w\" sizes=\"auto, (max-width: 1414px) 100vw, 1414px\" \/><\/a><\/div><div class=\"w-vwrapper usg_vwrapper_1 align_left valign_top\"><h2 class=\"w-post-elm post_title usg_post_title_1 entry-title color_link_inherit\">F\u00eate nationale de la Catalogne<\/h2><div class=\"w-post-elm post_content usg_post_content_1\"><p><strong>Date:<\/strong> 11\/09, vendredi<\/p>\n<p>&nbsp;<\/p>\n<p><strong>13:00 h<\/strong> \u2013 Cimeti\u00e8re \u2013 Hommage floral au Soldat inconnu. La c\u00e9r\u00e9monie s&#8217;ach\u00e8ve avec la Coral Tossenca, qui\u00a0 interpr\u00e8te \u201cEl cant del poble\u201d et \u201cCant dels Segadors\u201d.<\/p>\n<p>&nbsp;<\/p>\n<p><strong>18:00 h<\/strong> \u2013 Passeig Moss\u00e8n Cinto Verdaguer \u2013 Sardanes avec Cobla Sol de Banyuls.<\/p>\n<\/div><\/div><\/div>\t<\/div>\r\n<\/article>\r\n<article class=\"w-grid-item size_1x1 post-19388 agenda_mensual type-agenda_mensual status-publish has-post-thumbnail hentry\" data-id=\"19388\">\r\n\t<div class=\"w-grid-item-h\">\r\n\t\t\t\t<div class=\"w-hwrapper usg_hwrapper_1 align_left valign_top\"><div class=\"w-post-elm post_image usg_post_image_1 has_width stretched\"><a href=\"https:\/\/visittossa.com\/wp-content\/uploads\/2026\/08\/Triatlo-2026.jpg\" ref=\"magnificPopup\" aria-label=\"Tritour Tossa de Mar &#8211; XVIII\u00e8me Triathlon Olimpique et Triathlon Sprint de Tossa\"><img loading=\"lazy\" decoding=\"async\" width=\"1223\" height=\"1600\" src=\"https:\/\/visittossa.com\/wp-content\/uploads\/2026\/08\/Triatlo-2026.jpg\" class=\"attachment-full size-full wp-post-image\" alt=\"\" srcset=\"https:\/\/visittossa.com\/wp-content\/uploads\/2026\/08\/Triatlo-2026.jpg 1223w, https:\/\/visittossa.com\/wp-content\/uploads\/2026\/08\/Triatlo-2026-229x300.jpg 229w, https:\/\/visittossa.com\/wp-content\/uploads\/2026\/08\/Triatlo-2026-783x1024.jpg 783w\" sizes=\"auto, (max-width: 1223px) 100vw, 1223px\" \/><\/a><\/div><div class=\"w-vwrapper usg_vwrapper_1 align_left valign_top\"><h2 class=\"w-post-elm post_title usg_post_title_1 entry-title color_link_inherit\">Tritour Tossa de Mar &#8211; XVIII\u00e8me Triathlon Olimpique et Triathlon Sprint de Tossa<\/h2><div class=\"w-post-elm post_content usg_post_content_1\"><p><strong>Date:\u00a0<\/strong>12\/09\/26, samedi\u00a0 \u00a0 <strong>Heure:<\/strong> 15:00 h<\/p>\n<p><span id=\"[0,2]\" class=\"word\">Le<\/span>\u00a0<span id=\"[3,7]\" class=\"word\">seul<\/span>\u00a0<span id=\"[8,17]\" class=\"word\">\u00e9v\u00e9nement<\/span>\u00a0T<span id=\"[18,25]\" class=\"word\">riTour<\/span>\u00a0<span id=\"[26,30]\" class=\"word\">avec<\/span>\u00a0nage\u00a0<span id=\"[40,42]\" class=\"word\">en<\/span>\u00a0mer\u00a0<span id=\"[43,55]\" class=\"word\">M\u00e9diterran\u00e9e<\/span>,\u00a0<span id=\"[57,62]\" class=\"word\">ainsi<\/span>\u00a0<span id=\"[63,66]\" class=\"word\">que<\/span>\u00a0<span id=\"[67,70]\" class=\"word\">VTT<\/span>\u00a0<span id=\"[71,73]\" class=\"word\">et<\/span>\u00a0<span id=\"[74,80]\" class=\"word\">course<\/span>\u00a0<span id=\"[81,82]\" class=\"word\">\u00e0<\/span>\u00a0<span id=\"[83,87]\" class=\"word\">pied<\/span>\u00a0par un itin\u00e9raire\u00a0<span id=\"[88,98]\" class=\"word\">totalement<\/span>\u00a0<span id=\"[99,103]\" class=\"word\">plat.<\/span><\/p>\n<p>Plus de renseignements\u00a0<a href=\"https:\/\/tritour.cat\/tossademar\" target=\"_blank\" rel=\"noopener\"><strong>ici<\/strong><\/a><\/p>\n<\/div><\/div><\/div>\t<\/div>\r\n<\/article>\r\n<article class=\"w-grid-item size_1x1 post-18204 agenda_mensual type-agenda_mensual status-publish has-post-thumbnail hentry\" data-id=\"18204\">\r\n\t<div class=\"w-grid-item-h\">\r\n\t\t\t\t<div class=\"w-hwrapper usg_hwrapper_1 align_left valign_top\"><div class=\"w-post-elm post_image usg_post_image_1 has_width stretched\"><a href=\"https:\/\/visittossa.com\/wp-content\/uploads\/2021\/10\/Sa-Roqueta-thumb.jpg\" ref=\"magnificPopup\" aria-label=\"Chasse au tr\u00e9sor &#8220;La bo\u00eete de Pandora&#8221;\"><img loading=\"lazy\" decoding=\"async\" width=\"2048\" height=\"1365\" src=\"https:\/\/visittossa.com\/wp-content\/uploads\/2021\/10\/Sa-Roqueta-thumb.jpg\" class=\"attachment-full size-full wp-post-image\" alt=\"\" srcset=\"https:\/\/visittossa.com\/wp-content\/uploads\/2021\/10\/Sa-Roqueta-thumb.jpg 2048w, https:\/\/visittossa.com\/wp-content\/uploads\/2021\/10\/Sa-Roqueta-thumb-300x200.jpg 300w, https:\/\/visittossa.com\/wp-content\/uploads\/2021\/10\/Sa-Roqueta-thumb-1024x683.jpg 1024w\" sizes=\"auto, (max-width: 2048px) 100vw, 2048px\" \/><\/a><\/div><div class=\"w-vwrapper usg_vwrapper_1 align_left valign_top\"><h2 class=\"w-post-elm post_title usg_post_title_1 entry-title color_link_inherit\">Chasse au tr\u00e9sor &#8220;La bo\u00eete de Pandora&#8221;<\/h2><div class=\"w-post-elm post_content usg_post_content_1\"><p><strong>Dates:<\/strong> \u00a013\/09, 11\/10,\u00a0 (dimanche)\u00a0 <strong>Heure:<\/strong>\u00a0 10:30 h<\/p>\n<p><strong>\u00a0Lieu<\/strong>: Office de Tourisme (Av. del Pelegr\u00ed, 25)\u00a0 \u00a0 \u00a0 <strong>Prix: 5\u20ac <\/strong>(adult)\u00a0<strong>\/ 3\u20ac\u00a0<\/strong>(6 -18 ans)<\/p>\n<p>Un jeu d&#8217;\u00e9nigmes interactif et familial qui emm\u00e8nera les familles \u00e0 la d\u00e9couverte du patrimoine du centre historique de la ville.<\/p>\n<p>Activit\u00e9 recommand\u00e9e aux enfants \u00e0 partir de 6 ans, toujours accompagn\u00e9s d\u2019un adulte.<\/p>\n<ul>\n<li><strong>N&#8217;oubliez pas votre t\u00e9l\u00e9phone portable ou votre tablette.<\/strong><\/li>\n<li>Billets en vente sur<a href=\"https:\/\/www.entrapolis.com\/entradas\/chasse-au-tresor-la-boite-de-pandora\" target=\"_blank\" rel=\"noopener\"><strong> www.entrapolis.com\u00a0\u00a0<\/strong><\/a><\/li>\n<\/ul>\n<\/div><\/div><\/div>\t<\/div>\r\n<\/article>\r\n<article class=\"w-grid-item size_1x1 post-19392 agenda_mensual type-agenda_mensual status-publish has-post-thumbnail hentry\" data-id=\"19392\">\r\n\t<div class=\"w-grid-item-h\">\r\n\t\t\t\t<div class=\"w-hwrapper usg_hwrapper_1 align_left valign_top\"><div class=\"w-post-elm post_image usg_post_image_1 has_width stretched\"><a href=\"https:\/\/visittossa.com\/wp-content\/uploads\/2022\/03\/2026-VW-Tossa.jpg\" ref=\"magnificPopup\" aria-label=\"32\u00e8me. Rencontre de voitures classiques VW \u00e0 Tossa de Mar\"><img loading=\"lazy\" decoding=\"async\" width=\"709\" height=\"1000\" src=\"https:\/\/visittossa.com\/wp-content\/uploads\/2022\/03\/2026-VW-Tossa.jpg\" class=\"attachment-full size-full wp-post-image\" alt=\"\" srcset=\"https:\/\/visittossa.com\/wp-content\/uploads\/2022\/03\/2026-VW-Tossa.jpg 709w, https:\/\/visittossa.com\/wp-content\/uploads\/2022\/03\/2026-VW-Tossa-213x300.jpg 213w\" sizes=\"auto, (max-width: 709px) 100vw, 709px\" \/><\/a><\/div><div class=\"w-vwrapper usg_vwrapper_1 align_left valign_top\"><h2 class=\"w-post-elm post_title usg_post_title_1 entry-title color_link_inherit\">32\u00e8me. Rencontre de voitures classiques VW \u00e0 Tossa de Mar<\/h2><div class=\"w-post-elm post_content usg_post_content_1\"><p><strong>Dates:\u00a0<\/strong>25 \u2013 27\/09\/26, vendredi, samedi et dimanche<\/p>\n<p>Rencontre de \u201ccoccinelles\u201d organis\u00e9 par les Amis des Volkswagen de Catalogne. Plus d\u2019informations \u00e0\u00a0<strong><a href=\"https:\/\/www.avwc.org\/fotos\/CALENDARI\/calendarisetembre.php#tossa\" target=\"_blank\" rel=\"noopener\">www.avwc.org<\/a>\u00a0<\/strong><\/p>\n<\/div><\/div><\/div>\t<\/div>\r\n<\/article>\r\n<article class=\"w-grid-item size_1x1 post-9938 agenda_mensual type-agenda_mensual status-publish has-post-thumbnail hentry\" data-id=\"9938\">\r\n\t<div class=\"w-grid-item-h\">\r\n\t\t\t\t<div class=\"w-hwrapper usg_hwrapper_1 align_left valign_top\"><div class=\"w-post-elm post_image usg_post_image_1 has_width stretched\"><a href=\"https:\/\/visittossa.com\/wp-content\/uploads\/2022\/08\/Museu-de-la-Dona-de-Tossa-Premsa.jpg\" ref=\"magnificPopup\" aria-label=\"Mus\u00e9e de la Femme\"><img loading=\"lazy\" decoding=\"async\" width=\"960\" height=\"720\" src=\"https:\/\/visittossa.com\/wp-content\/uploads\/2022\/08\/Museu-de-la-Dona-de-Tossa-Premsa.jpg\" class=\"attachment-full size-full wp-post-image\" alt=\"\" srcset=\"https:\/\/visittossa.com\/wp-content\/uploads\/2022\/08\/Museu-de-la-Dona-de-Tossa-Premsa.jpg 960w, https:\/\/visittossa.com\/wp-content\/uploads\/2022\/08\/Museu-de-la-Dona-de-Tossa-Premsa-300x225.jpg 300w\" sizes=\"auto, (max-width: 960px) 100vw, 960px\" \/><\/a><\/div><div class=\"w-vwrapper usg_vwrapper_1 align_left valign_top\"><h2 class=\"w-post-elm post_title usg_post_title_1 entry-title color_link_inherit\">Mus\u00e9e de la Femme<\/h2><div class=\"w-post-elm post_content usg_post_content_1\"><p><span id=\"[0,2]\" class=\"word\">Le<\/span> <span id=\"[3,8]\" class=\"word\">Mus\u00e9e<\/span> <span id=\"[9,12]\" class=\"word\">de la <\/span>\u00a0<span id=\"[13,19]\" class=\"word\">Femme<\/span>\u00a0<span id=\"[20,21]\" class=\"word\">a<\/span> <span id=\"[22,25]\" class=\"word\">\u00e9t\u00e9<\/span> <span id=\"[26,32]\" class=\"word\">ouvert<\/span> <span id=\"[33,35]\" class=\"word\">en<\/span> <span id=\"[36,39]\" class=\"word\">202<\/span>0 <span id=\"[41,45]\" class=\"word\">avec<\/span> <span id=\"[46,57]\" class=\"word\">l\u2019intention<\/span> <span id=\"[58,60]\" class=\"word\">de<\/span> <span id=\"[61,68]\" class=\"word\">recr\u00e9er<\/span> <span id=\"[69,71]\" class=\"word\">et<\/span> <span id=\"[72,83]\" class=\"word\">d\u2019expliquer<\/span> <span id=\"[84,86]\" class=\"word\">la<\/span> <span id=\"[87,90]\" class=\"word\">vie<\/span> <span id=\"[91,93]\" class=\"word\">de<\/span> <span id=\"[94,99]\" class=\"word\">Tossa<\/span> <span id=\"[100,105]\" class=\"word\">avant<\/span> <span id=\"[106,108]\" class=\"word\">le<\/span> <span id=\"[109,114]\" class=\"word\">d\u00e9but<\/span> <span id=\"[115,117]\" class=\"word\">du<\/span> <span id=\"[118,126]\" class=\"word\">tourisme<\/span> <span id=\"[127,129]\" class=\"word\">et<\/span> <span id=\"[130,132]\" class=\"word\">sa<\/span> <span id=\"[133,147]\" class=\"word\">transformation<\/span>, <span id=\"[149,157]\" class=\"word\">toujours<\/span> <span id=\"[158,159]\" class=\"word\">\u00e0<\/span> <span id=\"[160,166]\" class=\"word\">partir<\/span> <span id=\"[167,169]\" class=\"word\">de<\/span> <span id=\"[170,172]\" class=\"word\">la<\/span> <span id=\"[173,178]\" class=\"word\">place<\/span> <span id=\"[179,186]\" class=\"word\">occup\u00e9e<\/span> <span id=\"[187,190]\" class=\"word\">par<\/span> <span id=\"[191,194]\" class=\"word\">les<\/span> <span id=\"[195,201]\" class=\"word\">femmes<\/span>. Le b\u00e2timent o\u00f9 se trouve le mus\u00e9e est un bel exemple de mas fortifi\u00e9 du XVI\u00e8me si\u00e8cle.<\/p>\n<p><b>Place:\u00a0 <\/b>C\/ Codolar, 4<\/p>\n<p><strong>Info. horaire:\u00a0 \u00a0<\/strong><\/p>\n<p>Du lundi jusqu&#8217;au dimanche: 10:00 \u2013 13:00 \/ 16:00 \u2013 20:00 h<\/p>\n<p><strong>Tel.<\/strong> +34 972 964 633<\/p>\n<p><strong>Entr\u00e9e<\/strong>: 2\u20ac \/ 1\u20ac.<\/p>\n<p><strong><a href=\"https:\/\/visittossa.com\/fr\/patrimoine-culturel\/art-et-culture\/musee-de-la-femme\/\" target=\"_blank\" rel=\"noopener\">Davantage d&#8217;information<\/a>s<\/strong><\/p>\n<p>&nbsp;<\/p>\n<\/div><\/div><\/div>\t<\/div>\r\n<\/article>\r\n<article class=\"w-grid-item size_1x1 post-9936 agenda_mensual type-agenda_mensual status-publish has-post-thumbnail hentry\" data-id=\"9936\">\r\n\t<div class=\"w-grid-item-h\">\r\n\t\t\t\t<div class=\"w-hwrapper usg_hwrapper_1 align_left valign_top\"><div class=\"w-post-elm post_image usg_post_image_1 has_width stretched\"><a href=\"https:\/\/visittossa.com\/wp-content\/uploads\/2022\/08\/far-tossa2_-Tossa-de-Mar-web-facana-carrer.jpg\" ref=\"magnificPopup\" aria-label=\"Mus\u00e9e du Phare\"><img loading=\"lazy\" decoding=\"async\" width=\"692\" height=\"450\" src=\"https:\/\/visittossa.com\/wp-content\/uploads\/2022\/08\/far-tossa2_-Tossa-de-Mar-web-facana-carrer.jpg\" class=\"attachment-full size-full wp-post-image\" alt=\"\" srcset=\"https:\/\/visittossa.com\/wp-content\/uploads\/2022\/08\/far-tossa2_-Tossa-de-Mar-web-facana-carrer.jpg 692w, https:\/\/visittossa.com\/wp-content\/uploads\/2022\/08\/far-tossa2_-Tossa-de-Mar-web-facana-carrer-300x195.jpg 300w\" sizes=\"auto, (max-width: 692px) 100vw, 692px\" \/><\/a><\/div><div class=\"w-vwrapper usg_vwrapper_1 align_left valign_top\"><h2 class=\"w-post-elm post_title usg_post_title_1 entry-title color_link_inherit\">Mus\u00e9e du Phare<\/h2><div class=\"w-post-elm post_content usg_post_content_1\"><p>Construit en 1917 sur le point culminant du Cap de Tossa, il abrite aujourd&#8217;hui le si\u00e8ge du nouveau mus\u00e9e du Phare de Tossa. Un si\u00e8cle de signalisation maritime sur la Costa Brava, un lieu de r\u00e9f\u00e9rence pour quiconque souhaite approfondir ses connaissances sur l&#8217;univers des phares.<\/p>\n<p><strong>Place:<\/strong> Passeig de Vila Vella<\/p>\n<p><strong>Info. horaire:<\/strong><\/p>\n<p>De lundi \u00e0 dimanche:<\/p>\n<p><span style=\"color: #ff0000;\"><strong>(02\/09 et 03\/09: FERM\u00c9)<\/strong><\/span><\/p>\n<p><strong>Num\u00e9ro de t\u00e9l\u00e9phone:<\/strong> +34 972 343 359<\/p>\n<p><strong>Entr\u00e9e:<\/strong> 3 \u20ac \/ 1,50 \u20ac<\/p>\n<p><a href=\"https:\/\/visittossa.com\/fr\/patrimoine-culturel\/art-et-culture\/phare-de-tossa\/\" target=\"_blank\" rel=\"noopener\"><strong>Davantage d\u2019informations<\/strong><\/a><\/p>\n<p>&nbsp;<\/p>\n<p>&nbsp;<\/p>\n<\/div><\/div><\/div>\t<\/div>\r\n<\/article>\r\n<article class=\"w-grid-item size_1x1 post-9937 agenda_mensual type-agenda_mensual status-publish has-post-thumbnail hentry\" data-id=\"9937\">\r\n\t<div class=\"w-grid-item-h\">\r\n\t\t\t\t<div class=\"w-hwrapper usg_hwrapper_1 align_left valign_top\"><div class=\"w-post-elm post_image usg_post_image_1 has_width stretched\"><a href=\"https:\/\/visittossa.com\/wp-content\/uploads\/2022\/08\/Facana-museu-scaled.jpg\" ref=\"magnificPopup\" aria-label=\"Mus\u00e9e Municipal\"><img loading=\"lazy\" decoding=\"async\" width=\"2560\" height=\"1707\" src=\"https:\/\/visittossa.com\/wp-content\/uploads\/2022\/08\/Facana-museu-scaled.jpg\" class=\"attachment-full size-full wp-post-image\" alt=\"\" srcset=\"https:\/\/visittossa.com\/wp-content\/uploads\/2022\/08\/Facana-museu-scaled.jpg 2560w, https:\/\/visittossa.com\/wp-content\/uploads\/2022\/08\/Facana-museu-300x200.jpg 300w, https:\/\/visittossa.com\/wp-content\/uploads\/2022\/08\/Facana-museu-1024x683.jpg 1024w\" sizes=\"auto, (max-width: 2560px) 100vw, 2560px\" \/><\/a><\/div><div class=\"w-vwrapper usg_vwrapper_1 align_left valign_top\"><h2 class=\"w-post-elm post_title usg_post_title_1 entry-title color_link_inherit\">Mus\u00e9e Municipal<\/h2><div class=\"w-post-elm post_content usg_post_content_1\"><p>Occupe l&#8217;ancienne demeure du\u00a0<em>batlle de sac<\/em>, c&#8217;est-\u00e0-dire le gouverneur, et conserve une importante collection d&#8217;art et une grande partie des pi\u00e8ces arch\u00e9ologiques de la villa romaine <em>d&#8217;els Ametllers<\/em>.<\/p>\n<p><strong>Place :<\/strong> Pla\u00e7a Roig i Soler, 1 (\u00e0 la Vieille Ville)<\/p>\n<p><strong>Info horaire:\u00a0 \u00a0 \u00a0FERMETURE temporaire pour travaux d&#8217;entretien.<\/strong><\/p>\n<p><strong>Tel.<\/strong> +34 972 340 709<\/p>\n<p><strong>Entr\u00e9e :<\/strong> 3\u20ac \/ 2\u20ac<\/p>\n<p><a href=\"https:\/\/visittossa.com\/fr\/patrimoine-culturel\/art-et-culture\/musee-municipale\/\" target=\"_blank\" rel=\"noopener\"><strong>Davantage d&#8217;information<\/strong><\/a><\/p>\n<p>&nbsp;<\/p>\n<\/div><\/div><\/div>\t<\/div>\r\n<\/article>\r\n<\/div><div class=\"w-grid-preloader\"><div class=\"g-preloader type_1\">\r\n\t<div><\/div>\r\n<\/div>\r\n<\/div>\t<div class=\"w-grid-json hidden\" onclick='return {&quot;action&quot;:&quot;us_ajax_grid&quot;,&quot;ajax_url&quot;:&quot;https:\\\/\\\/visittossa.com\\\/wp-admin\\\/admin-ajax.php&quot;,&quot;infinite_scroll&quot;:0,&quot;max_num_pages&quot;:1,&quot;pagination&quot;:&quot;regular&quot;,&quot;permalink_url&quot;:&quot;https:\\\/\\\/visittossa.com\\\/fr\\\/wp-json\\\/wp\\\/v2\\\/pages\\\/5611\\\/&quot;,&quot;template_vars&quot;:{&quot;columns&quot;:&quot;1&quot;,&quot;exclude_items&quot;:&quot;none&quot;,&quot;img_size&quot;:&quot;default&quot;,&quot;ignore_items_size&quot;:false,&quot;items_layout&quot;:&quot;1510&quot;,&quot;items_offset&quot;:&quot;1&quot;,&quot;overriding_link&quot;:&quot;none&quot;,&quot;post_id&quot;:5611,&quot;query_args&quot;:{&quot;post_type&quot;:[&quot;agenda_mensual&quot;],&quot;post_status&quot;:[&quot;publish&quot;],&quot;orderby&quot;:{&quot;menu_order&quot;:&quot;ASC&quot;},&quot;posts_per_page&quot;:999},&quot;type&quot;:&quot;grid&quot;,&quot;us_grid_ajax_index&quot;:1,&quot;us_grid_filter_params&quot;:null,&quot;us_grid_index&quot;:1,&quot;_us_grid_post_type&quot;:&quot;agenda_mensual&quot;,&quot;lang&quot;:&quot;fr&quot;}}'><\/div>\r\n<\/div><\/div><\/div><\/div><\/div><\/div><\/section>\n","protected":false},"excerpt":{"rendered":"Occupe l'ancienne demeure du\u00a0batlle de sac, c'est-\u00e0-dire le gouverneur, et conserve une importante collection d'art et une grande partie des pi\u00e8ces arch\u00e9ologiques de la villa romaine d'els Ametllers. Place : Pla\u00e7a Roig i Soler, 1 (\u00e0 la Vieille Ville) Info horaire:\u00a0 \u00a0 \u00a0FERMETURE temporaire pour travaux d'entretien. Tel. +34 972 340 709 Entr\u00e9e : 3\u20ac...","protected":false},"author":1,"featured_media":0,"parent":5575,"menu_order":0,"comment_status":"closed","ping_status":"closed","template":"","meta":{"_monsterinsights_skip_tracking":false,"footnotes":""},"class_list":["post-5611","page","type-page","status-publish","hentry"],"_links":{"self":[{"href":"https:\/\/visittossa.com\/fr\/wp-json\/wp\/v2\/pages\/5611","targetHints":{"allow":["GET"]}}],"collection":[{"href":"https:\/\/visittossa.com\/fr\/wp-json\/wp\/v2\/pages"}],"about":[{"href":"https:\/\/visittossa.com\/fr\/wp-json\/wp\/v2\/types\/page"}],"author":[{"embeddable":true,"href":"https:\/\/visittossa.com\/fr\/wp-json\/wp\/v2\/users\/1"}],"replies":[{"embeddable":true,"href":"https:\/\/visittossa.com\/fr\/wp-json\/wp\/v2\/comments?post=5611"}],"version-history":[{"count":9,"href":"https:\/\/visittossa.com\/fr\/wp-json\/wp\/v2\/pages\/5611\/revisions"}],"predecessor-version":[{"id":11443,"href":"https:\/\/visittossa.com\/fr\/wp-json\/wp\/v2\/pages\/5611\/revisions\/11443"}],"up":[{"embeddable":true,"href":"https:\/\/visittossa.com\/fr\/wp-json\/wp\/v2\/pages\/5575"}],"wp:attachment":[{"href":"https:\/\/visittossa.com\/fr\/wp-json\/wp\/v2\/media?parent=5611"}],"curies":[{"name":"wp","href":"https:\/\/api.w.org\/{rel}","templated":true}]}}