{"id":5611,"date":"2021-12-10T10:31:48","date_gmt":"2021-12-10T10:31:48","guid":{"rendered":"https:\/\/visittossa.com\/agenda\/agenda-mensual\/"},"modified":"2022-09-23T11:36:58","modified_gmt":"2022-09-23T11:36:58","slug":"programme-mensuel","status":"publish","type":"page","link":"https:\/\/visittossa.com\/fr\/agenda\/programme-mensuel\/","title":{"rendered":"Activit\u00e9s du mois"},"content":{"rendered":"<section class=\"l-section wpb_row height_large width_full tossaHd with_img\" id=\"hdMd\"><div class=\"l-section-img\" style=\"background-image: url(https:\/\/visittossa.com\/wp-content\/uploads\/2022\/03\/AGENDA-TOSSA-DE-MAR.jpg);background-repeat: no-repeat;\" data-img-width=\"1400\" data-img-height=\"800\"><\/div><div class=\"l-section-h i-cf\"><div class=\"g-cols vc_row type_default valign_middle\"><div class=\"vc_col-sm-12 wpb_column vc_column_container\"><div class=\"vc_column-inner\"><div class=\"wpb_wrapper\"><\/div><\/div><\/div><\/div><\/div><\/section><section class=\"l-section wpb_row height_medium\" id=\"introTxt\"><div class=\"l-section-h i-cf\"><div class=\"g-cols vc_row type_default valign_top\"><div class=\"vc_col-sm-12 wpb_column vc_column_container\"><div class=\"vc_column-inner\"><div class=\"wpb_wrapper\"><div class=\"wpb_text_column ttlMd\" ><div class=\"wpb_wrapper\"><h2 style=\"text-align: center;\">Activit\u00e9s du mois<\/h2>\n<\/div><\/div><\/div><\/div><\/div><\/div><\/div><\/section><section class=\"l-section wpb_row height_medium\" id=\"agendaMd\"><div class=\"l-section-h i-cf\"><div class=\"g-cols vc_row type_default valign_top\"><div class=\"vc_col-sm-12 wpb_column vc_column_container\"><div class=\"vc_column-inner\"><div class=\"wpb_wrapper\"><div class=\"w-grid type_grid layout_1510 with_pagination\" id=\"us_grid_1\" data-grid-filter=\"true\"><style id=\"us_grid_1_css\">#us_grid_1 .w-grid-item:not(:last-child){margin-bottom:1.5rem}#us_grid_1 .g-loadmore{margin-top:1.5rem}<\/style><style>.layout_1510 .w-grid-item-h{}.layout_1510 .usg_post_image_1{width:30%!important;margin-right:5%!important}.layout_1510 .usg_post_title_1{font-weight:600!important;text-transform:uppercase!important;font-size:30px!important;margin-bottom:30px!important}<\/style><div class=\"w-grid-list\" ><article class=\"w-grid-item size_1x1 post-18222 agenda_mensual type-agenda_mensual status-publish has-post-thumbnail hentry\" data-id=\"18222\">\r\n\t<div class=\"w-grid-item-h\">\r\n\t\t\t\t<div class=\"w-hwrapper usg_hwrapper_1 align_left valign_top\"><div class=\"w-post-elm post_image usg_post_image_1 has_width stretched\"><a href=\"https:\/\/visittossa.com\/wp-content\/uploads\/2026\/03\/Cartell-BACALLA-2026_page-0001-scaled.jpg\" ref=\"magnificPopup\" aria-label=\"Campagne gastronomique: La cuisine de la morue\"><img loading=\"lazy\" decoding=\"async\" width=\"1838\" height=\"2560\" src=\"https:\/\/visittossa.com\/wp-content\/uploads\/2026\/03\/Cartell-BACALLA-2026_page-0001-scaled.jpg\" class=\"attachment-full size-full wp-post-image\" alt=\"\" srcset=\"https:\/\/visittossa.com\/wp-content\/uploads\/2026\/03\/Cartell-BACALLA-2026_page-0001-scaled.jpg 1838w, https:\/\/visittossa.com\/wp-content\/uploads\/2026\/03\/Cartell-BACALLA-2026_page-0001-215x300.jpg 215w, https:\/\/visittossa.com\/wp-content\/uploads\/2026\/03\/Cartell-BACALLA-2026_page-0001-735x1024.jpg 735w\" sizes=\"auto, (max-width: 1838px) 100vw, 1838px\" \/><\/a><\/div><div class=\"w-vwrapper usg_vwrapper_1 align_left valign_top\"><h2 class=\"w-post-elm post_title usg_post_title_1 entry-title color_link_inherit\">Campagne gastronomique: La cuisine de la morue<\/h2><div class=\"w-post-elm post_content usg_post_content_1\"><p><strong>Dates:\u00a0<\/strong>07\/04\/26 \u2013 03\/05\/26<\/p>\n<p>Campagne gastronomique avec la participation des restaurants sp\u00e9cialis\u00e9s en cuisine traditionelle de Tossa.<\/p>\n<p>Cliquez <a href=\"https:\/\/visittossa.com\/wp-content\/uploads\/2026\/04\/La-cuina-del-bacalla-2026.pdf\" target=\"_blank\" rel=\"noopener\"><b>ici <\/b><\/a>pour plus d&#8217;informations.<\/p>\n<\/div><\/div><\/div>\t<\/div>\r\n<\/article>\r\n<article class=\"w-grid-item size_1x1 post-18293 agenda_mensual type-agenda_mensual status-publish has-post-thumbnail hentry\" data-id=\"18293\">\r\n\t<div class=\"w-grid-item-h\">\r\n\t\t\t\t<div class=\"w-hwrapper usg_hwrapper_1 align_left valign_top\"><div class=\"w-post-elm post_image usg_post_image_1 has_width stretched\"><a href=\"https:\/\/visittossa.com\/wp-content\/uploads\/2026\/04\/269918f6-3c49-4c75-8622-4af7dffc3aad.jpg\" ref=\"magnificPopup\" aria-label=\"F\u00eate de la Sainte Croix\"><img loading=\"lazy\" decoding=\"async\" width=\"1101\" height=\"1600\" src=\"https:\/\/visittossa.com\/wp-content\/uploads\/2026\/04\/269918f6-3c49-4c75-8622-4af7dffc3aad.jpg\" class=\"attachment-full size-full wp-post-image\" alt=\"\" srcset=\"https:\/\/visittossa.com\/wp-content\/uploads\/2026\/04\/269918f6-3c49-4c75-8622-4af7dffc3aad.jpg 1101w, https:\/\/visittossa.com\/wp-content\/uploads\/2026\/04\/269918f6-3c49-4c75-8622-4af7dffc3aad-206x300.jpg 206w, https:\/\/visittossa.com\/wp-content\/uploads\/2026\/04\/269918f6-3c49-4c75-8622-4af7dffc3aad-705x1024.jpg 705w\" sizes=\"auto, (max-width: 1101px) 100vw, 1101px\" \/><\/a><\/div><div class=\"w-vwrapper usg_vwrapper_1 align_left valign_top\"><h2 class=\"w-post-elm post_title usg_post_title_1 entry-title color_link_inherit\">F\u00eate de la Sainte Croix<\/h2><div class=\"w-post-elm post_content usg_post_content_1\"><p><strong>Date:<\/strong>\u00a001\/05\/26, jeudi<\/p>\n<ul>\n<li><strong>12:00 h<\/strong> \u2013 \u00c9glise parrossiale: Messe avec la <strong>Cobla La Genisenca. <\/strong>Ensuite, procession<\/li>\n<li><strong>13:00 h<\/strong> \u2013 Pla\u00e7a d\u2019Armes (Vila Vella): Deux sardanes.<\/li>\n<li><strong>18:00 h<\/strong> \u2013 Pla\u00e7a d\u2019Armes (Vila Vella) : Sardanes.<\/li>\n<\/ul>\n<p><strong>\u00a0 \u00a0\u00a0<\/strong><\/p>\n<\/div><\/div><\/div>\t<\/div>\r\n<\/article>\r\n<article class=\"w-grid-item size_1x1 post-18204 agenda_mensual type-agenda_mensual status-publish has-post-thumbnail hentry\" data-id=\"18204\">\r\n\t<div class=\"w-grid-item-h\">\r\n\t\t\t\t<div class=\"w-hwrapper usg_hwrapper_1 align_left valign_top\"><div class=\"w-post-elm post_image usg_post_image_1 has_width stretched\"><a href=\"https:\/\/visittossa.com\/wp-content\/uploads\/2021\/10\/Sa-Roqueta-thumb.jpg\" ref=\"magnificPopup\" aria-label=\"Chasse au tr\u00e9sor &#8220;La bo\u00eete de Pandora&#8221;\"><img loading=\"lazy\" decoding=\"async\" width=\"2048\" height=\"1365\" src=\"https:\/\/visittossa.com\/wp-content\/uploads\/2021\/10\/Sa-Roqueta-thumb.jpg\" class=\"attachment-full size-full wp-post-image\" alt=\"\" srcset=\"https:\/\/visittossa.com\/wp-content\/uploads\/2021\/10\/Sa-Roqueta-thumb.jpg 2048w, https:\/\/visittossa.com\/wp-content\/uploads\/2021\/10\/Sa-Roqueta-thumb-300x200.jpg 300w, https:\/\/visittossa.com\/wp-content\/uploads\/2021\/10\/Sa-Roqueta-thumb-1024x683.jpg 1024w\" sizes=\"auto, (max-width: 2048px) 100vw, 2048px\" \/><\/a><\/div><div class=\"w-vwrapper usg_vwrapper_1 align_left valign_top\"><h2 class=\"w-post-elm post_title usg_post_title_1 entry-title color_link_inherit\">Chasse au tr\u00e9sor &#8220;La bo\u00eete de Pandora&#8221;<\/h2><div class=\"w-post-elm post_content usg_post_content_1\"><p><strong>Dates:<\/strong>\u00a0 <strong><span style=\"color: #008000;\">03\/05<\/span><\/strong>, 13\/09, 11\/10,\u00a0 (dimanche)\u00a0 <strong>Heure:<\/strong>\u00a0 10:30 h<\/p>\n<p><strong>\u00a0Lieu<\/strong>: Office de Tourisme (Av. del Pelegr\u00ed, 25)\u00a0 \u00a0 \u00a0 <strong>Prix: 5\u20ac <\/strong>(adult)\u00a0<strong>\/ 3\u20ac\u00a0<\/strong>(6 -18 ans)<\/p>\n<p>Un jeu d&#8217;\u00e9nigmes interactif et familial qui emm\u00e8nera les familles \u00e0 la d\u00e9couverte du patrimoine du centre historique de la ville.<\/p>\n<p>Activit\u00e9 recommand\u00e9e aux enfants \u00e0 partir de 6 ans, toujours accompagn\u00e9s d\u2019un adulte.<\/p>\n<ul>\n<li><strong>N&#8217;oubliez pas votre t\u00e9l\u00e9phone portable ou votre tablette.<\/strong><\/li>\n<li>Billets en vente sur<a href=\"https:\/\/www.entrapolis.com\/entradas\/chasse-au-tresor-la-boite-de-pandora\" target=\"_blank\" rel=\"noopener\"><strong> www.entrapolis.com\u00a0\u00a0<\/strong><\/a><\/li>\n<\/ul>\n<\/div><\/div><\/div>\t<\/div>\r\n<\/article>\r\n<article class=\"w-grid-item size_1x1 post-18191 agenda_mensual type-agenda_mensual status-publish has-post-thumbnail hentry categories_agenda-destacados-fr\" data-id=\"18191\">\r\n\t<div class=\"w-grid-item-h\">\r\n\t\t\t\t<div class=\"w-hwrapper usg_hwrapper_1 align_left valign_top\"><div class=\"w-post-elm post_image usg_post_image_1 has_width stretched\"><a href=\"https:\/\/visittossa.com\/wp-content\/uploads\/2022\/08\/Vila-Vella-Platja-Gran-Tossa-de-Mar-scaled.jpg\" ref=\"magnificPopup\" aria-label=\"Visite guid\u00e9e \u00e0 pied au centre historique\"><img loading=\"lazy\" decoding=\"async\" width=\"2560\" height=\"1920\" src=\"https:\/\/visittossa.com\/wp-content\/uploads\/2022\/08\/Vila-Vella-Platja-Gran-Tossa-de-Mar-scaled.jpg\" class=\"attachment-full size-full wp-post-image\" alt=\"\" srcset=\"https:\/\/visittossa.com\/wp-content\/uploads\/2022\/08\/Vila-Vella-Platja-Gran-Tossa-de-Mar-scaled.jpg 2560w, https:\/\/visittossa.com\/wp-content\/uploads\/2022\/08\/Vila-Vella-Platja-Gran-Tossa-de-Mar-300x225.jpg 300w, https:\/\/visittossa.com\/wp-content\/uploads\/2022\/08\/Vila-Vella-Platja-Gran-Tossa-de-Mar-1024x768.jpg 1024w\" sizes=\"auto, (max-width: 2560px) 100vw, 2560px\" \/><\/a><\/div><div class=\"w-vwrapper usg_vwrapper_1 align_left valign_top\"><h2 class=\"w-post-elm post_title usg_post_title_1 entry-title color_link_inherit\">Visite guid\u00e9e \u00e0 pied au centre historique<\/h2><div class=\"w-post-elm post_content usg_post_content_1\"><p><strong>Dates:\u00a0<span style=\"color: #008000;\">09\/05<\/span><\/strong>, 17\/10\u00a0 (samedi)\u00a0 <strong>Point de rencontre:<\/strong>\u00a0 Office de Tourisme (Av. del Pelegr\u00ed, 25). \u00a0 \u00a0 \u00a0 \u00a0 <strong>Horaire:<\/strong> 10:30 h\u00a0 \u00a0 <strong>Prix:<\/strong>\u00a07\u20ac (adultes) \/ 5\u20ac (enfants de 7-13 ans et retrait\u00e9s). Capacit\u00e9 limit\u00e9e.<\/p>\n<p>&nbsp;<\/p>\n<p>Nous vous proposons de faire une visite en fran\u00e7ais pour d\u00e9couvrir l\u2019histoire et le patrimoine de la ville accompagn\u00e9 de l\u2019un de nos guides, \u00e0 la d\u00e9couverte des coins les plus embl\u00e9matiques de Tossa de Mar.<\/p>\n<p>Pour acheter des bitllets: <a href=\"https:\/\/www.entrapolis.com\/entradas\/visite-guidee-du-centre-historique-de-tossa-de-mar-oficina-de-turisme\" target=\"_blank\" rel=\"noopener\"><strong>www.entrapolis.com<\/strong><\/a><\/p>\n<p>Une fois achet\u00e9, le billet ne sera modifi\u00e9 ou rembours\u00e9 que s\u2019il est annul\u00e9 jusqu\u2019\u00e0 24 heures avant le d\u00e9but de la visite guid\u00e9e et uniquement en cas d\u2019impossibilit\u00e9 de participation pour cause de force majeure justifi\u00e9e.<\/p>\n<\/div><\/div><\/div>\t<\/div>\r\n<\/article>\r\n<article class=\"w-grid-item size_1x1 post-18295 agenda_mensual type-agenda_mensual status-publish has-post-thumbnail hentry\" data-id=\"18295\">\r\n\t<div class=\"w-grid-item-h\">\r\n\t\t\t\t<div class=\"w-hwrapper usg_hwrapper_1 align_left valign_top\"><div class=\"w-post-elm post_image usg_post_image_1 has_width stretched\"><a href=\"https:\/\/visittossa.com\/wp-content\/uploads\/2026\/04\/Runfestival-Tossa-de-Mar-2026.png\" ref=\"magnificPopup\" aria-label=\"Runfestival de  Tossade Mar\"><img loading=\"lazy\" decoding=\"async\" width=\"1168\" height=\"1676\" src=\"https:\/\/visittossa.com\/wp-content\/uploads\/2026\/04\/Runfestival-Tossa-de-Mar-2026.png\" class=\"attachment-full size-full wp-post-image\" alt=\"Runfestival Tossa de Mar 2026\" srcset=\"https:\/\/visittossa.com\/wp-content\/uploads\/2026\/04\/Runfestival-Tossa-de-Mar-2026.png 1168w, https:\/\/visittossa.com\/wp-content\/uploads\/2026\/04\/Runfestival-Tossa-de-Mar-2026-209x300.png 209w, https:\/\/visittossa.com\/wp-content\/uploads\/2026\/04\/Runfestival-Tossa-de-Mar-2026-714x1024.png 714w\" sizes=\"auto, (max-width: 1168px) 100vw, 1168px\" \/><\/a><\/div><div class=\"w-vwrapper usg_vwrapper_1 align_left valign_top\"><h2 class=\"w-post-elm post_title usg_post_title_1 entry-title color_link_inherit\">Runfestival de  Tossade Mar<\/h2><div class=\"w-post-elm post_content usg_post_content_1\"><p><strong>Date:\u00a0<\/strong>17\/05\/2026, dimanche.<\/p>\n<p>Diff\u00e9rentes modalit\u00e9s et distances de courses \u00e0 pied pour profiter d\u2019un paysage incomparable.<\/p>\n<p>17\u00e8me. Semi-marathon \u2013 (5K \u2013 10K \u2013 21K) &amp; Trail (8K \u2013 17K).<\/p>\n<p>Information et inscripcions\u00a0<strong><span class=\"marker\"><a href=\"https:\/\/runfestivaltossa.com\/\">ici<\/a><\/span><\/strong><\/p>\n<\/div><\/div><\/div>\t<\/div>\r\n<\/article>\r\n<article class=\"w-grid-item size_1x1 post-18301 agenda_mensual type-agenda_mensual status-publish has-post-thumbnail hentry\" data-id=\"18301\">\r\n\t<div class=\"w-grid-item-h\">\r\n\t\t\t\t<div class=\"w-hwrapper usg_hwrapper_1 align_left valign_top\"><div class=\"w-post-elm post_image usg_post_image_1 has_width stretched\"><a href=\"https:\/\/visittossa.com\/wp-content\/uploads\/2022\/04\/image00004-scaled.jpeg\" ref=\"magnificPopup\" aria-label=\"Sagrava\"><img loading=\"lazy\" decoding=\"async\" width=\"2560\" height=\"1920\" src=\"https:\/\/visittossa.com\/wp-content\/uploads\/2022\/04\/image00004-scaled.jpeg\" class=\"attachment-full size-full wp-post-image\" alt=\"Tossa bicicleta monta\u00f1a\" srcset=\"https:\/\/visittossa.com\/wp-content\/uploads\/2022\/04\/image00004-scaled.jpeg 2560w, https:\/\/visittossa.com\/wp-content\/uploads\/2022\/04\/image00004-300x225.jpeg 300w, https:\/\/visittossa.com\/wp-content\/uploads\/2022\/04\/image00004-1024x768.jpeg 1024w\" sizes=\"auto, (max-width: 2560px) 100vw, 2560px\" \/><\/a><\/div><div class=\"w-vwrapper usg_vwrapper_1 align_left valign_top\"><h2 class=\"w-post-elm post_title usg_post_title_1 entry-title color_link_inherit\">Sagrava<\/h2><div class=\"w-post-elm post_content usg_post_content_1\"><p><strong>Date:<\/strong>\u00a023\/05\/26, samedi<\/p>\n<p><span class=\"lookup-word\" data-slate-leaf=\"true\"><span data-slate-string=\"true\">Des<\/span><\/span>\u00a0<span class=\"lookup-word\" data-slate-leaf=\"true\"><span data-slate-string=\"true\">itin\u00e9raires<\/span><\/span>\u00a0<span class=\"lookup-word\" data-slate-leaf=\"true\"><span data-slate-string=\"true\">cyclables<\/span><\/span>\u00a0<span class=\"lookup-word\" data-slate-leaf=\"true\"><span data-slate-string=\"true\">qui<\/span><\/span>\u00a0<span class=\"lookup-word\" data-slate-leaf=\"true\"><span data-slate-string=\"true\">traversent<\/span><\/span>\u00a0<span class=\"lookup-word\" data-slate-leaf=\"true\"><span data-slate-string=\"true\">des<\/span><\/span>\u00a0<span class=\"lookup-word\" data-slate-leaf=\"true\"><span data-slate-string=\"true\">endroits<\/span><\/span>\u00a0<span class=\"lookup-word\" data-slate-leaf=\"true\"><span data-slate-string=\"true\">avec<\/span><\/span>\u00a0<span class=\"lookup-word\" data-slate-leaf=\"true\"><span data-slate-string=\"true\">vue<\/span><\/span>\u00a0<span class=\"lookup-word\" data-slate-leaf=\"true\"><span data-slate-string=\"true\">sur<\/span><\/span>\u00a0<span class=\"lookup-word\" data-slate-leaf=\"true\"><span data-slate-string=\"true\">la<\/span><\/span>\u00a0<span class=\"lookup-word\" data-slate-leaf=\"true\"><span data-slate-string=\"true\">mer<\/span><\/span>\u00a0<span class=\"lookup-word\" data-slate-leaf=\"true\"><span data-slate-string=\"true\">M\u00e9diterran\u00e9e<\/span><\/span><span data-slate-leaf=\"true\">,\u00a0<\/span><span class=\"lookup-word\" data-slate-leaf=\"true\"><span data-slate-string=\"true\">les<\/span><\/span>\u00a0<span class=\"lookup-word\" data-slate-leaf=\"true\"><span data-slate-string=\"true\">Gavarres<\/span><\/span>\u00a0<span class=\"lookup-word\" data-slate-leaf=\"true\"><span data-slate-string=\"true\">et<\/span><\/span>\u00a0<span class=\"lookup-word\" data-slate-leaf=\"true\"><span data-slate-string=\"true\">les<\/span><\/span>\u00a0<span class=\"lookup-word\" data-slate-leaf=\"true\"><span data-slate-string=\"true\">meilleures<\/span><\/span>\u00a0<span class=\"lookup-word\" data-slate-leaf=\"true\"><span data-slate-string=\"true\">pistes<\/span><\/span>\u00a0<span class=\"lookup-word\" data-slate-leaf=\"true\"><span data-slate-string=\"true\">de<\/span><\/span>\u00a0<span class=\"lookup-word\" data-slate-leaf=\"true\"><span data-slate-string=\"true\">la<\/span><\/span>\u00a0<span class=\"lookup-word\" data-slate-leaf=\"true\"><span data-slate-string=\"true\">r\u00e9gion<\/span><\/span>\u00a0<span class=\"lookup-word\" data-slate-leaf=\"true\"><span data-slate-string=\"true\">de<\/span><\/span>\u00a0<span class=\"lookup-word\" data-slate-leaf=\"true\"><span data-slate-string=\"true\">La<\/span><\/span>\u00a0<span class=\"lookup-word\" data-slate-leaf=\"true\"><span data-slate-string=\"true\">Selva<\/span><\/span><span data-slate-leaf=\"true\">.<\/span><br \/>\n<span data-slate-string=\"true\">Distances<\/span><span data-slate-leaf=\"true\">\u00a0:\u00a0<strong>58\u00a0<\/strong><\/span><strong><span class=\"lookup-word\" data-slate-leaf=\"true\">Km<\/span><\/strong><span data-slate-leaf=\"true\">\u00a0950+,\u00a0<strong>98\u00a0<\/strong><\/span><strong><span class=\"lookup-word\" data-slate-leaf=\"true\">Km<\/span><\/strong><span data-slate-leaf=\"true\">\u00a01100+,\u00a0<strong>144\u00a0<\/strong><\/span><strong><span class=\"lookup-word\" data-slate-leaf=\"true\">Km<\/span><\/strong><span data-slate-leaf=\"true\" data-slate-fragment=\"JTVCJTdCJTIydHlwZSUyMiUzQSUyMnBhcmFncmFwaCUyMiUyQyUyMmNoaWxkcmVuJTIyJTNBJTVCJTdCJTIydGV4dCUyMiUzQSUyMkRlcyUyMGl0aW4lQzMlQTlyYWlyZXMlMjBjeWNsYWJsZXMlMjBxdWklMjB0cmF2ZXJzZW50JTIwZGVzJTIwZW5kcm9pdHMlMjBhdmVjJTIwdnVlJTIwc3VyJTIwbGElMjBtZXIlMjBNJUMzJUE5ZGl0ZXJyYW4lQzMlQTllJTJDJTIwbGVzJTIwR2F2YXJyZXMlMjBldCUyMGxlcyUyMG1laWxsZXVyZXMlMjBwaXN0ZXMlMjBkZSUyMGxhJTIwciVDMyVBOWdpb24lMjBkZSUyMExhJTIwU2VsdmEuJTIwRGlzdGFuY2VzJUMyJUEwJTNBJTIwNjAlMjBLbSUyMDk1MCUyQiUyQyUyMDk4JTIwS20lMjAxMTAwJTJCJTJDJTIwMTUwJTIwS20lMjAyNzAwJTJCJTIyJTdEJTVEJTdEJTVE\">\u00a02700+<\/span><\/p>\n<p>Avec un d\u00e9part et une arriv\u00e9e \u00e0 Tossa de Mar, elle deviendra une r\u00e9f\u00e9rence pour tous ceux qui veulent profiter d\u2019un environnement unique.<\/p>\n<p>Plus de renseignements<strong>\u00a0<a href=\"https:\/\/www.sagrava.com\/\" target=\"_blank\" rel=\"noopener\">ici<\/a><\/strong><\/p>\n<\/div><\/div><\/div>\t<\/div>\r\n<\/article>\r\n<article class=\"w-grid-item size_1x1 post-9938 agenda_mensual type-agenda_mensual status-publish has-post-thumbnail hentry\" data-id=\"9938\">\r\n\t<div class=\"w-grid-item-h\">\r\n\t\t\t\t<div class=\"w-hwrapper usg_hwrapper_1 align_left valign_top\"><div class=\"w-post-elm post_image usg_post_image_1 has_width stretched\"><a href=\"https:\/\/visittossa.com\/wp-content\/uploads\/2022\/08\/Museu-de-la-Dona-de-Tossa-Premsa.jpg\" ref=\"magnificPopup\" aria-label=\"Mus\u00e9e de la Femme\"><img loading=\"lazy\" decoding=\"async\" width=\"960\" height=\"720\" src=\"https:\/\/visittossa.com\/wp-content\/uploads\/2022\/08\/Museu-de-la-Dona-de-Tossa-Premsa.jpg\" class=\"attachment-full size-full wp-post-image\" alt=\"\" srcset=\"https:\/\/visittossa.com\/wp-content\/uploads\/2022\/08\/Museu-de-la-Dona-de-Tossa-Premsa.jpg 960w, https:\/\/visittossa.com\/wp-content\/uploads\/2022\/08\/Museu-de-la-Dona-de-Tossa-Premsa-300x225.jpg 300w\" sizes=\"auto, (max-width: 960px) 100vw, 960px\" \/><\/a><\/div><div class=\"w-vwrapper usg_vwrapper_1 align_left valign_top\"><h2 class=\"w-post-elm post_title usg_post_title_1 entry-title color_link_inherit\">Mus\u00e9e de la Femme<\/h2><div class=\"w-post-elm post_content usg_post_content_1\"><p><span id=\"[0,2]\" class=\"word\">Le<\/span> <span id=\"[3,8]\" class=\"word\">Mus\u00e9e<\/span> <span id=\"[9,12]\" class=\"word\">de la <\/span>\u00a0<span id=\"[13,19]\" class=\"word\">Femme<\/span>\u00a0<span id=\"[20,21]\" class=\"word\">a<\/span> <span id=\"[22,25]\" class=\"word\">\u00e9t\u00e9<\/span> <span id=\"[26,32]\" class=\"word\">ouvert<\/span> <span id=\"[33,35]\" class=\"word\">en<\/span> <span id=\"[36,39]\" class=\"word\">202<\/span>0 <span id=\"[41,45]\" class=\"word\">avec<\/span> <span id=\"[46,57]\" class=\"word\">l\u2019intention<\/span> <span id=\"[58,60]\" class=\"word\">de<\/span> <span id=\"[61,68]\" class=\"word\">recr\u00e9er<\/span> <span id=\"[69,71]\" class=\"word\">et<\/span> <span id=\"[72,83]\" class=\"word\">d\u2019expliquer<\/span> <span id=\"[84,86]\" class=\"word\">la<\/span> <span id=\"[87,90]\" class=\"word\">vie<\/span> <span id=\"[91,93]\" class=\"word\">de<\/span> <span id=\"[94,99]\" class=\"word\">Tossa<\/span> <span id=\"[100,105]\" class=\"word\">avant<\/span> <span id=\"[106,108]\" class=\"word\">le<\/span> <span id=\"[109,114]\" class=\"word\">d\u00e9but<\/span> <span id=\"[115,117]\" class=\"word\">du<\/span> <span id=\"[118,126]\" class=\"word\">tourisme<\/span> <span id=\"[127,129]\" class=\"word\">et<\/span> <span id=\"[130,132]\" class=\"word\">sa<\/span> <span id=\"[133,147]\" class=\"word\">transformation<\/span>, <span id=\"[149,157]\" class=\"word\">toujours<\/span> <span id=\"[158,159]\" class=\"word\">\u00e0<\/span> <span id=\"[160,166]\" class=\"word\">partir<\/span> <span id=\"[167,169]\" class=\"word\">de<\/span> <span id=\"[170,172]\" class=\"word\">la<\/span> <span id=\"[173,178]\" class=\"word\">place<\/span> <span id=\"[179,186]\" class=\"word\">occup\u00e9e<\/span> <span id=\"[187,190]\" class=\"word\">par<\/span> <span id=\"[191,194]\" class=\"word\">les<\/span> <span id=\"[195,201]\" class=\"word\">femmes<\/span>. Le b\u00e2timent o\u00f9 se trouve le mus\u00e9e est un bel exemple de mas fortifi\u00e9 du XVI\u00e8me si\u00e8cle.<\/p>\n<p><b>Place:\u00a0 <\/b>C\/ Codolar, 4<\/p>\n<p><strong>Info. horaire:<\/strong><\/p>\n<p>JEUDI et VENDREDI: 16:00 \u2013 19:00 h<br \/>\nSAMEDI et DIMANCHE: 10:00 \u2013 14:00 \/ 16:00 \u2013 19:00 h<\/p>\n<p>&nbsp;<\/p>\n<p><strong>Tel.<\/strong> +34 972 964 633<\/p>\n<p><strong>Entr\u00e9e<\/strong>: 2\u20ac \/ 1\u20ac.<\/p>\n<p><strong><a href=\"https:\/\/visittossa.com\/fr\/patrimoine-culturel\/art-et-culture\/musee-de-la-femme\/\" target=\"_blank\" rel=\"noopener\">Davantage d&#8217;information<\/a>s<\/strong><\/p>\n<p>&nbsp;<\/p>\n<\/div><\/div><\/div>\t<\/div>\r\n<\/article>\r\n<article class=\"w-grid-item size_1x1 post-9936 agenda_mensual type-agenda_mensual status-publish has-post-thumbnail hentry\" data-id=\"9936\">\r\n\t<div class=\"w-grid-item-h\">\r\n\t\t\t\t<div class=\"w-hwrapper usg_hwrapper_1 align_left valign_top\"><div class=\"w-post-elm post_image usg_post_image_1 has_width stretched\"><a href=\"https:\/\/visittossa.com\/wp-content\/uploads\/2022\/08\/far-tossa2_-Tossa-de-Mar-web-facana-carrer.jpg\" ref=\"magnificPopup\" aria-label=\"Mus\u00e9e du Phare\"><img loading=\"lazy\" decoding=\"async\" width=\"692\" height=\"450\" src=\"https:\/\/visittossa.com\/wp-content\/uploads\/2022\/08\/far-tossa2_-Tossa-de-Mar-web-facana-carrer.jpg\" class=\"attachment-full size-full wp-post-image\" alt=\"\" srcset=\"https:\/\/visittossa.com\/wp-content\/uploads\/2022\/08\/far-tossa2_-Tossa-de-Mar-web-facana-carrer.jpg 692w, https:\/\/visittossa.com\/wp-content\/uploads\/2022\/08\/far-tossa2_-Tossa-de-Mar-web-facana-carrer-300x195.jpg 300w\" sizes=\"auto, (max-width: 692px) 100vw, 692px\" \/><\/a><\/div><div class=\"w-vwrapper usg_vwrapper_1 align_left valign_top\"><h2 class=\"w-post-elm post_title usg_post_title_1 entry-title color_link_inherit\">Mus\u00e9e du Phare<\/h2><div class=\"w-post-elm post_content usg_post_content_1\"><p>Construit en 1917 sur le point culminant du Cap de Tossa, il abrite aujourd&#8217;hui le si\u00e8ge du nouveau mus\u00e9e du Phare de Tossa. Un si\u00e8cle de signalisation maritime sur la Costa Brava, un lieu de r\u00e9f\u00e9rence pour quiconque souhaite approfondir ses connaissances sur l&#8217;univers des phares.<\/p>\n<p><strong>Place:<\/strong> Passeig de Vila Vella<\/p>\n<p><strong>Info. horaire:<\/strong><\/p>\n<p>Lundi : FERM\u00c9<\/p>\n<p>Du mardi au samedi : 10:00h \u2013 14:00h \/ 15:00h \u2013 18:00h<\/p>\n<p>Dimanche : 10:00h \u2013 16:00h<\/p>\n<p><strong>Num\u00e9ro de t\u00e9l\u00e9phone:<\/strong> +34 972 343 359<\/p>\n<p><strong>Entr\u00e9e:<\/strong> 3 \u20ac \/ 1,50 \u20ac<\/p>\n<p><a href=\"https:\/\/visittossa.com\/fr\/patrimoine-culturel\/art-et-culture\/phare-de-tossa\/\" target=\"_blank\" rel=\"noopener\"><strong>Davantage d\u2019informations<\/strong><\/a><\/p>\n<p>&nbsp;<\/p>\n<p>&nbsp;<\/p>\n<\/div><\/div><\/div>\t<\/div>\r\n<\/article>\r\n<article class=\"w-grid-item size_1x1 post-9937 agenda_mensual type-agenda_mensual status-publish has-post-thumbnail hentry\" data-id=\"9937\">\r\n\t<div class=\"w-grid-item-h\">\r\n\t\t\t\t<div class=\"w-hwrapper usg_hwrapper_1 align_left valign_top\"><div class=\"w-post-elm post_image usg_post_image_1 has_width stretched\"><a href=\"https:\/\/visittossa.com\/wp-content\/uploads\/2022\/08\/Facana-museu-scaled.jpg\" ref=\"magnificPopup\" aria-label=\"Mus\u00e9e Municipal\"><img loading=\"lazy\" decoding=\"async\" width=\"2560\" height=\"1707\" src=\"https:\/\/visittossa.com\/wp-content\/uploads\/2022\/08\/Facana-museu-scaled.jpg\" class=\"attachment-full size-full wp-post-image\" alt=\"\" srcset=\"https:\/\/visittossa.com\/wp-content\/uploads\/2022\/08\/Facana-museu-scaled.jpg 2560w, https:\/\/visittossa.com\/wp-content\/uploads\/2022\/08\/Facana-museu-300x200.jpg 300w, https:\/\/visittossa.com\/wp-content\/uploads\/2022\/08\/Facana-museu-1024x683.jpg 1024w\" sizes=\"auto, (max-width: 2560px) 100vw, 2560px\" \/><\/a><\/div><div class=\"w-vwrapper usg_vwrapper_1 align_left valign_top\"><h2 class=\"w-post-elm post_title usg_post_title_1 entry-title color_link_inherit\">Mus\u00e9e Municipal<\/h2><div class=\"w-post-elm post_content usg_post_content_1\"><p>Occupe l&#8217;ancienne demeure du\u00a0<em>batlle de sac<\/em>, c&#8217;est-\u00e0-dire le gouverneur, et conserve une importante collection d&#8217;art et une grande partie des pi\u00e8ces arch\u00e9ologiques de la villa romaine <em>d&#8217;els Ametllers<\/em>.<\/p>\n<p><strong>Place :<\/strong> Pla\u00e7a Roig i Soler, 1 (\u00e0 la Vieille Ville)<\/p>\n<p><strong>Info horaire:\u00a0 \u00a0 \u00a0FERMETURE temporaire pour travaux d&#8217;entretien.<\/strong><\/p>\n<p><strong>Tel.<\/strong> +34 972 340 709<\/p>\n<p><strong>Entr\u00e9e :<\/strong> 3\u20ac \/ 2\u20ac<\/p>\n<p><a href=\"https:\/\/visittossa.com\/fr\/patrimoine-culturel\/art-et-culture\/musee-municipale\/\" target=\"_blank\" rel=\"noopener\"><strong>Davantage d&#8217;information<\/strong><\/a><\/p>\n<p>&nbsp;<\/p>\n<\/div><\/div><\/div>\t<\/div>\r\n<\/article>\r\n<\/div><div class=\"w-grid-preloader\"><div class=\"g-preloader type_1\">\r\n\t<div><\/div>\r\n<\/div>\r\n<\/div>\t<div class=\"w-grid-json hidden\" onclick='return {&quot;action&quot;:&quot;us_ajax_grid&quot;,&quot;ajax_url&quot;:&quot;https:\\\/\\\/visittossa.com\\\/wp-admin\\\/admin-ajax.php&quot;,&quot;infinite_scroll&quot;:0,&quot;max_num_pages&quot;:1,&quot;pagination&quot;:&quot;regular&quot;,&quot;permalink_url&quot;:&quot;https:\\\/\\\/visittossa.com\\\/fr\\\/wp-json\\\/wp\\\/v2\\\/pages\\\/5611\\\/&quot;,&quot;template_vars&quot;:{&quot;columns&quot;:&quot;1&quot;,&quot;exclude_items&quot;:&quot;none&quot;,&quot;img_size&quot;:&quot;default&quot;,&quot;ignore_items_size&quot;:false,&quot;items_layout&quot;:&quot;1510&quot;,&quot;items_offset&quot;:&quot;1&quot;,&quot;overriding_link&quot;:&quot;none&quot;,&quot;post_id&quot;:5611,&quot;query_args&quot;:{&quot;post_type&quot;:[&quot;agenda_mensual&quot;],&quot;post_status&quot;:[&quot;publish&quot;],&quot;orderby&quot;:{&quot;menu_order&quot;:&quot;ASC&quot;},&quot;posts_per_page&quot;:999},&quot;type&quot;:&quot;grid&quot;,&quot;us_grid_ajax_index&quot;:1,&quot;us_grid_filter_params&quot;:null,&quot;us_grid_index&quot;:1,&quot;_us_grid_post_type&quot;:&quot;agenda_mensual&quot;,&quot;lang&quot;:&quot;fr&quot;}}'><\/div>\r\n<\/div><\/div><\/div><\/div><\/div><\/div><\/section>\n","protected":false},"excerpt":{"rendered":"Occupe l'ancienne demeure du\u00a0batlle de sac, c'est-\u00e0-dire le gouverneur, et conserve une importante collection d'art et une grande partie des pi\u00e8ces arch\u00e9ologiques de la villa romaine d'els Ametllers. Place : Pla\u00e7a Roig i Soler, 1 (\u00e0 la Vieille Ville) Info horaire:\u00a0 \u00a0 \u00a0FERMETURE temporaire pour travaux d'entretien. Tel. +34 972 340 709 Entr\u00e9e : 3\u20ac...","protected":false},"author":1,"featured_media":0,"parent":5575,"menu_order":0,"comment_status":"closed","ping_status":"closed","template":"","meta":{"_monsterinsights_skip_tracking":false,"_monsterinsights_sitenote_active":false,"_monsterinsights_sitenote_note":"","_monsterinsights_sitenote_category":0,"footnotes":""},"class_list":["post-5611","page","type-page","status-publish","hentry"],"_links":{"self":[{"href":"https:\/\/visittossa.com\/fr\/wp-json\/wp\/v2\/pages\/5611","targetHints":{"allow":["GET"]}}],"collection":[{"href":"https:\/\/visittossa.com\/fr\/wp-json\/wp\/v2\/pages"}],"about":[{"href":"https:\/\/visittossa.com\/fr\/wp-json\/wp\/v2\/types\/page"}],"author":[{"embeddable":true,"href":"https:\/\/visittossa.com\/fr\/wp-json\/wp\/v2\/users\/1"}],"replies":[{"embeddable":true,"href":"https:\/\/visittossa.com\/fr\/wp-json\/wp\/v2\/comments?post=5611"}],"version-history":[{"count":9,"href":"https:\/\/visittossa.com\/fr\/wp-json\/wp\/v2\/pages\/5611\/revisions"}],"predecessor-version":[{"id":11443,"href":"https:\/\/visittossa.com\/fr\/wp-json\/wp\/v2\/pages\/5611\/revisions\/11443"}],"up":[{"embeddable":true,"href":"https:\/\/visittossa.com\/fr\/wp-json\/wp\/v2\/pages\/5575"}],"wp:attachment":[{"href":"https:\/\/visittossa.com\/fr\/wp-json\/wp\/v2\/media?parent=5611"}],"curies":[{"name":"wp","href":"https:\/\/api.w.org\/{rel}","templated":true}]}}