{"id":5831,"date":"2021-03-16T15:03:22","date_gmt":"2021-03-16T15:03:22","guid":{"rendered":"https:\/\/visittossa.com\/experiencies_tossa\/enamorat\/"},"modified":"2022-09-14T09:09:47","modified_gmt":"2022-09-14T09:09:47","slug":"tombez-amoreux","status":"publish","type":"experiencias_tossa","link":"https:\/\/visittossa.com\/fr\/experiences\/tombez-amoreux\/","title":{"rendered":"TOMBEZ SOUS LE CHARME"},"content":{"rendered":"<section class=\"l-section wpb_row us_custom_e4f15ae7 height_large tossaHd\" id=\"hdMd\"><div class=\"l-section-h i-cf\"><div class=\"g-cols vc_row type_default valign_top\"><div class=\"vc_col-sm-12 wpb_column vc_column_container\"><div class=\"vc_column-inner\"><div class=\"wpb_wrapper\"><\/div><\/div><\/div><\/div><\/div><\/section><section class=\"l-section wpb_row height_medium txtArea\"><div class=\"l-section-h i-cf\"><div class=\"g-cols vc_row type_default valign_top\"><div class=\"vc_col-sm-12 wpb_column vc_column_container\"><div class=\"vc_column-inner\"><div class=\"wpb_wrapper\"><div class=\"wpb_text_column\" ><div class=\"wpb_wrapper\"><h3 style=\"text-align: center;\">Tombez sous le charme de Tossa et de ses secrets<\/h3>\n<\/div><\/div><div class=\"wpb_text_column txtMd\" ><div class=\"wpb_wrapper\"><p style=\"text-align: center;\">La typique carte postale du cap de Tossa, avec les murailles prot\u00e9geant la vieille ville historique, est l\u2019une des images les plus c\u00e9l\u00e8bres de la c\u00f4te catalane. C\u2019est une image pittoresque, \u00e0 l\u2019aspect marin et m\u00e9diterran\u00e9en, romantique et authentique.<\/p>\n<p style=\"text-align: center;\">Les criques et les plages calmes, les couleurs de l\u2019aube qui se refl\u00e8tent dans la mer, les falaises bordant la c\u00f4te et la nature \u00e0 l\u2019\u00e9tat pur\u2026 Un paysage impressionnant qui subjugue nos sens.<\/p>\n<p style=\"text-align: center;\">Tombez sous le charme de Tossa<\/p>\n<\/div><\/div><\/div><\/div><\/div><\/div><\/div><\/section><section class=\"l-section wpb_row height_auto width_full imgMd\"><div class=\"l-section-h i-cf\"><div class=\"g-cols vc_row type_default valign_top\"><div class=\"vc_col-sm-12 wpb_column vc_column_container\"><div class=\"vc_column-inner\"><div class=\"wpb_wrapper\"><div class=\"w-image align_center\"><div class=\"w-image-h\"><img loading=\"lazy\" decoding=\"async\" width=\"1900\" height=\"820\" src=\"https:\/\/visittossa.com\/wp-content\/uploads\/2021\/03\/Enamorat_1.jpg\" class=\"attachment-full size-full\" alt=\"\" srcset=\"https:\/\/visittossa.com\/wp-content\/uploads\/2021\/03\/Enamorat_1.jpg 1900w, https:\/\/visittossa.com\/wp-content\/uploads\/2021\/03\/Enamorat_1-300x129.jpg 300w, https:\/\/visittossa.com\/wp-content\/uploads\/2021\/03\/Enamorat_1-1024x442.jpg 1024w\" sizes=\"auto, (max-width: 1900px) 100vw, 1900px\" \/><\/div><\/div><\/div><\/div><\/div><\/div><\/div><\/section><section class=\"l-section wpb_row height_medium txtArea\"><div class=\"l-section-h i-cf\"><div class=\"g-cols vc_row type_default valign_top\"><div class=\"vc_col-sm-12 wpb_column vc_column_container\"><div class=\"vc_column-inner\"><div class=\"wpb_wrapper\"><div class=\"wpb_text_column tltMd\" ><div class=\"wpb_wrapper\"><h2 style=\"text-align: center;\">D\u00e9couvrez le glamour d\u2019un d\u00e9cor de cin\u00e9ma<\/h2>\n<\/div><\/div><div class=\"wpb_text_column txtMd\" ><div class=\"wpb_wrapper\"><p style=\"text-align: center;\">La beaut\u00e9 de ce lieu unique, source d\u2019inspiration d\u2019artistes et th\u00e9\u00e2tre de romans et de films d\u2019Hollywood, laisse un souvenir romantique aux visiteurs de Tossa de Mar.<\/p>\n<\/div><\/div><div class=\"wpb_text_column txtMd\" ><div class=\"wpb_wrapper\"><p style=\"text-align: center;\">Ce paysage a accueilli \u00ab le plus bel animal du monde \u00bb, une jeune Ava Gardner qui ne put \u00e9viter de faire l\u2019objet de nombreuses anecdotes et d\u2019imbroglios amoureux.<\/p>\n<p style=\"text-align: center;\">Venez d\u00e9couvrir les lieux ayant inspir\u00e9 peintres, \u00e9crivains et r\u00e9alisateurs, qui sont partout en ville, et que vous trouverez sans le vouloir, tant Tossa a \u00e9t\u00e9 peinte, sculpt\u00e9e et admir\u00e9e.<\/p>\n<\/div><\/div><\/div><\/div><\/div><\/div><\/div><\/section><section class=\"l-section wpb_row height_auto width_full imgMd\"><div class=\"l-section-h i-cf\"><div class=\"g-cols vc_row type_default valign_top\"><div class=\"vc_col-sm-12 wpb_column vc_column_container\"><div class=\"vc_column-inner\"><div class=\"wpb_wrapper\"><div class=\"w-image align_center\"><div class=\"w-image-h\"><img loading=\"lazy\" decoding=\"async\" width=\"1600\" height=\"700\" src=\"https:\/\/visittossa.com\/wp-content\/uploads\/2022\/02\/Una-vila-protegida-dels-pirates-1.jpg\" class=\"attachment-full size-full\" alt=\"\" srcset=\"https:\/\/visittossa.com\/wp-content\/uploads\/2022\/02\/Una-vila-protegida-dels-pirates-1.jpg 1600w, https:\/\/visittossa.com\/wp-content\/uploads\/2022\/02\/Una-vila-protegida-dels-pirates-1-300x131.jpg 300w, https:\/\/visittossa.com\/wp-content\/uploads\/2022\/02\/Una-vila-protegida-dels-pirates-1-1024x448.jpg 1024w\" sizes=\"auto, (max-width: 1600px) 100vw, 1600px\" \/><\/div><\/div><\/div><\/div><\/div><\/div><\/div><\/section><section class=\"l-section wpb_row height_medium txtArea\"><div class=\"l-section-h i-cf\"><div class=\"g-cols vc_row type_default valign_top\"><div class=\"vc_col-sm-12 wpb_column vc_column_container\"><div class=\"vc_column-inner\"><div class=\"wpb_wrapper\"><div class=\"wpb_text_column tltMd\" ><div class=\"wpb_wrapper\"><h2 style=\"text-align: center;\">Une ville prot\u00e9g\u00e9e des pirates<\/h2>\n<\/div><\/div><div class=\"wpb_text_column txtMd\" ><div class=\"wpb_wrapper\"><p class=\"p1\" style=\"text-align: center;\">D\u00e9couvrez une ville c\u00f4ti\u00e8re m\u00e9di\u00e9vale, avec ses petites maisons et ses ruelles \u00e9troites, entour\u00e9e et prot\u00e9g\u00e9e par une muraille et des tours de guet.<\/p>\n<p class=\"p1\" style=\"text-align: center;\">Laissez-vous transporter \u00e0 l\u2019\u00e9poque des arts de la p\u00eache et de l\u2019odeur de sel, \u00e0 l\u2019origine des traditions \u00e0 pr\u00e9sent anciennes, lorsque les <a href=\"https:\/\/visittossa.com\/fr\/patrimoine-culturel\/fetes-traditions-et-legendes\/legendes-de-tossa\/\">l\u00e9gendes<\/a> se racontaient au coin du feu\u2026<\/p>\n<\/div><\/div><\/div><\/div><\/div><\/div><\/div><\/section><section class=\"l-section wpb_row height_auto width_full imgMd\"><div class=\"l-section-h i-cf\"><div class=\"g-cols vc_row type_default valign_top\"><div class=\"vc_col-sm-12 wpb_column vc_column_container\"><div class=\"vc_column-inner\"><div class=\"wpb_wrapper\"><div class=\"w-image align_center\"><div class=\"w-image-h\"><img loading=\"lazy\" decoding=\"async\" width=\"1900\" height=\"820\" src=\"https:\/\/visittossa.com\/wp-content\/uploads\/2021\/03\/Recinte_emmurallat_Vila_Vella.jpg\" class=\"attachment-full size-full\" alt=\"\" srcset=\"https:\/\/visittossa.com\/wp-content\/uploads\/2021\/03\/Recinte_emmurallat_Vila_Vella.jpg 1900w, https:\/\/visittossa.com\/wp-content\/uploads\/2021\/03\/Recinte_emmurallat_Vila_Vella-300x129.jpg 300w, https:\/\/visittossa.com\/wp-content\/uploads\/2021\/03\/Recinte_emmurallat_Vila_Vella-1024x442.jpg 1024w\" sizes=\"auto, (max-width: 1900px) 100vw, 1900px\" \/><\/div><\/div><\/div><\/div><\/div><\/div><\/div><\/section><section class=\"l-section wpb_row height_medium txtArea\"><div class=\"l-section-h i-cf\"><div class=\"g-cols vc_row type_default valign_top\"><div class=\"vc_col-sm-12 wpb_column vc_column_container\"><div class=\"vc_column-inner\"><div class=\"wpb_wrapper\"><div class=\"wpb_text_column tltMd\" ><div class=\"wpb_wrapper\"><h2 style=\"text-align: center;\">La muraille de la vielle ville<\/h2>\n<\/div><\/div><div class=\"wpb_text_column txtMd\" ><div class=\"wpb_wrapper\"><p style=\"text-align: center;\">D\u00e9clar\u00e9e monument historique et artistique national en 1931, la muraille de la vieille ville est le symbole de Tossa. C\u2019est \u00e0 l\u2019heure actuelle le seul exemple de ville m\u00e9di\u00e9vale fortifi\u00e9e qui existe encore sur la c\u00f4te catalane.<\/p>\n<p style=\"text-align: center;\">Construite au d\u00e9but du XIIIe si\u00e8cle afin de prot\u00e9ger la population des attaques des pirates, elle conserve la quasi-totalit\u00e9 de son p\u00e9rim\u00e8tre d\u2019origine, avec des murs cr\u00e9nel\u00e9s.<\/p>\n<p style=\"text-align: center;\">Fl\u00e2ner dans les rues de la <a href=\"https:\/\/visittossa.com\/fr\/patrimoine-culturel\/tossa-a-travers-le-temps\/la-muraille-de-la-vieille-ville\/\">Vieille Ville<\/a> de Tossa de Mar, sans but, sans h\u00e2te, est un v\u00e9ritable plaisir pour les sens, une exp\u00e9rience riche en \u00e9motions et en d\u00e9couvertes surprenantes.<\/p>\n<\/div><\/div><\/div><\/div><\/div><\/div><\/div><\/section><section class=\"l-section wpb_row height_auto width_full imgMd\"><div class=\"l-section-h i-cf\"><div class=\"g-cols vc_row type_default valign_top\"><div class=\"vc_col-sm-12 wpb_column vc_column_container\"><div class=\"vc_column-inner\"><div class=\"wpb_wrapper\"><div class=\"w-image align_center\"><div class=\"w-image-h\"><img loading=\"lazy\" decoding=\"async\" width=\"1900\" height=\"820\" src=\"https:\/\/visittossa.com\/wp-content\/uploads\/2021\/03\/el_Pelegri_de_Tossa.jpg\" class=\"attachment-full size-full\" alt=\"\" srcset=\"https:\/\/visittossa.com\/wp-content\/uploads\/2021\/03\/el_Pelegri_de_Tossa.jpg 1900w, https:\/\/visittossa.com\/wp-content\/uploads\/2021\/03\/el_Pelegri_de_Tossa-300x129.jpg 300w, https:\/\/visittossa.com\/wp-content\/uploads\/2021\/03\/el_Pelegri_de_Tossa-1024x442.jpg 1024w\" sizes=\"auto, (max-width: 1900px) 100vw, 1900px\" \/><\/div><\/div><\/div><\/div><\/div><\/div><\/div><\/section><section class=\"l-section wpb_row height_medium txtArea\"><div class=\"l-section-h i-cf\"><div class=\"g-cols vc_row type_default valign_top\"><div class=\"vc_col-sm-12 wpb_column vc_column_container\"><div class=\"vc_column-inner\"><div class=\"wpb_wrapper\"><div class=\"wpb_text_column tltMd\" ><div class=\"wpb_wrapper\"><h2 style=\"text-align: center;\">Le P\u00e8lerin de Tossa<\/h2>\n<\/div><\/div><div class=\"wpb_text_column txtMd\" ><div class=\"wpb_wrapper\"><p style=\"text-align: center;\">La tradition raconte qu\u2019au XVe si\u00e8cle, la ville fut en proie \u00e0 la peste et ses habitants demand\u00e8rent \u00e0 saint S\u00e9bastien de leur venir en aide, lui promettant en \u00e9change d\u2019aller chaque ann\u00e9e en p\u00e8lerinage jusqu\u2019\u00e0 sa chapelle la plus proche.<\/p>\n<p style=\"text-align: center;\">Depuis lors, tous les 20 janvier, le Pare Pelegr\u00ed (P\u00e8re P\u00e8lerin en fran\u00e7ais), en repr\u00e9sentation de la ville, et toutes celles et tous ceux souhaitant l\u2019accompagner, rejoignent \u00e0 pied la chapelle Sant Sebasti\u00e0 situ\u00e9e sur la commune de Santa Coloma de Farners, avant d\u2019en revenir le lendemain.<\/p>\n<p style=\"text-align: center;\">Pour les habitants de Tossa, il s\u2019agit d\u2019une tradition tr\u00e8s importante, un acte de recueillement et de d\u00e9votion religieuse.<\/p>\n<\/div><\/div><\/div><\/div><\/div><\/div><\/div><\/section><section class=\"l-section wpb_row height_auto width_full imgMd\"><div class=\"l-section-h i-cf\"><div class=\"g-cols vc_row type_default valign_top\"><div class=\"vc_col-sm-12 wpb_column vc_column_container\"><div class=\"vc_column-inner\"><div class=\"wpb_wrapper\"><div class=\"w-image align_center\"><div class=\"w-image-h\"><img loading=\"lazy\" decoding=\"async\" width=\"1900\" height=\"820\" src=\"https:\/\/visittossa.com\/wp-content\/uploads\/2021\/03\/Petits_tresors.jpg\" class=\"attachment-full size-full\" alt=\"\" srcset=\"https:\/\/visittossa.com\/wp-content\/uploads\/2021\/03\/Petits_tresors.jpg 1900w, https:\/\/visittossa.com\/wp-content\/uploads\/2021\/03\/Petits_tresors-300x129.jpg 300w, https:\/\/visittossa.com\/wp-content\/uploads\/2021\/03\/Petits_tresors-1024x442.jpg 1024w\" sizes=\"auto, (max-width: 1900px) 100vw, 1900px\" \/><\/div><\/div><\/div><\/div><\/div><\/div><\/div><\/section><section class=\"l-section wpb_row height_medium txtArea\"><div class=\"l-section-h i-cf\"><div class=\"g-cols vc_row type_default valign_top\"><div class=\"vc_col-sm-12 wpb_column vc_column_container\"><div class=\"vc_column-inner\"><div class=\"wpb_wrapper\"><div class=\"wpb_text_column tltMd\" ><div class=\"wpb_wrapper\"><h2 style=\"text-align: center;\">Des petits tr\u00e9sors \u00e0 d\u00e9busquer pour qui sait prendre son temps<\/h2>\n<\/div><\/div><div class=\"wpb_text_column txtMd\" ><div class=\"wpb_wrapper\"><p style=\"text-align: center;\">Les tr\u00e9sors les mieux gard\u00e9s de Tossa se d\u00e9voilent hors saison et une fois la foule repartie : en automne, passer du temps sur la plage ; en mai, fl\u00e2ner dans la vieille ville fleurie ; en hiver, se promener sur le chemin de ronde en admirant la beaut\u00e9 du paysage, puis faire une longue pause gastronomique ; toute l\u2019ann\u00e9e, faire de la plong\u00e9e et s\u2019\u00e9merveiller en d\u00e9couvrant le fond marin et sa biodiversit\u00e9 ; et hors saison, monter sur une planche de paddle, se d\u00e9lecter du silence et contempler la c\u00f4te depuis un autre point de vue\u2026<\/p>\n<\/div><\/div><\/div><\/div><\/div><\/div><\/div><\/section><section class=\"l-section wpb_row height_auto width_full imgMd\"><div class=\"l-section-h i-cf\"><div class=\"g-cols vc_row type_default valign_top\"><div class=\"vc_col-sm-12 wpb_column vc_column_container\"><div class=\"vc_column-inner\"><div class=\"wpb_wrapper\"><div class=\"w-image align_center\"><div class=\"w-image-h\"><img loading=\"lazy\" decoding=\"async\" width=\"1600\" height=\"700\" src=\"https:\/\/visittossa.com\/wp-content\/uploads\/2021\/03\/Platja_Gran_Tossa.jpg\" class=\"attachment-full size-full\" alt=\"\" srcset=\"https:\/\/visittossa.com\/wp-content\/uploads\/2021\/03\/Platja_Gran_Tossa.jpg 1600w, https:\/\/visittossa.com\/wp-content\/uploads\/2021\/03\/Platja_Gran_Tossa-300x131.jpg 300w, https:\/\/visittossa.com\/wp-content\/uploads\/2021\/03\/Platja_Gran_Tossa-1024x448.jpg 1024w\" sizes=\"auto, (max-width: 1600px) 100vw, 1600px\" \/><\/div><\/div><\/div><\/div><\/div><\/div><\/div><\/section><section class=\"l-section wpb_row height_medium txtArea\"><div class=\"l-section-h i-cf\"><div class=\"g-cols vc_row type_default valign_top\"><div class=\"vc_col-sm-12 wpb_column vc_column_container\"><div class=\"vc_column-inner\"><div class=\"wpb_wrapper\"><div class=\"wpb_text_column tltMd\" ><div class=\"wpb_wrapper\"><h2 style=\"text-align: center;\">Les plages<\/h2>\n<\/div><\/div><div class=\"wpb_text_column txtMd\" ><div class=\"wpb_wrapper\"><p style=\"text-align: center;\">En ville ou \u00e0 l\u2019\u00e9cart, abruptes ou en pente douce, intimes et romantiques, familiales, cach\u00e9es, nudistes, turquoises et vertes, \u00e0 l\u2019abri des falaises ou aux pieds d\u2019un monument\u2026 Et toujours aux eaux transparentes et cristallines.<\/p>\n<p style=\"text-align: center;\">Saviez-vous que l\u2019une de nos plages les plus embl\u00e9matiques a \u00e9t\u00e9 consid\u00e9r\u00e9e l\u2019une des plus belles du monde?<\/p>\n<p style=\"text-align: center;\">Si vous aimez naviguer tout en admirant un paysage d\u2019une grande beaut\u00e9 ou tout simplement vous asseoir sur le sable en famille ou entre amis, Tossa poss\u00e8de la <a href=\"https:\/\/visittossa.com\/fr\/calanques-et-plages\/\">plage<\/a> qu\u2019il vous faut pour vous sentir comme au paradis.<\/p>\n<\/div><\/div><\/div><\/div><\/div><\/div><\/div><\/section><section class=\"l-section wpb_row height_auto width_full imgMd\"><div class=\"l-section-h i-cf\"><div class=\"g-cols vc_row type_default valign_top\"><div class=\"vc_col-sm-12 wpb_column vc_column_container\"><div class=\"vc_column-inner\"><div class=\"wpb_wrapper\"><div class=\"w-image align_center\"><div class=\"w-image-h\"><img loading=\"lazy\" decoding=\"async\" width=\"1200\" height=\"558\" src=\"https:\/\/visittossa.com\/wp-content\/uploads\/2021\/03\/lamfora-tossa-de-mar.jpg\" class=\"attachment-full size-full\" alt=\"\" srcset=\"https:\/\/visittossa.com\/wp-content\/uploads\/2021\/03\/lamfora-tossa-de-mar.jpg 1200w, https:\/\/visittossa.com\/wp-content\/uploads\/2021\/03\/lamfora-tossa-de-mar-300x140.jpg 300w, https:\/\/visittossa.com\/wp-content\/uploads\/2021\/03\/lamfora-tossa-de-mar-1024x476.jpg 1024w\" sizes=\"auto, (max-width: 1200px) 100vw, 1200px\" \/><\/div><\/div><\/div><\/div><\/div><\/div><\/div><\/section><section class=\"l-section wpb_row height_medium txtArea\"><div class=\"l-section-h i-cf\"><div class=\"g-cols vc_row type_default valign_top\"><div class=\"vc_col-sm-12 wpb_column vc_column_container\"><div class=\"vc_column-inner\"><div class=\"wpb_wrapper\"><div class=\"wpb_text_column tltMd\" ><div class=\"wpb_wrapper\"><h2 style=\"text-align: center;\">Les fonds marins de Tossa<\/h2>\n<\/div><\/div><div class=\"wpb_text_column txtMd\" ><div class=\"wpb_wrapper\"><p class=\"p1\" style=\"text-align: center;\">La c\u00f4te de Tossa offre un profil tr\u00e8s d\u00e9coup\u00e9 sur la Costa Brava, avec une succession de falaises et de rochers, de petites plages et de criques aux tonalit\u00e9s \u00e9meraude.<\/p>\n<p class=\"p1\" style=\"text-align: center;\">Cette c\u00f4te se prolonge dans la mer, offrant un paysage sous-marin spectaculaire de parois verticales, corallig\u00e8nes, avec des grottes, des crevasses, des fonds sableux et rocheux, pleins de vie et parfaits pour la pratique de la <a href=\"https:\/\/visittossa.com\/fr\/activites-sportives\/?_sft_categories_activitats=submarinisme-fr\">plong\u00e9e sous-marine<\/a> et du snorkeling.<\/p>\n<p class=\"p1\" style=\"text-align: center;\">Gr\u00e2ce \u00e0 la pr\u00e9sence de tous ces habitats, une grande biodiversit\u00e9 est \u00e0 l\u2019\u0153uvre : prairies de posidonie, gorgones, m\u00e9rous, congres, mur\u00e8nes, poulpes, langoustes, dent\u00e9s, rascasses, Saint-Pierre, lottes, sargues, petits nudibranches, hippocampes et poissons-lunes.<\/p>\n<\/div><\/div><\/div><\/div><\/div><\/div><\/div><\/section><section class=\"l-section wpb_row height_auto width_full imgMd\"><div class=\"l-section-h i-cf\"><div class=\"g-cols vc_row type_default valign_top\"><div class=\"vc_col-sm-12 wpb_column vc_column_container\"><div class=\"vc_column-inner\"><div class=\"wpb_wrapper\"><div class=\"w-image align_center\"><div class=\"w-image-h\"><img loading=\"lazy\" decoding=\"async\" width=\"1900\" height=\"820\" src=\"https:\/\/visittossa.com\/wp-content\/uploads\/2021\/03\/boscos_tossa.jpg\" class=\"attachment-full size-full\" alt=\"\" srcset=\"https:\/\/visittossa.com\/wp-content\/uploads\/2021\/03\/boscos_tossa.jpg 1900w, https:\/\/visittossa.com\/wp-content\/uploads\/2021\/03\/boscos_tossa-300x129.jpg 300w, https:\/\/visittossa.com\/wp-content\/uploads\/2021\/03\/boscos_tossa-1024x442.jpg 1024w\" sizes=\"auto, (max-width: 1900px) 100vw, 1900px\" \/><\/div><\/div><\/div><\/div><\/div><\/div><\/div><\/section><section class=\"l-section wpb_row height_medium txtArea\"><div class=\"l-section-h i-cf\"><div class=\"g-cols vc_row type_default valign_top\"><div class=\"vc_col-sm-12 wpb_column vc_column_container\"><div class=\"vc_column-inner\"><div class=\"wpb_wrapper\"><div class=\"wpb_text_column tltMd\" ><div class=\"wpb_wrapper\"><h2 style=\"text-align: center;\">Mettez-vous au vert<\/h2>\n<\/div><\/div><div class=\"wpb_text_column txtMd\" ><div class=\"wpb_wrapper\"><p class=\"p1\" style=\"text-align: center;\">Le vert est source de calme et de bien-\u00eatre. Plonger dans le vert est une bonne mani\u00e8re de se perdre tout en se retrouvant, de d\u00e9connecter de son quotidien pour reprendre contact avec soi-m\u00eame, de faire une halte et de respirer ou bien de s\u2019animer et de refaire le plein d\u2019\u00e9nergie.<\/p>\n<\/div><\/div><\/div><\/div><\/div><\/div><\/div><\/section><section class=\"l-section wpb_row height_auto width_full imgMd\"><div class=\"l-section-h i-cf\"><div class=\"g-cols vc_row type_default valign_top\"><div class=\"vc_col-sm-12 wpb_column vc_column_container\"><div class=\"vc_column-inner\"><div class=\"wpb_wrapper\"><div class=\"w-image align_center\"><div class=\"w-image-h\"><img loading=\"lazy\" decoding=\"async\" width=\"1900\" height=\"820\" src=\"https:\/\/visittossa.com\/wp-content\/uploads\/2022\/02\/Massis_Cadiretes.jpg\" class=\"attachment-full size-full\" alt=\"\" srcset=\"https:\/\/visittossa.com\/wp-content\/uploads\/2022\/02\/Massis_Cadiretes.jpg 1900w, https:\/\/visittossa.com\/wp-content\/uploads\/2022\/02\/Massis_Cadiretes-300x129.jpg 300w, https:\/\/visittossa.com\/wp-content\/uploads\/2022\/02\/Massis_Cadiretes-1024x442.jpg 1024w\" sizes=\"auto, (max-width: 1900px) 100vw, 1900px\" \/><\/div><\/div><\/div><\/div><\/div><\/div><\/div><\/section><section class=\"l-section wpb_row height_medium txtArea\"><div class=\"l-section-h i-cf\"><div class=\"g-cols vc_row type_default valign_top\"><div class=\"vc_col-sm-12 wpb_column vc_column_container\"><div class=\"vc_column-inner\"><div class=\"wpb_wrapper\"><div class=\"wpb_text_column tltMd\" ><div class=\"wpb_wrapper\"><h2 style=\"text-align: center;\">Le massif de Cadiretes<\/h2>\n<\/div><\/div><div class=\"wpb_text_column txtMd\" ><div class=\"wpb_wrapper\"><p style=\"text-align: center;\">La particularit\u00e9 de Tossa, s\u2019agissant \u00e0 la fois d\u2019une ville de mer et de montagne, est qu\u2019elle poss\u00e8de un <a href=\"https:\/\/visittossa.com\/fr\/itineraires-et-nature\/decouvrez-la-montagne\/le-massif-de-cadiretes\/\">grand poumon vert<\/a> qui l\u2019embrasse amoureusement jusqu\u2019\u00e0 la mer. Cet espace o\u00f9 confluent microclimats, paysages verts et bleus, sources et ruisseaux, esp\u00e8ces animales et v\u00e9g\u00e9tales, odeurs, silences, dolmens et mas, est l\u2019une des grandes richesses de Tossa.<\/p>\n<p style=\"text-align: center;\">La c\u00f4te, particuli\u00e8rement abrupte, offre des paysages d\u2019une grande beaut\u00e9. Pour les admirer, empruntez la route sinueuse reliant Tossa de Mar \u00e0 Sant Feliu de Gu\u00edxols, et traversez le massif de bout en bout en longeant la c\u00f4te.<\/p>\n<p style=\"text-align: center;\">Une autre mani\u00e8re de d\u00e9couvrir le massif de Cadiretes \u00e0 votre rythme consiste \u00e0 emprunter, \u00e0 pied ou en VTT, les sentiers signalis\u00e9s qui commencent au niveau du Parc de Sa Riera.<\/p>\n<\/div><\/div><\/div><\/div><\/div><\/div><\/div><\/section><section class=\"l-section wpb_row height_auto width_full imgMd\"><div class=\"l-section-h i-cf\"><div class=\"g-cols vc_row type_default valign_top\"><div class=\"vc_col-sm-12 wpb_column vc_column_container\"><div class=\"vc_column-inner\"><div class=\"wpb_wrapper\"><div class=\"w-image align_center\"><div class=\"w-image-h\"><img loading=\"lazy\" decoding=\"async\" width=\"2560\" height=\"1705\" src=\"https:\/\/visittossa.com\/wp-content\/uploads\/2021\/03\/Enamorat-rutes_natura1-scaled.jpg\" class=\"attachment-full size-full\" alt=\"\" srcset=\"https:\/\/visittossa.com\/wp-content\/uploads\/2021\/03\/Enamorat-rutes_natura1-scaled.jpg 2560w, https:\/\/visittossa.com\/wp-content\/uploads\/2021\/03\/Enamorat-rutes_natura1-300x200.jpg 300w, https:\/\/visittossa.com\/wp-content\/uploads\/2021\/03\/Enamorat-rutes_natura1-1024x682.jpg 1024w\" sizes=\"auto, (max-width: 2560px) 100vw, 2560px\" \/><\/div><\/div><\/div><\/div><\/div><\/div><\/div><\/section><section class=\"l-section wpb_row height_medium txtArea\"><div class=\"l-section-h i-cf\"><div class=\"g-cols vc_row type_default valign_top\"><div class=\"vc_col-sm-12 wpb_column vc_column_container\"><div class=\"vc_column-inner\"><div class=\"wpb_wrapper\"><div class=\"wpb_text_column tltMd\" ><div class=\"wpb_wrapper\"><h2 style=\"text-align: center;\">Itin\u00e9raires et nature<\/h2>\n<\/div><\/div><div class=\"wpb_text_column txtMd\" ><div class=\"wpb_wrapper\"><p style=\"text-align: center;\">Pas de t\u00e9l\u00e9phone, pas d\u2019horaires, d\u2019e-mails, de pollution sonore ni visuelle\u2026 Un hymne au calme, au silence, \u00e0 l\u2019oxyg\u00e8ne, aux for\u00eats d\u00e9pouill\u00e9es, \u00e0 la paix\u2026<\/p>\n<p style=\"text-align: center;\">Empruntez l\u2019un des <a href=\"https:\/\/visittossa.com\/fr\/itineraires-et-nature\/decouvrez-la-montagne\/\">itin\u00e9raires<\/a> \u00e0 la d\u00e9couverte du massif de Cadiretes, la terre de nos anc\u00eatres, et suivez les chemins si souvent parcourus par les leveurs de li\u00e8ge, les anciens charbonniers et les bergers. D\u00e9couvrez les montagnes qui ont symbolis\u00e9 une mani\u00e8re de vivre pour de nombreuses g\u00e9n\u00e9rations d\u2019habitants de Tossa, et promenez-vous au milieu de petits joyaux m\u00e9galithiques, des for\u00eats de ch\u00eane-li\u00e8ge et des pin\u00e8des, savourez les odeurs du romarin et des gen\u00eats, contemplez des paysages o\u00f9 votre regard se perdra dans l\u2019infini, et r\u00e9g\u00e9n\u00e9rez-vous de toute leur \u00e9nergie positive!<\/p>\n<\/div><\/div><\/div><\/div><\/div><\/div><\/div><\/section><section class=\"l-section wpb_row height_auto width_full imgMd\"><div class=\"l-section-h i-cf\"><div class=\"g-cols vc_row type_default valign_top\"><div class=\"vc_col-sm-12 wpb_column vc_column_container\"><div class=\"vc_column-inner\"><div class=\"wpb_wrapper\"><div class=\"w-image align_center\"><div class=\"w-image-h\"><img loading=\"lazy\" decoding=\"async\" width=\"2560\" height=\"1707\" src=\"https:\/\/visittossa.com\/wp-content\/uploads\/2021\/03\/IOGA_003-scaled.jpg\" class=\"attachment-full size-full\" alt=\"\" srcset=\"https:\/\/visittossa.com\/wp-content\/uploads\/2021\/03\/IOGA_003-scaled.jpg 2560w, https:\/\/visittossa.com\/wp-content\/uploads\/2021\/03\/IOGA_003-300x200.jpg 300w, https:\/\/visittossa.com\/wp-content\/uploads\/2021\/03\/IOGA_003-1024x683.jpg 1024w\" sizes=\"auto, (max-width: 2560px) 100vw, 2560px\" \/><\/div><\/div><\/div><\/div><\/div><\/div><\/div><\/section><section class=\"l-section wpb_row height_medium txtArea\"><div class=\"l-section-h i-cf\"><div class=\"g-cols vc_row type_default valign_top\"><div class=\"vc_col-sm-12 wpb_column vc_column_container\"><div class=\"vc_column-inner\"><div class=\"wpb_wrapper\"><div class=\"wpb_text_column tltMd\" ><div class=\"wpb_wrapper\"><h2 style=\"text-align: center;\">Au lever du soleil, Tossa est trop belle pour faire la grasse matin\u00e9e!<\/h2>\n<\/div><\/div><div class=\"wpb_text_column txtMd\" ><div class=\"wpb_wrapper\"><p style=\"text-align: center;\">Vous avez besoin d\u2019un instant de paix et de s\u00e9r\u00e9nit\u00e9 pour vous perdre et vous retrouver en m\u00eame temps? Vous adorez ces moments o\u00f9 le temps semble s\u2019arr\u00eater?<\/p>\n<p style=\"text-align: center;\">Vous devez alors absolument contempler un lever de soleil \u00e0 Tossa, vous ouvrir au nouveau jour qui commence pour vous laisser embrasser le silence, vous donner des forces, lib\u00e9rer les tensions, r\u00e9g\u00e9n\u00e9rer l\u2019esprit et ressentir l\u2019\u00e9nergie du \u00ab paradis bleu \u00bb. Au lever du jour, avec la M\u00e9diterran\u00e9e pour complice, laissez-vous bercer chaque matin par ce spectacle naturel, \u00e0 la fois unique et extraordinaire.<\/p>\n<p style=\"text-align: center;\">Si vous aimez collectionner les heures magiques, vous adorerez \u00e0 coup s\u00fbr immortaliser cette mosa\u00efque de couleurs \u00e0 l\u2019heure dor\u00e9e de l\u2019aube.<\/p>\n<p style=\"text-align: center;\">Faites l\u2019exp\u00e9rience de vivre ces instants de paix et d\u2019harmonie, et vous n\u2019aurez qu\u2019une envie : recommencer. Levez-vous t\u00f4t et profitez-en!<\/p>\n<\/div><\/div><\/div><\/div><\/div><\/div><\/div><\/section><section class=\"l-section wpb_row height_auto width_full imgMd\"><div class=\"l-section-h i-cf\"><div class=\"g-cols vc_row type_default valign_top\"><div class=\"vc_col-sm-12 wpb_column vc_column_container\"><div class=\"vc_column-inner\"><div class=\"wpb_wrapper\"><div class=\"w-image align_center\"><div class=\"w-image-h\"><img loading=\"lazy\" decoding=\"async\" width=\"1900\" height=\"820\" src=\"https:\/\/visittossa.com\/wp-content\/uploads\/2021\/03\/Barri_Sa_Roqueta_Tossa.jpg\" class=\"attachment-full size-full\" alt=\"\" srcset=\"https:\/\/visittossa.com\/wp-content\/uploads\/2021\/03\/Barri_Sa_Roqueta_Tossa.jpg 1900w, https:\/\/visittossa.com\/wp-content\/uploads\/2021\/03\/Barri_Sa_Roqueta_Tossa-300x129.jpg 300w, https:\/\/visittossa.com\/wp-content\/uploads\/2021\/03\/Barri_Sa_Roqueta_Tossa-1024x442.jpg 1024w\" sizes=\"auto, (max-width: 1900px) 100vw, 1900px\" \/><\/div><\/div><\/div><\/div><\/div><\/div><\/div><\/section><section class=\"l-section wpb_row height_medium txtArea\"><div class=\"l-section-h i-cf\"><div class=\"g-cols vc_row type_default valign_top\"><div class=\"vc_col-sm-12 wpb_column vc_column_container\"><div class=\"vc_column-inner\"><div class=\"wpb_wrapper\"><div class=\"wpb_text_column tltMd\" ><div class=\"wpb_wrapper\"><h2 style=\"text-align: center;\">Le quartier de Sa Roqueta<\/h2>\n<\/div><\/div><div class=\"wpb_text_column txtMd\" ><div class=\"wpb_wrapper\"><p style=\"text-align: center;\">Petites, \u00e9troites, baign\u00e9es par le soleil, color\u00e9es, dissimul\u00e9es, en escaliers, en pierre, pleines de charme, les rues de Sa Roqueta sont l\u2019endroit parfait pour vos instants de fl\u00e2nerie.<\/p>\n<p style=\"text-align: center;\">Ce quartier traditionnel de p\u00eacheurs, aux maisons modestes, avec ses recoins fleuris et son m\u00e9lange d\u2019odeurs de la mer et de plats mijot\u00e9s \u00e9manant des maisons, conserve toute l\u2019essence de l\u2019esprit m\u00e9diterran\u00e9en.<\/p>\n<p style=\"text-align: center;\">La particularit\u00e9 du quartier de Sa Roqueta, et l\u2019origine de son nom, est qu\u2019il a \u00e9t\u00e9 b\u00e2ti sur la roche vive. Cela est bien visible \u00e0 Can Ganga, l\u2019actuel Mus\u00e9e de la Femme, qui conserve en parfait \u00e9tat une cave souterraine creus\u00e9e dans la roche.<\/p>\n<\/div><\/div><\/div><\/div><\/div><\/div><\/div><\/section><section class=\"l-section wpb_row height_auto width_full imgMd\"><div class=\"l-section-h i-cf\"><div class=\"g-cols vc_row type_default valign_top\"><div class=\"vc_col-sm-12 wpb_column vc_column_container\"><div class=\"vc_column-inner\"><div class=\"wpb_wrapper\"><div class=\"w-image align_center\"><div class=\"w-image-h\"><img loading=\"lazy\" decoding=\"async\" width=\"1398\" height=\"600\" src=\"https:\/\/visittossa.com\/wp-content\/uploads\/2021\/03\/CanGangaOptim.jpg\" class=\"attachment-full size-full\" alt=\"\" srcset=\"https:\/\/visittossa.com\/wp-content\/uploads\/2021\/03\/CanGangaOptim.jpg 1398w, https:\/\/visittossa.com\/wp-content\/uploads\/2021\/03\/CanGangaOptim-300x129.jpg 300w, https:\/\/visittossa.com\/wp-content\/uploads\/2021\/03\/CanGangaOptim-1024x439.jpg 1024w\" sizes=\"auto, (max-width: 1398px) 100vw, 1398px\" \/><\/div><\/div><\/div><\/div><\/div><\/div><\/div><\/section><section class=\"l-section wpb_row height_medium txtArea\"><div class=\"l-section-h i-cf\"><div class=\"g-cols vc_row type_default valign_top\"><div class=\"vc_col-sm-12 wpb_column vc_column_container\"><div class=\"vc_column-inner\"><div class=\"wpb_wrapper\"><div class=\"wpb_text_column tltMd\" ><div class=\"wpb_wrapper\"><h2 style=\"text-align: center;\">Can Ganga, Mus\u00e9e de la Femme<\/h2>\n<\/div><\/div><div class=\"wpb_text_column txtMd\" ><div class=\"wpb_wrapper\"><p style=\"text-align: center;\">Can Ganga est un bel exemple de mas fortifi\u00e9, b\u00e2ti de la sorte car au moment de sa construction, il \u00e9tait isol\u00e9 face \u00e0 la mer et constituait donc une cible facile pour les pirates. Le b\u00e2timent poss\u00e8de une belle porte avec un arc en plein cintre au-dessus de laquelle un m\u00e2chicoulis constituait l\u2019\u00e9l\u00e9ment de protection face \u00e0 toute incursion \u00e9ventuelle de pirates. Vous pourrez \u00e9galement y voir les fen\u00eatres gothiques magnifiquement sculpt\u00e9es et orn\u00e9es de petits ch\u00e9rubins.<\/p>\n<p style=\"text-align: center;\">Ce mas accueille actuellement le si\u00e8ge du <a href=\"https:\/\/visittossa.com\/fr\/patrimoine-culturel\/art-et-culture\/musee-de-la-femme\/\">Mus\u00e9e de la Femme<\/a> ouvert en 2020 dans le but de recr\u00e9er et d\u2019illustrer la vie de Tossa avant la venue du tourisme qui a transform\u00e9 la ville, en analysant la place occup\u00e9e par la femme dans la soci\u00e9t\u00e9.<\/p>\n<\/div><\/div><\/div><\/div><\/div><\/div><\/div><\/section><section class=\"l-section wpb_row height_medium width_full\" id=\"expMd\"><div class=\"l-section-h i-cf\"><div class=\"g-cols vc_row type_default valign_top\"><div class=\"vc_col-sm-12 wpb_column vc_column_container\"><div class=\"vc_column-inner\"><div class=\"wpb_wrapper\"><div class=\"w-grid type_grid layout_323 cols_4\" id=\"us_grid_1\" data-grid-filter=\"false\"><style id=\"us_grid_1_css\">#us_grid_1 .w-grid-item{padding:2px}#us_grid_1 .w-grid-list{margin:-2px}.w-grid + #us_grid_1 .w-grid-list{margin-top:2px}@media (max-width:1199px){#us_grid_1 .w-grid-item{width:33.333333333333%}}@media (max-width:899px){#us_grid_1 .w-grid-item{width:50%}}@media (max-width:599px){#us_grid_1 .w-grid-list{margin:0}#us_grid_1 .w-grid-item{width:100%;padding:0;margin-bottom:2px}}<\/style><style>.layout_323 .w-grid-item-h{}<\/style><div class=\"w-grid-list\" ><article class=\"w-grid-item size_1x1 post-5831 experiencias_tossa type-experiencias_tossa status-publish has-post-thumbnail hentry categories_experiencia-destacades-fr\" data-id=\"5831\">\r\n\t<div class=\"w-grid-item-h\">\r\n\t\t\t\t<div class=\"w-post-elm post_image usg_post_image_1 stretched\"><a href=\"https:\/\/visittossa.com\/fr\/experiences\/tombez-amoreux\/\" aria-label=\"TOMBEZ SOUS LE CHARME\"><img loading=\"lazy\" decoding=\"async\" width=\"470\" height=\"389\" src=\"https:\/\/visittossa.com\/wp-content\/uploads\/2022\/02\/enamorat.jpg\" class=\"attachment-full size-full wp-post-image\" alt=\"\" srcset=\"https:\/\/visittossa.com\/wp-content\/uploads\/2022\/02\/enamorat.jpg 470w, https:\/\/visittossa.com\/wp-content\/uploads\/2022\/02\/enamorat-300x248.jpg 300w\" sizes=\"auto, (max-width: 470px) 100vw, 470px\" \/><\/a><\/div><div class=\"w-vwrapper usg_vwrapper_1 align_left valign_top\"><h4 class=\"w-post-elm post_title usg_post_title_1 entry-title color_link_inherit\"><a href=\"https:\/\/visittossa.com\/fr\/experiences\/tombez-amoreux\/\">TOMBEZ SOUS LE CHARME<\/a><\/h4><div class=\"w-post-elm post_content usg_post_content_1\"><p>de Tossa et de ses secrets.<\/p>\n<\/div><\/div>\t<\/div>\r\n<\/article>\r\n<article class=\"w-grid-item size_1x1 post-5923 experiencias_tossa type-experiencias_tossa status-publish has-post-thumbnail hentry categories_experiencia-destacades-fr\" data-id=\"5923\">\r\n\t<div class=\"w-grid-item-h\">\r\n\t\t\t\t<div class=\"w-post-elm post_image usg_post_image_1 stretched\"><a href=\"https:\/\/visittossa.com\/fr\/experiences\/inspirez-vous\/\" aria-label=\"INSPIREZ-VOUS\"><img loading=\"lazy\" decoding=\"async\" width=\"470\" height=\"389\" src=\"https:\/\/visittossa.com\/wp-content\/uploads\/2022\/02\/inspirat_tossa.jpg\" class=\"attachment-full size-full wp-post-image\" alt=\"\" srcset=\"https:\/\/visittossa.com\/wp-content\/uploads\/2022\/02\/inspirat_tossa.jpg 470w, https:\/\/visittossa.com\/wp-content\/uploads\/2022\/02\/inspirat_tossa-300x248.jpg 300w\" sizes=\"auto, (max-width: 470px) 100vw, 470px\" \/><\/a><\/div><div class=\"w-vwrapper usg_vwrapper_1 align_left valign_top\"><h4 class=\"w-post-elm post_title usg_post_title_1 entry-title color_link_inherit\"><a href=\"https:\/\/visittossa.com\/fr\/experiences\/inspirez-vous\/\">INSPIREZ-VOUS<\/a><\/h4><div class=\"w-post-elm post_content usg_post_content_1\"><p>du Paradis bleu de Marc Chagall<\/p>\n<\/div><\/div>\t<\/div>\r\n<\/article>\r\n<article class=\"w-grid-item size_1x1 post-5933 experiencias_tossa type-experiencias_tossa status-publish has-post-thumbnail hentry categories_experiencia-destacades-fr\" data-id=\"5933\">\r\n\t<div class=\"w-grid-item-h\">\r\n\t\t\t\t<div class=\"w-post-elm post_image usg_post_image_1 stretched\"><a href=\"https:\/\/visittossa.com\/fr\/experiences\/savourez-la-gastronomie-de-tossa\/\" aria-label=\"SAVOUREZ\"><img loading=\"lazy\" decoding=\"async\" width=\"470\" height=\"389\" src=\"https:\/\/visittossa.com\/wp-content\/uploads\/2020\/12\/assaboreix_tossa.jpg\" class=\"attachment-full size-full wp-post-image\" alt=\"\" srcset=\"https:\/\/visittossa.com\/wp-content\/uploads\/2020\/12\/assaboreix_tossa.jpg 470w, https:\/\/visittossa.com\/wp-content\/uploads\/2020\/12\/assaboreix_tossa-300x248.jpg 300w\" sizes=\"auto, (max-width: 470px) 100vw, 470px\" \/><\/a><\/div><div class=\"w-vwrapper usg_vwrapper_1 align_left valign_top\"><h4 class=\"w-post-elm post_title usg_post_title_1 entry-title color_link_inherit\"><a href=\"https:\/\/visittossa.com\/fr\/experiences\/savourez-la-gastronomie-de-tossa\/\">SAVOUREZ<\/a><\/h4><div class=\"w-post-elm post_content usg_post_content_1\"><p>le meilleur de la gastronomie m\u00e9diterran\u00e9enne.<\/p>\n<\/div><\/div>\t<\/div>\r\n<\/article>\r\n<article class=\"w-grid-item size_1x1 post-5939 experiencias_tossa type-experiencias_tossa status-publish has-post-thumbnail hentry categories_experiencia-destacades-fr\" data-id=\"5939\">\r\n\t<div class=\"w-grid-item-h\">\r\n\t\t\t\t<div class=\"w-post-elm post_image usg_post_image_1 stretched\"><a href=\"https:\/\/visittossa.com\/fr\/experiences\/incontournables-de-tossa-de-mar\/\" aria-label=\"LES INCONTOURNABLES\"><img loading=\"lazy\" decoding=\"async\" width=\"470\" height=\"389\" src=\"https:\/\/visittossa.com\/wp-content\/uploads\/2020\/12\/BOMBOLLA_IMPRESCINDIBLES.jpg\" class=\"attachment-full size-full wp-post-image\" alt=\"\" srcset=\"https:\/\/visittossa.com\/wp-content\/uploads\/2020\/12\/BOMBOLLA_IMPRESCINDIBLES.jpg 470w, https:\/\/visittossa.com\/wp-content\/uploads\/2020\/12\/BOMBOLLA_IMPRESCINDIBLES-300x248.jpg 300w\" sizes=\"auto, (max-width: 470px) 100vw, 470px\" \/><\/a><\/div><div class=\"w-vwrapper usg_vwrapper_1 align_left valign_top\"><h4 class=\"w-post-elm post_title usg_post_title_1 entry-title color_link_inherit\"><a href=\"https:\/\/visittossa.com\/fr\/experiences\/incontournables-de-tossa-de-mar\/\">LES INCONTOURNABLES<\/a><\/h4><div class=\"w-post-elm post_content usg_post_content_1\"><p>que vous ne pouvez pas manquer \u00e0 Tossa.<\/p>\n<\/div><\/div>\t<\/div>\r\n<\/article>\r\n<\/div><div class=\"w-grid-preloader\"><div class=\"g-preloader type_1\">\r\n\t<div><\/div>\r\n<\/div>\r\n<\/div>\t<div class=\"w-grid-json hidden\" onclick='return {&quot;action&quot;:&quot;us_ajax_grid&quot;,&quot;ajax_url&quot;:&quot;https:\\\/\\\/visittossa.com\\\/wp-admin\\\/admin-ajax.php&quot;,&quot;infinite_scroll&quot;:0,&quot;max_num_pages&quot;:1,&quot;pagination&quot;:&quot;none&quot;,&quot;permalink_url&quot;:&quot;https:\\\/\\\/visittossa.com\\\/fr\\\/wp-json\\\/wp\\\/v2\\\/experiencias_tossa\\\/5831\\\/&quot;,&quot;template_vars&quot;:{&quot;columns&quot;:&quot;4&quot;,&quot;exclude_items&quot;:&quot;none&quot;,&quot;img_size&quot;:&quot;default&quot;,&quot;ignore_items_size&quot;:false,&quot;items_layout&quot;:&quot;323&quot;,&quot;items_offset&quot;:&quot;1&quot;,&quot;overriding_link&quot;:&quot;none&quot;,&quot;post_id&quot;:5831,&quot;query_args&quot;:{&quot;ignore_sticky_posts&quot;:1,&quot;post_type&quot;:&quot;any&quot;,&quot;post__in&quot;:[&quot;698&quot;,&quot;332&quot;,&quot;322&quot;,&quot;331&quot;],&quot;orderby&quot;:{&quot;date&quot;:&quot;DESC&quot;},&quot;posts_per_page&quot;:&quot;4&quot;},&quot;type&quot;:&quot;grid&quot;,&quot;us_grid_ajax_index&quot;:1,&quot;us_grid_filter_params&quot;:null,&quot;us_grid_index&quot;:1,&quot;_us_grid_post_type&quot;:&quot;ids&quot;,&quot;lang&quot;:&quot;fr&quot;}}'><\/div>\r\n<\/div><\/div><\/div><\/div><\/div><\/div><\/section>\n","protected":false},"excerpt":{"rendered":"<p>de Tossa et de ses secrets.<\/p>\n","protected":false},"featured_media":4711,"template":"","categories_experiencia":[355],"class_list":["post-5831","experiencias_tossa","type-experiencias_tossa","status-publish","has-post-thumbnail","hentry","categories_experiencia-destacades-fr"],"_links":{"self":[{"href":"https:\/\/visittossa.com\/fr\/wp-json\/wp\/v2\/experiencias_tossa\/5831","targetHints":{"allow":["GET"]}}],"collection":[{"href":"https:\/\/visittossa.com\/fr\/wp-json\/wp\/v2\/experiencias_tossa"}],"about":[{"href":"https:\/\/visittossa.com\/fr\/wp-json\/wp\/v2\/types\/experiencias_tossa"}],"wp:featuredmedia":[{"embeddable":true,"href":"https:\/\/visittossa.com\/fr\/wp-json\/wp\/v2\/media\/4711"}],"wp:attachment":[{"href":"https:\/\/visittossa.com\/fr\/wp-json\/wp\/v2\/media?parent=5831"}],"wp:term":[{"taxonomy":"categories_experiencia","embeddable":true,"href":"https:\/\/visittossa.com\/fr\/wp-json\/wp\/v2\/categories_experiencia?post=5831"}],"curies":[{"name":"wp","href":"https:\/\/api.w.org\/{rel}","templated":true}]}}