{"id":4909,"date":"2022-02-14T11:21:57","date_gmt":"2022-02-14T11:21:57","guid":{"rendered":"https:\/\/visittossa.com\/cales-platges\/platja-des-codolar\/"},"modified":"2024-10-24T10:43:14","modified_gmt":"2024-10-24T10:43:14","slug":"playa-des-codolar","status":"publish","type":"platja","link":"https:\/\/visittossa.com\/es\/calas-playas\/playa-des-codolar\/","title":{"rendered":"Playa d&#8217;Es Codolar"},"content":{"rendered":"<section class=\"l-section wpb_row height_large width_full tossaHd with_img\" id=\"hdMd\"><div class=\"l-section-img\" style=\"background-image: url(https:\/\/visittossa.com\/wp-content\/uploads\/2022\/02\/cales_tossa_low_036.jpg);background-position: bottom center;background-repeat: no-repeat;\" data-img-width=\"2048\" data-img-height=\"1364\"><\/div><div class=\"l-section-h i-cf\"><div class=\"g-cols vc_row type_default valign_middle\"><div class=\"vc_col-sm-12 wpb_column vc_column_container\"><div class=\"vc_column-inner\"><div class=\"wpb_wrapper\"><\/div><\/div><\/div><\/div><\/div><\/section><section class=\"l-section wpb_row height_large\" id=\"dblMd\"><div class=\"l-section-h i-cf\"><div class=\"g-cols vc_row type_default valign_top\"><div class=\"vc_col-sm-6 wpb_column vc_column_container imgCol\"><div class=\"vc_column-inner\"><div class=\"wpb_wrapper\"><div class=\"wpb_text_column tltMd\" ><div class=\"wpb_wrapper\"><h2>Playa d\u2019Es Codolar<\/h2>\n<\/div><\/div><div class=\"wpb_text_column txtMd\" ><div class=\"wpb_wrapper\"><p><strong>Distancia desde Tossa:<\/strong> dentro del n\u00facleo urbano<br \/>\n<strong>Longitud aproximada:<\/strong> 33 m<br \/>\n<strong>Anchura aproximada:<\/strong> 27 m<br \/>\n<strong>Entorno:<\/strong> urbano<br \/>\n<strong>Tipo de arena:<\/strong> gruesa<br \/>\n<strong>Camino de ronda <\/strong><br \/>\n<strong>Accesible:<\/strong> a pie<br \/>\n<strong>Servicios:<\/strong><br \/>\nDuchas<br \/>\nLavabos<br \/>\nPlaya vigilada<br \/>\nChiringuito<br \/>\nHamacas y parasoles<\/p>\n<p>Antes de la llegada del turismo, cuando buena parte de la poblaci\u00f3n se dedicaba a la pesca, esta playa se utiliz\u00f3 como puerto natural porque se encontraba resguardada de los vientos del norte. Su nombre proviene del hecho que, en aquella \u00e9poca, la playa estaba formada \u00fanicamente por guijarros (en catal\u00e1n<em> c\u00f2dols<\/em>)<\/p>\n<p>La playa se encuentra ubicada debajo de la torre \u201cd\u2019es Codolar\u201d o del Homenaje, una de las torres principales de la muralla de la Vila Vella de Tossa.<\/p>\n<p>El tramo sur del Camino de Ronda, que finaliza aqu\u00ed su recorrido, ofrece vistas magn\u00edficas del recinto amurallado de la Vila Vella y de la playa.<\/p>\n<p>Para acceder a Es Codolar hay que bajar por un tramo de escaleras.<\/p>\n<p>El entorno rocoso del lado derecho es un refugio de peque\u00f1os peces que har\u00e1n las delicias de los amantes del snorkel.<\/p>\n<\/div><\/div><\/div><\/div><\/div><div class=\"vc_col-sm-6 wpb_column vc_column_container infoCol\"><div class=\"vc_column-inner\"><div class=\"wpb_wrapper\"><div class=\"w-image align_none\"><div class=\"w-image-h\"><img loading=\"lazy\" decoding=\"async\" width=\"2048\" height=\"1364\" src=\"https:\/\/visittossa.com\/wp-content\/uploads\/2022\/02\/cales_tossa_low_036.jpg\" class=\"attachment-full size-full\" alt=\"\" srcset=\"https:\/\/visittossa.com\/wp-content\/uploads\/2022\/02\/cales_tossa_low_036.jpg 2048w, https:\/\/visittossa.com\/wp-content\/uploads\/2022\/02\/cales_tossa_low_036-300x200.jpg 300w, https:\/\/visittossa.com\/wp-content\/uploads\/2022\/02\/cales_tossa_low_036-1024x682.jpg 1024w\" sizes=\"auto, (max-width: 2048px) 100vw, 2048px\" \/><\/div><\/div><\/div><\/div><\/div><\/div><\/div><\/section><section class=\"l-section wpb_row height_medium platjaMd\" id=\"expMd\"><div class=\"l-section-h i-cf\"><div class=\"g-cols vc_row type_default valign_top\"><div class=\"vc_col-sm-12 wpb_column vc_column_container\"><div class=\"vc_column-inner\"><div class=\"wpb_wrapper\"><div class=\"w-grid type_grid layout_323 cols_4\" id=\"us_grid_1\" data-grid-filter=\"true\"><style id=\"us_grid_1_css\">#us_grid_1 .w-grid-item{padding:0.5rem}#us_grid_1 .w-grid-list{margin:-0.5rem}.w-grid + #us_grid_1 .w-grid-list{margin-top:0.5rem}@media (max-width:1199px){#us_grid_1 .w-grid-item{width:33.333333333333%}}@media (max-width:899px){#us_grid_1 .w-grid-item{width:50%}}@media (max-width:599px){#us_grid_1 .w-grid-list{margin:0}#us_grid_1 .w-grid-item{width:100%;padding:0;margin-bottom:0.5rem}}<\/style><style>.layout_323 .w-grid-item-h{}<\/style><div class=\"w-grid-list\" ><article class=\"w-grid-item size_1x1 post-4917 platja type-platja status-publish has-post-thumbnail hentry\" data-id=\"4917\">\r\n\t<div class=\"w-grid-item-h\">\r\n\t\t\t\t<div class=\"w-post-elm post_image usg_post_image_1 stretched\"><a href=\"https:\/\/visittossa.com\/es\/calas-playas\/playa-de-vallpresona\/\" aria-label=\"Playa de Vallpresona\"><img loading=\"lazy\" decoding=\"async\" width=\"270\" height=\"175\" src=\"https:\/\/visittossa.com\/wp-content\/uploads\/2022\/02\/BOMBOLLA-VALLPRESONA.jpg\" class=\"attachment-full size-full wp-post-image\" alt=\"VALLPRESONA_Tossa_de_Mar\" \/><\/a><\/div><div class=\"w-vwrapper usg_vwrapper_1 align_left valign_top\"><h4 class=\"w-post-elm post_title usg_post_title_1 entry-title color_link_inherit\"><a href=\"https:\/\/visittossa.com\/es\/calas-playas\/playa-de-vallpresona\/\">Playa de Vallpresona<\/a><\/h4><\/div>\t<\/div>\r\n<\/article>\r\n<article class=\"w-grid-item size_1x1 post-4916 platja type-platja status-publish has-post-thumbnail hentry\" data-id=\"4916\">\r\n\t<div class=\"w-grid-item-h\">\r\n\t\t\t\t<div class=\"w-post-elm post_image usg_post_image_1 stretched\"><a href=\"https:\/\/visittossa.com\/es\/calas-playas\/cala-salions\/\" aria-label=\"Cala Salions\"><img loading=\"lazy\" decoding=\"async\" width=\"270\" height=\"175\" src=\"https:\/\/visittossa.com\/wp-content\/uploads\/2022\/02\/BOMBOLLA-SALIONS.jpg\" class=\"attachment-full size-full wp-post-image\" alt=\"SALIONS_Tossa\" \/><\/a><\/div><div class=\"w-vwrapper usg_vwrapper_1 align_left valign_top\"><h4 class=\"w-post-elm post_title usg_post_title_1 entry-title color_link_inherit\"><a href=\"https:\/\/visittossa.com\/es\/calas-playas\/cala-salions\/\">Cala Salions<\/a><\/h4><\/div>\t<\/div>\r\n<\/article>\r\n<article class=\"w-grid-item size_1x1 post-4915 platja type-platja status-publish has-post-thumbnail hentry\" data-id=\"4915\">\r\n\t<div class=\"w-grid-item-h\">\r\n\t\t\t\t<div class=\"w-post-elm post_image usg_post_image_1 stretched\"><a href=\"https:\/\/visittossa.com\/es\/calas-playas\/cala-futadera\/\" aria-label=\"Cala Futadera\"><img loading=\"lazy\" decoding=\"async\" width=\"2048\" height=\"1364\" src=\"https:\/\/visittossa.com\/wp-content\/uploads\/2022\/02\/cales_tossa_low_002.jpg\" class=\"attachment-full size-full wp-post-image\" alt=\"\" srcset=\"https:\/\/visittossa.com\/wp-content\/uploads\/2022\/02\/cales_tossa_low_002.jpg 2048w, https:\/\/visittossa.com\/wp-content\/uploads\/2022\/02\/cales_tossa_low_002-300x200.jpg 300w, https:\/\/visittossa.com\/wp-content\/uploads\/2022\/02\/cales_tossa_low_002-1024x682.jpg 1024w\" sizes=\"auto, (max-width: 2048px) 100vw, 2048px\" \/><\/a><\/div><div class=\"w-vwrapper usg_vwrapper_1 align_left valign_top\"><h4 class=\"w-post-elm post_title usg_post_title_1 entry-title color_link_inherit\"><a href=\"https:\/\/visittossa.com\/es\/calas-playas\/cala-futadera\/\">Cala Futadera<\/a><\/h4><\/div>\t<\/div>\r\n<\/article>\r\n<article class=\"w-grid-item size_1x1 post-4914 platja type-platja status-publish has-post-thumbnail hentry\" data-id=\"4914\">\r\n\t<div class=\"w-grid-item-h\">\r\n\t\t\t\t<div class=\"w-post-elm post_image usg_post_image_1 stretched\"><a href=\"https:\/\/visittossa.com\/es\/calas-playas\/cala-giverola\/\" aria-label=\"Cala Giverola\"><img loading=\"lazy\" decoding=\"async\" width=\"2048\" height=\"1364\" src=\"https:\/\/visittossa.com\/wp-content\/uploads\/2022\/02\/cales_tossa_low_004.jpg\" class=\"attachment-full size-full wp-post-image\" alt=\"\" srcset=\"https:\/\/visittossa.com\/wp-content\/uploads\/2022\/02\/cales_tossa_low_004.jpg 2048w, https:\/\/visittossa.com\/wp-content\/uploads\/2022\/02\/cales_tossa_low_004-300x200.jpg 300w, https:\/\/visittossa.com\/wp-content\/uploads\/2022\/02\/cales_tossa_low_004-1024x682.jpg 1024w\" sizes=\"auto, (max-width: 2048px) 100vw, 2048px\" \/><\/a><\/div><div class=\"w-vwrapper usg_vwrapper_1 align_left valign_top\"><h4 class=\"w-post-elm post_title usg_post_title_1 entry-title color_link_inherit\"><a href=\"https:\/\/visittossa.com\/es\/calas-playas\/cala-giverola\/\">Cala Giverola<\/a><\/h4><\/div>\t<\/div>\r\n<\/article>\r\n<article class=\"w-grid-item size_1x1 post-4913 platja type-platja status-publish has-post-thumbnail hentry\" data-id=\"4913\">\r\n\t<div class=\"w-grid-item-h\">\r\n\t\t\t\t<div class=\"w-post-elm post_image usg_post_image_1 stretched\"><a href=\"https:\/\/visittossa.com\/es\/calas-playas\/cala-pola\/\" aria-label=\"Cala Pola\"><img loading=\"lazy\" decoding=\"async\" width=\"2048\" height=\"1364\" src=\"https:\/\/visittossa.com\/wp-content\/uploads\/2022\/02\/cales_tossa_low_020-1.jpg\" class=\"attachment-full size-full wp-post-image\" alt=\"\" srcset=\"https:\/\/visittossa.com\/wp-content\/uploads\/2022\/02\/cales_tossa_low_020-1.jpg 2048w, https:\/\/visittossa.com\/wp-content\/uploads\/2022\/02\/cales_tossa_low_020-1-300x200.jpg 300w, https:\/\/visittossa.com\/wp-content\/uploads\/2022\/02\/cales_tossa_low_020-1-1024x682.jpg 1024w\" sizes=\"auto, (max-width: 2048px) 100vw, 2048px\" \/><\/a><\/div><div class=\"w-vwrapper usg_vwrapper_1 align_left valign_top\"><h4 class=\"w-post-elm post_title usg_post_title_1 entry-title color_link_inherit\"><a href=\"https:\/\/visittossa.com\/es\/calas-playas\/cala-pola\/\">Cala Pola<\/a><\/h4><\/div>\t<\/div>\r\n<\/article>\r\n<article class=\"w-grid-item size_1x1 post-4912 platja type-platja status-publish has-post-thumbnail hentry\" data-id=\"4912\">\r\n\t<div class=\"w-grid-item-h\">\r\n\t\t\t\t<div class=\"w-post-elm post_image usg_post_image_1 stretched\"><a href=\"https:\/\/visittossa.com\/es\/calas-playas\/cala-bona\/\" aria-label=\"Cala Bona\"><img loading=\"lazy\" decoding=\"async\" width=\"376\" height=\"242\" src=\"https:\/\/visittossa.com\/wp-content\/uploads\/2021\/11\/Cala-Bona-thumb.jpg\" class=\"attachment-full size-full wp-post-image\" alt=\"\" srcset=\"https:\/\/visittossa.com\/wp-content\/uploads\/2021\/11\/Cala-Bona-thumb.jpg 376w, https:\/\/visittossa.com\/wp-content\/uploads\/2021\/11\/Cala-Bona-thumb-300x193.jpg 300w\" sizes=\"auto, (max-width: 376px) 100vw, 376px\" \/><\/a><\/div><div class=\"w-vwrapper usg_vwrapper_1 align_left valign_top\"><h4 class=\"w-post-elm post_title usg_post_title_1 entry-title color_link_inherit\"><a href=\"https:\/\/visittossa.com\/es\/calas-playas\/cala-bona\/\">Cala Bona<\/a><\/h4><\/div>\t<\/div>\r\n<\/article>\r\n<article class=\"w-grid-item size_1x1 post-4911 platja type-platja status-publish has-post-thumbnail hentry\" data-id=\"4911\">\r\n\t<div class=\"w-grid-item-h\">\r\n\t\t\t\t<div class=\"w-post-elm post_image usg_post_image_1 stretched\"><a href=\"https:\/\/visittossa.com\/es\/calas-playas\/playa-de-la-mar-menuda\/\" aria-label=\"Playa de la Mar Menuda\"><img loading=\"lazy\" decoding=\"async\" width=\"2048\" height=\"1364\" src=\"https:\/\/visittossa.com\/wp-content\/uploads\/2022\/02\/cales_tossa_low_024.jpg\" class=\"attachment-full size-full wp-post-image\" alt=\"\" srcset=\"https:\/\/visittossa.com\/wp-content\/uploads\/2022\/02\/cales_tossa_low_024.jpg 2048w, https:\/\/visittossa.com\/wp-content\/uploads\/2022\/02\/cales_tossa_low_024-300x200.jpg 300w, https:\/\/visittossa.com\/wp-content\/uploads\/2022\/02\/cales_tossa_low_024-1024x682.jpg 1024w\" sizes=\"auto, (max-width: 2048px) 100vw, 2048px\" \/><\/a><\/div><div class=\"w-vwrapper usg_vwrapper_1 align_left valign_top\"><h4 class=\"w-post-elm post_title usg_post_title_1 entry-title color_link_inherit\"><a href=\"https:\/\/visittossa.com\/es\/calas-playas\/playa-de-la-mar-menuda\/\">Playa de la Mar Menuda<\/a><\/h4><\/div>\t<\/div>\r\n<\/article>\r\n<article class=\"w-grid-item size_1x1 post-4910 platja type-platja status-publish has-post-thumbnail hentry\" data-id=\"4910\">\r\n\t<div class=\"w-grid-item-h\">\r\n\t\t\t\t<div class=\"w-post-elm post_image usg_post_image_1 stretched\"><a href=\"https:\/\/visittossa.com\/es\/calas-playas\/playa-grande\/\" aria-label=\"Playa Grande\"><img loading=\"lazy\" decoding=\"async\" width=\"2048\" height=\"1364\" src=\"https:\/\/visittossa.com\/wp-content\/uploads\/2022\/02\/cales_tossa_low_029.jpg\" class=\"attachment-full size-full wp-post-image\" alt=\"\" srcset=\"https:\/\/visittossa.com\/wp-content\/uploads\/2022\/02\/cales_tossa_low_029.jpg 2048w, https:\/\/visittossa.com\/wp-content\/uploads\/2022\/02\/cales_tossa_low_029-300x200.jpg 300w, https:\/\/visittossa.com\/wp-content\/uploads\/2022\/02\/cales_tossa_low_029-1024x682.jpg 1024w\" sizes=\"auto, (max-width: 2048px) 100vw, 2048px\" \/><\/a><\/div><div class=\"w-vwrapper usg_vwrapper_1 align_left valign_top\"><h4 class=\"w-post-elm post_title usg_post_title_1 entry-title color_link_inherit\"><a href=\"https:\/\/visittossa.com\/es\/calas-playas\/playa-grande\/\">Playa Grande<\/a><\/h4><\/div>\t<\/div>\r\n<\/article>\r\n<article class=\"w-grid-item size_1x1 post-4909 platja type-platja status-publish has-post-thumbnail hentry\" data-id=\"4909\">\r\n\t<div class=\"w-grid-item-h\">\r\n\t\t\t\t<div class=\"w-post-elm post_image usg_post_image_1 stretched\"><a href=\"https:\/\/visittossa.com\/es\/calas-playas\/playa-des-codolar\/\" aria-label=\"Playa d&#8217;Es Codolar\"><img loading=\"lazy\" decoding=\"async\" width=\"2048\" height=\"1364\" src=\"https:\/\/visittossa.com\/wp-content\/uploads\/2022\/02\/cales_tossa_low_036.jpg\" class=\"attachment-full size-full wp-post-image\" alt=\"\" srcset=\"https:\/\/visittossa.com\/wp-content\/uploads\/2022\/02\/cales_tossa_low_036.jpg 2048w, https:\/\/visittossa.com\/wp-content\/uploads\/2022\/02\/cales_tossa_low_036-300x200.jpg 300w, https:\/\/visittossa.com\/wp-content\/uploads\/2022\/02\/cales_tossa_low_036-1024x682.jpg 1024w\" sizes=\"auto, (max-width: 2048px) 100vw, 2048px\" \/><\/a><\/div><div class=\"w-vwrapper usg_vwrapper_1 align_left valign_top\"><h4 class=\"w-post-elm post_title usg_post_title_1 entry-title color_link_inherit\"><a href=\"https:\/\/visittossa.com\/es\/calas-playas\/playa-des-codolar\/\">Playa d&#8217;Es Codolar<\/a><\/h4><\/div>\t<\/div>\r\n<\/article>\r\n<article class=\"w-grid-item size_1x1 post-4908 platja type-platja status-publish has-post-thumbnail hentry\" data-id=\"4908\">\r\n\t<div class=\"w-grid-item-h\">\r\n\t\t\t\t<div class=\"w-post-elm post_image usg_post_image_1 stretched\"><a href=\"https:\/\/visittossa.com\/es\/calas-playas\/cala-llevado\/\" aria-label=\"Cala Llevad\u00f3\"><img loading=\"lazy\" decoding=\"async\" width=\"2048\" height=\"1364\" src=\"https:\/\/visittossa.com\/wp-content\/uploads\/2022\/02\/cales_tossa_low_043.jpg\" class=\"attachment-full size-full wp-post-image\" alt=\"\" srcset=\"https:\/\/visittossa.com\/wp-content\/uploads\/2022\/02\/cales_tossa_low_043.jpg 2048w, https:\/\/visittossa.com\/wp-content\/uploads\/2022\/02\/cales_tossa_low_043-300x200.jpg 300w, https:\/\/visittossa.com\/wp-content\/uploads\/2022\/02\/cales_tossa_low_043-1024x682.jpg 1024w\" sizes=\"auto, (max-width: 2048px) 100vw, 2048px\" \/><\/a><\/div><div class=\"w-vwrapper usg_vwrapper_1 align_left valign_top\"><h4 class=\"w-post-elm post_title usg_post_title_1 entry-title color_link_inherit\"><a href=\"https:\/\/visittossa.com\/es\/calas-playas\/cala-llevado\/\">Cala Llevad\u00f3<\/a><\/h4><\/div>\t<\/div>\r\n<\/article>\r\n<article class=\"w-grid-item size_1x1 post-4907 platja type-platja status-publish has-post-thumbnail hentry\" data-id=\"4907\">\r\n\t<div class=\"w-grid-item-h\">\r\n\t\t\t\t<div class=\"w-post-elm post_image usg_post_image_1 stretched\"><a href=\"https:\/\/visittossa.com\/es\/calas-playas\/cala-den-carlos\/\" aria-label=\"Cala d\u2019en Carlos\"><img loading=\"lazy\" decoding=\"async\" width=\"2048\" height=\"1364\" src=\"https:\/\/visittossa.com\/wp-content\/uploads\/2022\/02\/cales_tossa_low_014.jpg\" class=\"attachment-full size-full wp-post-image\" alt=\"\" srcset=\"https:\/\/visittossa.com\/wp-content\/uploads\/2022\/02\/cales_tossa_low_014.jpg 2048w, https:\/\/visittossa.com\/wp-content\/uploads\/2022\/02\/cales_tossa_low_014-300x200.jpg 300w, https:\/\/visittossa.com\/wp-content\/uploads\/2022\/02\/cales_tossa_low_014-1024x682.jpg 1024w\" sizes=\"auto, (max-width: 2048px) 100vw, 2048px\" \/><\/a><\/div><div class=\"w-vwrapper usg_vwrapper_1 align_left valign_top\"><h4 class=\"w-post-elm post_title usg_post_title_1 entry-title color_link_inherit\"><a href=\"https:\/\/visittossa.com\/es\/calas-playas\/cala-den-carlos\/\">Cala d\u2019en Carlos<\/a><\/h4><\/div>\t<\/div>\r\n<\/article>\r\n<article class=\"w-grid-item size_1x1 post-4906 platja type-platja status-publish has-post-thumbnail hentry\" data-id=\"4906\">\r\n\t<div class=\"w-grid-item-h\">\r\n\t\t\t\t<div class=\"w-post-elm post_image usg_post_image_1 stretched\"><a href=\"https:\/\/visittossa.com\/es\/calas-playas\/cala-figuera\/\" aria-label=\"Cala Figuera\"><img loading=\"lazy\" decoding=\"async\" width=\"2048\" height=\"1364\" src=\"https:\/\/visittossa.com\/wp-content\/uploads\/2022\/02\/cales_tossa_low_013.jpg\" class=\"attachment-full size-full wp-post-image\" alt=\"\" srcset=\"https:\/\/visittossa.com\/wp-content\/uploads\/2022\/02\/cales_tossa_low_013.jpg 2048w, https:\/\/visittossa.com\/wp-content\/uploads\/2022\/02\/cales_tossa_low_013-300x200.jpg 300w, https:\/\/visittossa.com\/wp-content\/uploads\/2022\/02\/cales_tossa_low_013-1024x682.jpg 1024w\" sizes=\"auto, (max-width: 2048px) 100vw, 2048px\" \/><\/a><\/div><div class=\"w-vwrapper usg_vwrapper_1 align_left valign_top\"><h4 class=\"w-post-elm post_title usg_post_title_1 entry-title color_link_inherit\"><a href=\"https:\/\/visittossa.com\/es\/calas-playas\/cala-figuera\/\">Cala Figuera<\/a><\/h4><\/div>\t<\/div>\r\n<\/article>\r\n<article class=\"w-grid-item size_1x1 post-4905 platja type-platja status-publish has-post-thumbnail hentry\" data-id=\"4905\">\r\n\t<div class=\"w-grid-item-h\">\r\n\t\t\t\t<div class=\"w-post-elm post_image usg_post_image_1 stretched\"><a href=\"https:\/\/visittossa.com\/es\/calas-playas\/playas-de-llorell\/\" aria-label=\"Playas de Llorell\"><img loading=\"lazy\" decoding=\"async\" width=\"2048\" height=\"1364\" src=\"https:\/\/visittossa.com\/wp-content\/uploads\/2022\/02\/cales_tossa_low_012-1.jpg\" class=\"attachment-full size-full wp-post-image\" alt=\"\" srcset=\"https:\/\/visittossa.com\/wp-content\/uploads\/2022\/02\/cales_tossa_low_012-1.jpg 2048w, https:\/\/visittossa.com\/wp-content\/uploads\/2022\/02\/cales_tossa_low_012-1-300x200.jpg 300w, https:\/\/visittossa.com\/wp-content\/uploads\/2022\/02\/cales_tossa_low_012-1-1024x682.jpg 1024w\" sizes=\"auto, (max-width: 2048px) 100vw, 2048px\" \/><\/a><\/div><div class=\"w-vwrapper usg_vwrapper_1 align_left valign_top\"><h4 class=\"w-post-elm post_title usg_post_title_1 entry-title color_link_inherit\"><a href=\"https:\/\/visittossa.com\/es\/calas-playas\/playas-de-llorell\/\">Playas de Llorell<\/a><\/h4><\/div>\t<\/div>\r\n<\/article>\r\n<article class=\"w-grid-item size_1x1 post-4904 platja type-platja status-publish has-post-thumbnail hentry\" data-id=\"4904\">\r\n\t<div class=\"w-grid-item-h\">\r\n\t\t\t\t<div class=\"w-post-elm post_image usg_post_image_1 stretched\"><a href=\"https:\/\/visittossa.com\/es\/calas-playas\/playa-de-porto-pi\/\" aria-label=\"Playa de Porto Pi\"><img loading=\"lazy\" decoding=\"async\" width=\"2048\" height=\"1364\" src=\"https:\/\/visittossa.com\/wp-content\/uploads\/2022\/02\/cales_tossa_low_007.jpg\" class=\"attachment-full size-full wp-post-image\" alt=\"\" srcset=\"https:\/\/visittossa.com\/wp-content\/uploads\/2022\/02\/cales_tossa_low_007.jpg 2048w, https:\/\/visittossa.com\/wp-content\/uploads\/2022\/02\/cales_tossa_low_007-300x200.jpg 300w, https:\/\/visittossa.com\/wp-content\/uploads\/2022\/02\/cales_tossa_low_007-1024x682.jpg 1024w\" sizes=\"auto, (max-width: 2048px) 100vw, 2048px\" \/><\/a><\/div><div class=\"w-vwrapper usg_vwrapper_1 align_left valign_top\"><h4 class=\"w-post-elm post_title usg_post_title_1 entry-title color_link_inherit\"><a href=\"https:\/\/visittossa.com\/es\/calas-playas\/playa-de-porto-pi\/\">Playa de Porto Pi<\/a><\/h4><\/div>\t<\/div>\r\n<\/article>\r\n<article class=\"w-grid-item size_1x1 post-4903 platja type-platja status-publish has-post-thumbnail hentry\" data-id=\"4903\">\r\n\t<div class=\"w-grid-item-h\">\r\n\t\t\t\t<div class=\"w-post-elm post_image usg_post_image_1 stretched\"><a href=\"https:\/\/visittossa.com\/es\/calas-playas\/cala-morisca\/\" aria-label=\"Cala Morisca\"><img loading=\"lazy\" decoding=\"async\" width=\"376\" height=\"242\" src=\"https:\/\/visittossa.com\/wp-content\/uploads\/2021\/11\/Morisca-thumb.jpg\" class=\"attachment-full size-full wp-post-image\" alt=\"\" srcset=\"https:\/\/visittossa.com\/wp-content\/uploads\/2021\/11\/Morisca-thumb.jpg 376w, https:\/\/visittossa.com\/wp-content\/uploads\/2021\/11\/Morisca-thumb-300x193.jpg 300w\" sizes=\"auto, (max-width: 376px) 100vw, 376px\" \/><\/a><\/div><div class=\"w-vwrapper usg_vwrapper_1 align_left valign_top\"><h4 class=\"w-post-elm post_title usg_post_title_1 entry-title color_link_inherit\"><a href=\"https:\/\/visittossa.com\/es\/calas-playas\/cala-morisca\/\">Cala Morisca<\/a><\/h4><\/div>\t<\/div>\r\n<\/article>\r\n<\/div><div class=\"w-grid-preloader\"><div class=\"g-preloader type_1\">\r\n\t<div><\/div>\r\n<\/div>\r\n<\/div>\t<div class=\"w-grid-json hidden\" onclick='return {&quot;action&quot;:&quot;us_ajax_grid&quot;,&quot;ajax_url&quot;:&quot;https:\\\/\\\/visittossa.com\\\/wp-admin\\\/admin-ajax.php&quot;,&quot;infinite_scroll&quot;:0,&quot;max_num_pages&quot;:1,&quot;pagination&quot;:&quot;none&quot;,&quot;permalink_url&quot;:&quot;https:\\\/\\\/visittossa.com\\\/es\\\/wp-json\\\/wp\\\/v2\\\/platja\\\/4909\\\/&quot;,&quot;template_vars&quot;:{&quot;columns&quot;:&quot;4&quot;,&quot;exclude_items&quot;:&quot;none&quot;,&quot;img_size&quot;:&quot;default&quot;,&quot;ignore_items_size&quot;:false,&quot;items_layout&quot;:&quot;323&quot;,&quot;items_offset&quot;:&quot;1&quot;,&quot;overriding_link&quot;:&quot;none&quot;,&quot;post_id&quot;:4909,&quot;query_args&quot;:{&quot;post_type&quot;:[&quot;platja&quot;],&quot;post_status&quot;:[&quot;publish&quot;],&quot;orderby&quot;:{&quot;date&quot;:&quot;ASC&quot;},&quot;posts_per_page&quot;:999},&quot;type&quot;:&quot;grid&quot;,&quot;us_grid_ajax_index&quot;:1,&quot;us_grid_filter_params&quot;:null,&quot;us_grid_index&quot;:1,&quot;_us_grid_post_type&quot;:&quot;platja&quot;,&quot;lang&quot;:&quot;es&quot;}}'><\/div>\r\n<\/div><\/div><\/div><\/div><\/div><\/div><\/section>\n","protected":false},"featured_media":15343,"template":"","categories_platja":[],"class_list":["post-4909","platja","type-platja","status-publish","has-post-thumbnail","hentry"],"_links":{"self":[{"href":"https:\/\/visittossa.com\/es\/wp-json\/wp\/v2\/platja\/4909","targetHints":{"allow":["GET"]}}],"collection":[{"href":"https:\/\/visittossa.com\/es\/wp-json\/wp\/v2\/platja"}],"about":[{"href":"https:\/\/visittossa.com\/es\/wp-json\/wp\/v2\/types\/platja"}],"wp:featuredmedia":[{"embeddable":true,"href":"https:\/\/visittossa.com\/es\/wp-json\/wp\/v2\/media\/15343"}],"wp:attachment":[{"href":"https:\/\/visittossa.com\/es\/wp-json\/wp\/v2\/media?parent=4909"}],"wp:term":[{"taxonomy":"categories_platja","embeddable":true,"href":"https:\/\/visittossa.com\/es\/wp-json\/wp\/v2\/categories_platja?post=4909"}],"curies":[{"name":"wp","href":"https:\/\/api.w.org\/{rel}","templated":true}]}}