{"id":5435,"date":"2021-09-22T15:48:31","date_gmt":"2021-09-22T15:48:31","guid":{"rendered":"https:\/\/visittossa.com\/patrimoni-cultural\/festes-tradicions-i-llegendes\/tradicions-de-tossa\/"},"modified":"2022-04-14T07:23:03","modified_gmt":"2022-04-14T07:23:03","slug":"tradiciones-de-tossa","status":"publish","type":"page","link":"https:\/\/visittossa.com\/es\/patrimonio-cultural\/fiestas-tradiciones-y-leyendas\/tradiciones-de-tossa\/","title":{"rendered":"Tradiciones de Tossa de Mar"},"content":{"rendered":"<section class=\"l-section wpb_row height_large width_full tossaHd with_img\" id=\"hdMd\"><div class=\"l-section-img\" style=\"background-image: url(https:\/\/visittossa.com\/wp-content\/uploads\/2021\/09\/tradicions-hd.jpg);background-repeat: no-repeat;\" data-img-width=\"1500\" data-img-height=\"370\"><\/div><div class=\"l-section-h i-cf\"><div class=\"g-cols vc_row type_default valign_middle\"><div class=\"vc_col-sm-12 wpb_column vc_column_container\"><div class=\"vc_column-inner\"><div class=\"wpb_wrapper\"><\/div><\/div><\/div><\/div><\/div><\/section><section class=\"l-section wpb_row height_large\" id=\"dblMd\"><div class=\"l-section-h i-cf\"><div class=\"g-cols vc_row type_default valign_top\"><div class=\"vc_col-sm-6 wpb_column vc_column_container imgCol\"><div class=\"vc_column-inner\"><div class=\"wpb_wrapper\"><div class=\"wpb_text_column tltMd\" ><div class=\"wpb_wrapper\"><h2>El Voto del Pueblo<\/h2>\n<\/div><\/div><div class=\"wpb_text_column txtMd\" ><div class=\"wpb_wrapper\"><p>Seg\u00fan cuenta la tradici\u00f3n, en el siglo XV la peste se abati\u00f3 sobre la poblaci\u00f3n y los tossenses pidieron la intercesi\u00f3n de San Sebasti\u00e1n, prometiendo que ir\u00edan todos los a\u00f1os de forma perpetua en peregrinaci\u00f3n hasta su capilla m\u00e1s pr\u00f3xima.<\/p>\n<p>La epidemia desapareci\u00f3 y los ciudadanos cumplieron su voto.\u00a0 A\u00f1os m\u00e1s tarde pidieron y recibieron la autorizaci\u00f3n eclesi\u00e1stica para enviar a un solo hombre en representaci\u00f3n de todo el pueblo hasta la capilla dedicada a San Sebasti\u00e1n de Santa Coloma de Farners, situada a 40 km. de Tossa. As\u00ed naci\u00f3 el \u201cPelegr\u00ed\u201d, y as\u00ed ha continuado hasta nuestros d\u00edas.<\/p>\n<p>Desde entonces, cada 20 de enero, el \u201cPare Pelegr\u00ed\u201d, en representaci\u00f3n del pueblo, y todos aquellos que quieran acompa\u00f1arle, caminan hasta la capilla de San Sebasti\u00e1n de Sta. Coloma y vuelven a Tossa al d\u00eda siguiente.\u00a0 Al llegar a Tossa, y despu\u00e9s de rezar un rosario en la capilla del Socorro, se celebra una emotiva procesi\u00f3n que discurre por las calles del casco antiguo de la poblaci\u00f3n, pasa por delante de un tramo de las murallas iluminadas con teas de fuego, y acaba su recorrido en la iglesia parroquial de San Vicente.<\/p>\n<p>Para los tossenses, \u00e9sta es una tradici\u00f3n muy respetada, un acto de recogimiento y de devoci\u00f3n religiosa.\u00a0 Las personas que se suman a la peregrinaci\u00f3n lo hacen empujados por alguna promesa personal, y muchos caminan descalzos durante el itinerario, que se hace rezando el rosario a lo largo de todo el trayecto.\u00a0 Quienes acompa\u00f1an al \u201cPelegr\u00ed\u201d pueden ser creyentes o no, pero se les pide que sean respetuosos con la tradici\u00f3n y con el resto de peregrinos, y que no la confundan con una marcha popular, deportiva o festiva, actividades que estar\u00edan muy alejadas del aut\u00e9ntico esp\u00edritu de esta peregrinaci\u00f3n.<\/p>\n<\/div><\/div><\/div><\/div><\/div><div class=\"vc_col-sm-6 wpb_column vc_column_container infoCol\"><div class=\"vc_column-inner\"><div class=\"wpb_wrapper\"><div class=\"w-image align_none\"><div class=\"w-image-h\"><img loading=\"lazy\" decoding=\"async\" width=\"611\" height=\"423\" src=\"https:\/\/visittossa.com\/wp-content\/uploads\/2021\/09\/vot-del-poble.jpg\" class=\"attachment-full size-full\" alt=\"\" srcset=\"https:\/\/visittossa.com\/wp-content\/uploads\/2021\/09\/vot-del-poble.jpg 611w, https:\/\/visittossa.com\/wp-content\/uploads\/2021\/09\/vot-del-poble-300x208.jpg 300w\" sizes=\"auto, (max-width: 611px) 100vw, 611px\" \/><\/div><\/div><\/div><\/div><\/div><\/div><\/div><\/section><section class=\"l-section wpb_row height_large\" id=\"dblMd\"><div class=\"l-section-h i-cf\"><div class=\"g-cols vc_row type_default valign_top\"><div class=\"vc_col-sm-6 wpb_column vc_column_container imgCol\"><div class=\"vc_column-inner\"><div class=\"wpb_wrapper\"><div class=\"wpb_text_column tltMd\" ><div class=\"wpb_wrapper\"><h2>El &#8220;toquen a c\u00f3rrer, ses nou sardanes&#8221;<\/h2>\n<\/div><\/div><div class=\"wpb_text_column txtMd\" ><div class=\"wpb_wrapper\"><p>El \u201ctoquen a c\u00f3rrer, ses nou sardanes\u201d es un baile t\u00edpico local, precedente de la sardana tal y como se conoce ahora, que conmemora una leyenda local seg\u00fan la cual la Virgen del Socorro corri\u00f3 tras el demonio, cuando \u00e9ste se llevaba al infierno a un ni\u00f1o del pueblo llamado Xixanet.<\/p>\n<p>Se trata de un baile en el que se alternan nueve sardanas cortas (&#8220;ses nou sardanes&#8221;) con el \u201ctoquen a c\u00f3rrer\u201d, una especie de galope en el que, tradicionalmente, dos mujeres sacan a bailar a un hombre y, enlaz\u00e1ndose en grupos de tres, corren saltando al ritmo de la m\u00fasica, a lo largo de la calle dels Socors, hasta que la orquesta deja de tocar e inicia una nueva sardana. Esta secuencia, que se repite hasta nueve veces, finaliza con un vals.<\/p>\n<p>El &#8220;toquen a c\u00f3rrer, ses nou sardanes&#8221; se celebra cada 2 de julio.<\/p>\n<\/div><\/div><\/div><\/div><\/div><div class=\"vc_col-sm-6 wpb_column vc_column_container infoCol\"><div class=\"vc_column-inner\"><div class=\"wpb_wrapper\"><div class=\"w-image align_none\"><div class=\"w-image-h\"><img loading=\"lazy\" decoding=\"async\" width=\"611\" height=\"423\" src=\"https:\/\/visittossa.com\/wp-content\/uploads\/2021\/09\/toquen-a-correr.jpg\" class=\"attachment-full size-full\" alt=\"\" srcset=\"https:\/\/visittossa.com\/wp-content\/uploads\/2021\/09\/toquen-a-correr.jpg 611w, https:\/\/visittossa.com\/wp-content\/uploads\/2021\/09\/toquen-a-correr-300x208.jpg 300w\" sizes=\"auto, (max-width: 611px) 100vw, 611px\" \/><\/div><\/div><\/div><\/div><\/div><\/div><\/div><\/section><section class=\"l-section wpb_row us_custom_887a049b height_medium with_overlay\" id=\"experienciasMd\"><div class=\"l-section-overlay\" style=\"background: #ffffff\"><\/div><div class=\"l-section-h i-cf\"><div class=\"g-cols vc_row type_default valign_top\"><div class=\"vc_col-sm-12 wpb_column vc_column_container\"><div class=\"vc_column-inner\"><div class=\"wpb_wrapper\"><div class=\"g-cols wpb_row  type_default valign_top vc_inner\"><div class=\"vc_col-sm-4 wpb_column vc_column_container\"><div class=\"vc_column-inner\"><div class=\"wpb_wrapper\">\n<div id=\"interactive-banner-1-wrap-9920\" class=\"ult-banner-block ult-adjust-bottom-margin ult-bb-box  banner-style01 \"   style=\"\">\n\t<img decoding=\"async\" src=\"https:\/\/visittossa.com\/wp-content\/uploads\/2022\/02\/festes_BOMBOLLA.jpeg\" alt=\"festes tossa\">\n\t<h3  data-ultimate-target='#interactive-banner-1-wrap-9920 .bb-top-title '  data-responsive-json-new='{\"font-size\":\"\",\"line-height\":\"\"}'  class=\"title-center bb-top-title ult-responsive\" style=\"font-weight:normal;background:#242424;color:#ffffff;\">Fiestas<\/h3>\n\t<div class=\"mask opaque-background\" style=\"background:rgba(35,35,35,0.41);\">\n\t\t<div  data-ultimate-target='#interactive-banner-1-wrap-9920 .bb-description'  data-responsive-json-new='{\"font-size\":\"\",\"line-height\":\"\"}'  class=\"bb-description ult-responsive\" style=\"font-weight:normal;color:#ffffff;\"><\/div>\n\t<\/div><a class=\"bb-link\" href=\"https:\/\/visittossa.com\/es\/patrimonio-cultural\/fiestas-tradiciones-y-leyendas\/fiestas-de-tossa\/\" title=\"Fiestas\" ><\/a>\n<\/div><\/div><\/div><\/div><div class=\"vc_col-sm-4 wpb_column vc_column_container active\"><div class=\"vc_column-inner\"><div class=\"wpb_wrapper\">\n<div id=\"interactive-banner-1-wrap-1839\" class=\"ult-banner-block ult-adjust-bottom-margin ult-bb-box  banner-style01 \"   style=\"\">\n\t<img decoding=\"async\" src=\"https:\/\/visittossa.com\/wp-content\/uploads\/2021\/09\/Tradicions-thumb.jpg\" alt=\"null\">\n\t<h3  data-ultimate-target='#interactive-banner-1-wrap-1839 .bb-top-title '  data-responsive-json-new='{\"font-size\":\"\",\"line-height\":\"\"}'  class=\"title-center bb-top-title ult-responsive\" style=\"font-weight:normal;background:#242424;color:#ffffff;\">Tradiciones<\/h3>\n\t<div class=\"mask opaque-background\" style=\"background:rgba(35,35,35,0.41);\">\n\t\t<div  data-ultimate-target='#interactive-banner-1-wrap-1839 .bb-description'  data-responsive-json-new='{\"font-size\":\"\",\"line-height\":\"\"}'  class=\"bb-description ult-responsive\" style=\"font-weight:normal;color:#ffffff;\"><\/div>\n\t<\/div><a class=\"bb-link\" href=\"https:\/\/visittossa.com\/es\/patrimonio-cultural\/fiestas-tradiciones-y-leyendas\/tradiciones-de-tossa\/\" title=\"Tradiciones de Tossa de Mar\" ><\/a>\n<\/div><\/div><\/div><\/div><div class=\"vc_col-sm-4 wpb_column vc_column_container\"><div class=\"vc_column-inner\"><div class=\"wpb_wrapper\">\n<div id=\"interactive-banner-1-wrap-2517\" class=\"ult-banner-block ult-adjust-bottom-margin ult-bb-box  banner-style01 \"   style=\"\">\n\t<img decoding=\"async\" src=\"https:\/\/visittossa.com\/wp-content\/uploads\/2021\/09\/llegendes-thumb.jpg\" alt=\"null\">\n\t<h3  data-ultimate-target='#interactive-banner-1-wrap-2517 .bb-top-title '  data-responsive-json-new='{\"font-size\":\"\",\"line-height\":\"\"}'  class=\"title-center bb-top-title ult-responsive\" style=\"font-weight:normal;background:#242424;color:#ffffff;\">Leyendas<\/h3>\n\t<div class=\"mask opaque-background\" style=\"background:rgba(35,35,35,0.41);\">\n\t\t<div  data-ultimate-target='#interactive-banner-1-wrap-2517 .bb-description'  data-responsive-json-new='{\"font-size\":\"\",\"line-height\":\"\"}'  class=\"bb-description ult-responsive\" style=\"font-weight:normal;color:#ffffff;\"><\/div>\n\t<\/div><a class=\"bb-link\" href=\"https:\/\/visittossa.com\/es\/patrimonio-cultural\/fiestas-tradiciones-y-leyendas\/leyendas-de-tossa\/\" title=\"Leyendas de Tossa de Mar\" ><\/a>\n<\/div><\/div><\/div><\/div><\/div><\/div><\/div><\/div><\/div><\/div><\/section><section class=\"l-section wpb_row height_medium\" id=\"experienciasMd\"><div class=\"l-section-h i-cf\"><div class=\"g-cols vc_row type_default valign_top\"><div class=\"vc_col-sm-12 wpb_column vc_column_container\"><div class=\"vc_column-inner\"><div class=\"wpb_wrapper\"><div class=\"g-cols wpb_row  type_default valign_top vc_inner\"><div class=\"vc_col-sm-4 wpb_column vc_column_container\"><div class=\"vc_column-inner\"><div class=\"wpb_wrapper\">\n<div id=\"interactive-banner-1-wrap-7700\" class=\"ult-banner-block ult-adjust-bottom-margin ult-bb-box  banner-style01 \"   style=\"\">\n\t<img decoding=\"async\" src=\"https:\/\/visittossa.com\/wp-content\/uploads\/2022\/02\/Tossa-a-traves-dels-temps_BOMBOLLA.jpg\" alt=\"La Torre dels moros\">\n\t<h3  data-ultimate-target='#interactive-banner-1-wrap-7700 .bb-top-title '  data-responsive-json-new='{\"font-size\":\"\",\"line-height\":\"\"}'  class=\"title-center bb-top-title ult-responsive\" style=\"font-weight:normal;background:#242424;color:#ffffff;\">Tossa a trav\u00e9s del tiempo<\/h3>\n\t<div class=\"mask opaque-background\" style=\"background:rgba(35,35,35,0.41);\">\n\t\t<div  data-ultimate-target='#interactive-banner-1-wrap-7700 .bb-description'  data-responsive-json-new='{\"font-size\":\"\",\"line-height\":\"\"}'  class=\"bb-description ult-responsive\" style=\"font-weight:normal;color:#ffffff;\"><\/div>\n\t<\/div><a class=\"bb-link\" href=\"https:\/\/visittossa.com\/es\/patrimonio-cultural\/tossa-a-traves-del-tiempo\/\" title=\"Tossa a trav\u00e9s del tiempo\" ><\/a>\n<\/div><\/div><\/div><\/div><div class=\"vc_col-sm-4 wpb_column vc_column_container\"><div class=\"vc_column-inner\"><div class=\"wpb_wrapper\">\n<div id=\"interactive-banner-1-wrap-9779\" class=\"ult-banner-block ult-adjust-bottom-margin ult-bb-box  banner-style01 \"   style=\"\">\n\t<img decoding=\"async\" src=\"https:\/\/visittossa.com\/wp-content\/uploads\/2022\/02\/art-i-cultura_BOMBOLLA.jpg\" alt=\"art i cultura Tossa\">\n\t<h3  data-ultimate-target='#interactive-banner-1-wrap-9779 .bb-top-title '  data-responsive-json-new='{\"font-size\":\"\",\"line-height\":\"\"}'  class=\"title-center bb-top-title ult-responsive\" style=\"font-weight:normal;background:#242424;color:#ffffff;\">Arte y cultura<\/h3>\n\t<div class=\"mask opaque-background\" style=\"background:rgba(35,35,35,0.41);\">\n\t\t<div  data-ultimate-target='#interactive-banner-1-wrap-9779 .bb-description'  data-responsive-json-new='{\"font-size\":\"\",\"line-height\":\"\"}'  class=\"bb-description ult-responsive\" style=\"font-weight:normal;color:#ffffff;\"><\/div>\n\t<\/div><a class=\"bb-link\" href=\"https:\/\/visittossa.com\/es\/patrimonio-cultural\/arte-y-cultura\/\" title=\"Arte y cultura\" ><\/a>\n<\/div><\/div><\/div><\/div><div class=\"vc_col-sm-4 wpb_column vc_column_container\"><div class=\"vc_column-inner\"><div class=\"wpb_wrapper\">\n<div id=\"interactive-banner-1-wrap-1062\" class=\"ult-banner-block ult-adjust-bottom-margin ult-bb-box  banner-style01 \"   style=\"\">\n\t<img decoding=\"async\" src=\"https:\/\/visittossa.com\/wp-content\/uploads\/2022\/03\/Festes-Tossa-BOMBOLLA.jpg\" alt=\"Festes Tossa de Mar\">\n\t<h3  data-ultimate-target='#interactive-banner-1-wrap-1062 .bb-top-title '  data-responsive-json-new='{\"font-size\":\"\",\"line-height\":\"\"}'  class=\"title-center bb-top-title ult-responsive\" style=\"font-weight:normal;background:#242424;color:#ffffff;\">Fiestas, tradiciones y leyendas<\/h3>\n\t<div class=\"mask opaque-background\" style=\"background:rgba(35,35,35,0.41);\">\n\t\t<div  data-ultimate-target='#interactive-banner-1-wrap-1062 .bb-description'  data-responsive-json-new='{\"font-size\":\"\",\"line-height\":\"\"}'  class=\"bb-description ult-responsive\" style=\"font-weight:normal;color:#ffffff;\"><\/div>\n\t<\/div><a class=\"bb-link\" href=\"https:\/\/visittossa.com\/es\/patrimonio-cultural\/fiestas-tradiciones-y-leyendas\/\" title=\"Fiestas, tradiciones y leyendas\" ><\/a>\n<\/div><\/div><\/div><\/div><\/div><\/div><\/div><\/div><\/div><\/div><\/section>\n","protected":false},"excerpt":{"rendered":"El Voto del Pueblo Seg\u00fan cuenta la tradici\u00f3n, en el siglo XV la peste se abati\u00f3 sobre la poblaci\u00f3n y los tossenses pidieron la intercesi\u00f3n de San Sebasti\u00e1n, prometiendo que ir\u00edan todos los a\u00f1os de forma perpetua en peregrinaci\u00f3n hasta su capilla m\u00e1s pr\u00f3xima. La epidemia desapareci\u00f3 y los ciudadanos cumplieron su voto.\u00a0 A\u00f1os m\u00e1s...","protected":false},"author":1,"featured_media":0,"parent":5426,"menu_order":0,"comment_status":"closed","ping_status":"closed","template":"","meta":{"_monsterinsights_skip_tracking":false,"_monsterinsights_sitenote_active":false,"_monsterinsights_sitenote_note":"","_monsterinsights_sitenote_category":0,"footnotes":""},"class_list":["post-5435","page","type-page","status-publish","hentry"],"_links":{"self":[{"href":"https:\/\/visittossa.com\/es\/wp-json\/wp\/v2\/pages\/5435","targetHints":{"allow":["GET"]}}],"collection":[{"href":"https:\/\/visittossa.com\/es\/wp-json\/wp\/v2\/pages"}],"about":[{"href":"https:\/\/visittossa.com\/es\/wp-json\/wp\/v2\/types\/page"}],"author":[{"embeddable":true,"href":"https:\/\/visittossa.com\/es\/wp-json\/wp\/v2\/users\/1"}],"replies":[{"embeddable":true,"href":"https:\/\/visittossa.com\/es\/wp-json\/wp\/v2\/comments?post=5435"}],"version-history":[{"count":6,"href":"https:\/\/visittossa.com\/es\/wp-json\/wp\/v2\/pages\/5435\/revisions"}],"predecessor-version":[{"id":8019,"href":"https:\/\/visittossa.com\/es\/wp-json\/wp\/v2\/pages\/5435\/revisions\/8019"}],"up":[{"embeddable":true,"href":"https:\/\/visittossa.com\/es\/wp-json\/wp\/v2\/pages\/5426"}],"wp:attachment":[{"href":"https:\/\/visittossa.com\/es\/wp-json\/wp\/v2\/media?parent=5435"}],"curies":[{"name":"wp","href":"https:\/\/api.w.org\/{rel}","templated":true}]}}