{"id":5364,"date":"2020-10-20T09:39:25","date_gmt":"2020-10-20T09:39:25","guid":{"rendered":"https:\/\/visittossa.com\/moures-per-tossa\/"},"modified":"2025-01-08T09:23:10","modified_gmt":"2025-01-08T09:23:10","slug":"moverse-por-tossa","status":"publish","type":"page","link":"https:\/\/visittossa.com\/es\/moverse-por-tossa\/","title":{"rendered":"Moverse por Tossa"},"content":{"rendered":"<section class=\"l-section wpb_row height_large innerHd with_img\" id=\"hdMd\"><div class=\"l-section-img\" style=\"background-image: url(https:\/\/visittossa.com\/wp-content\/uploads\/2022\/03\/IMG_6792-scaled.jpg);background-repeat: no-repeat;\" data-img-width=\"2560\" data-img-height=\"1706\"><\/div><div class=\"l-section-h i-cf\"><div class=\"g-cols vc_row type_default valign_top\"><div class=\"vc_col-sm-12 wpb_column vc_column_container\"><div class=\"vc_column-inner\"><div class=\"wpb_wrapper\"><\/div><\/div><\/div><\/div><\/div><\/section><section class=\"l-section wpb_row height_medium\" id=\"introTxt\"><div class=\"l-section-h i-cf\"><div class=\"g-cols vc_row type_default valign_top\"><div class=\"vc_col-sm-12 wpb_column vc_column_container\"><div class=\"vc_column-inner\"><div class=\"wpb_wrapper\"><div class=\"wpb_text_column ttlMd\" ><div class=\"wpb_wrapper\"><h2 style=\"text-align: center;\">Moverse por Tossa<\/h2>\n<\/div><\/div><div class=\"wpb_text_column txtMd\" ><div class=\"wpb_wrapper\"><p style=\"text-align: center;\">Tossa de Mar tiene unas dimensiones que permiten recorrerla en buena parte a pie.<\/p>\n<p style=\"text-align: center;\">No obstante, hay opciones de transporte local tanto para desplazarse por el interior del n\u00facleo urbano como para ir hasta algunas de sus playas y calas, urbanizaciones o alojamientos situados fuera de la poblaci\u00f3n.<\/p>\n<p style=\"text-align: center;\">Aqu\u00ed tambi\u00e9n encontrar\u00e9is las empresas de alquiler de bicicletas y coches y, si lleg\u00e1is en vuestro propio veh\u00edculo, las opciones de aparcamiento de las que dispone nuestra poblaci\u00f3n.<\/p>\n<p style=\"text-align: center;\"><a href=\"https:\/\/visittossa.com\/wp-content\/uploads\/2024\/05\/pla\u0300nol-tossa-baixa_actualitzat-27-05-24.pdf\" target=\"_blank\" rel=\"noopener\">Descargaos aqu\u00ed el mapa de Tossa.<\/a><\/p>\n<\/div><\/div><\/div><\/div><\/div><\/div><\/div><\/section><section class=\"l-section wpb_row height_auto\" id=\"srchMd\"><div class=\"l-section-h i-cf\"><div class=\"g-cols vc_row type_default valign_top\"><div class=\"vc_col-sm-12 wpb_column vc_column_container\"><div class=\"vc_column-inner\"><div class=\"wpb_wrapper\"><div class=\"wpb_text_column\" ><div class=\"wpb_wrapper\"><form data-sf-form-id='8836' data-is-rtl='0' data-maintain-state='' data-results-url='https:\/\/visittossa.com\/es\/moverse-por-tossa\/' data-ajax-url='https:\/\/visittossa.com\/es\/?sfid=8836&amp;sf_action=get_data&amp;sf_data=results' data-ajax-form-url='https:\/\/visittossa.com\/es\/?sfid=8836&amp;sf_action=get_data&amp;sf_data=form' data-display-result-method='shortcode' data-use-history-api='1' data-template-loaded='0' data-lang-code='es' data-ajax='1' data-ajax-data-type='json' data-ajax-links-selector='.pagination a' data-ajax-target='#search-filter-results-8836' data-ajax-pagination-type='infinite_scroll' data-show-scroll-loader='1' data-infinite-scroll-trigger='-100' data-update-ajax-url='1' data-only-results-ajax='1' data-scroll-to-pos='0' data-init-paged='1' data-auto-update='' action='https:\/\/visittossa.com\/es\/moverse-por-tossa\/' method='post' class='searchandfilter' id='search-filter-form-8836' autocomplete='off' data-instance-count='1'><ul><li class=\"sf-field-search\" data-sf-field-name=\"search\" data-sf-field-type=\"search\" data-sf-field-input-type=\"\">\t\t<label><input placeholder=\"Busca c\u00f3mo moverse\u2026\" name=\"_sf_search[]\" class=\"sf-input-text\" type=\"text\" value=\"\" title=\"\"><\/label>\t\t<\/li><li class=\"sf-field-taxonomy-categories_moure_s\" data-sf-field-name=\"_sft_categories_moure_s\" data-sf-field-type=\"taxonomy\" data-sf-field-input-type=\"select\">\t\t<label>\n\t\t\t\t<select name=\"_sft_categories_moure_s[]\" class=\"sf-input-select\" title=\"\">\n\t\t\t\n\t\t\t\t\t\t<option class=\"sf-level-0 sf-item-0 sf-option-active\" selected=\"selected\" data-sf-count=\"0\" data-sf-depth=\"0\" value=\"\">C\u00f3mo moverse\u2026<\/option>\n\t\t\t\t\t\t<option class=\"sf-level-0 sf-item-569\" data-sf-count=\"2\" data-sf-depth=\"0\" value=\"alquiler-de-bicicletas\">Alquiler de bicicletas<\/option>\n\t\t\t\t\t\t<option class=\"sf-level-0 sf-item-570\" data-sf-count=\"2\" data-sf-depth=\"0\" value=\"alquiler-de-coches\">Alquiler de coches<\/option>\n\t\t\t\t\t\t<option class=\"sf-level-0 sf-item-571\" data-sf-count=\"2\" data-sf-depth=\"0\" value=\"aparcamientos-en-tossa\">Aparcamientos en Tossa<\/option>\n\t\t\t\t\t\t<option class=\"sf-level-0 sf-item-572\" data-sf-count=\"1\" data-sf-depth=\"0\" value=\"transporte-local-por-mar-de-abril-a-octubre\">Transporte local por mar (de abril a octubre)<\/option>\n\t\t\t\t\t\t<option class=\"sf-level-0 sf-item-573\" data-sf-count=\"3\" data-sf-depth=\"0\" value=\"transporte-local-por-tierra\">Transporte local por tierra<\/option>\n\t\t\t\t\t<\/select>\n\t\t<\/label>\t\t<\/li><li class=\"sf-field-submit\" data-sf-field-name=\"submit\" data-sf-field-type=\"submit\" data-sf-field-input-type=\"\"><input type=\"submit\" name=\"_sf_submit\" value=\"Filtrar Resultados\"><\/li><\/ul><\/form>\n<\/div><\/div><\/div><\/div><\/div><\/div><\/div><\/section><section class=\"l-section wpb_row height_medium\" id=\"rsltMd\"><div class=\"l-section-h i-cf\"><div class=\"g-cols vc_row type_default valign_top\"><div class=\"vc_col-sm-12 wpb_column vc_column_container\"><div class=\"vc_column-inner\"><div class=\"wpb_wrapper\"><div class=\"wpb_text_column\" ><div class=\"wpb_wrapper\"><div class=\"search-filter-results\" id=\"search-filter-results-8836\">\t\n\t\t\t<div class=\"itemRslt\">\n\t\t\t\t\t\t<h6 class=\"ttlRslt\">Aparcamiento para autobuses<\/h6>\n\t\t\t<p><p style=\"text-align: center;\"><strong>Terminal de autobuses, detr\u00e1s de la zona de andenes<\/strong><\/p>\n<p>&nbsp;<\/p>\n<p style=\"text-align: center;\"><strong><a href=\"https:\/\/visittossa.com\/wp-content\/uploads\/2022\/03\/Mapa-aparcament-busos.pdf\" target=\"_blank\" rel=\"noopener\">Ver mapa<\/a><\/strong><\/p>\n<\/p>\n\t\t<\/div>\n\t\t\t\t<div class=\"itemRslt\">\n\t\t\t\t\t\t<h6 class=\"ttlRslt\">Aparcamientos para autom\u00f3viles dentro del pueblo<\/h6>\n\t\t\t<p><p style=\"text-align: center;\">Av. del Pelegr\u00ed (1)<\/p>\n<p style=\"text-align: center;\">Av. de la Palma (3)<\/p>\n<p style=\"text-align: center;\">C\/ Mar Menuda (1)<\/p>\n<p style=\"text-align: center;\">C\/ Dr. Fleming (1)<\/p>\n<p style=\"text-align: center;\">C\/ Pintor Joan Serra (2)<\/p>\n<p style=\"text-align: center;\">C\/ Puerto Rico (1)<\/p>\n<p style=\"text-align: center;\">Av. Ferran Agull\u00f3 (2)<\/p>\n<p style=\"text-align: center;\">C\/ Enric Granados (1)<\/p>\n<p style=\"text-align: center;\"><a href=\"https:\/\/visittossa.com\/wp-content\/uploads\/2025\/06\/Aparcaments_Tossa_2025.pdf\" target=\"_blank\" rel=\"noopener\"><strong>Ver mapa<\/strong><\/a><\/p>\n<\/p>\n\t\t<\/div>\n\t\t\t\t<div class=\"itemRslt\">\n\t\t\t\t\t\t<h6 class=\"ttlRslt\">Fondo de Cristal &#038; Subvision<\/h6>\n\t\t\t<p><p style=\"text-align: center;\"><strong>Platja Gran<\/strong><\/p>\n<p style=\"text-align: center;\">Tel. +34 972 342 229 &#8211; +34 686 381 581<br \/>\n<a href=\"http:\/\/www.fondocristal.com\" target=\"_blank\" rel=\"noopener\">www.fondocristal.com<\/a><br \/>\n<a href=\"mailto:fondocristal@hotmail.com\">fondocristal@hotmail.com<\/a><\/p>\n<p style=\"text-align: center;\">Salidas: Aproximadamente cada<br \/>\nhora (cada media hora en temporada<br \/>\nalta)<\/p>\n<\/p>\n\t\t<\/div>\n\t\t\t\t<div class=\"itemRslt\">\n\t\t\t\t\t\t<h6 class=\"ttlRslt\">Jimbo Bikes<\/h6>\n\t\t\t<p><p style=\"text-align: center;\"><strong>Rambla Pau Casals, 12, local 4t<\/strong><\/p>\n<p style=\"text-align: center;\">Tel. +34 972 343 044<br \/>\n<a href=\"mailto:info@jimbobikes.com\">info@jimbobikes.com<\/a><br \/>\n<span class=\"marker\"><a href=\"http:\/\/www.jimbobikes.com\/\" target=\"_blank\" rel=\"noopener noreferrer\">www.jimbobikes.com<\/a><\/span><\/p>\n<\/p>\n\t\t<\/div>\n\t\t\t\t<div class=\"itemRslt\">\n\t\t\t\t\t\t<h6 class=\"ttlRslt\">Taxi<\/h6>\n\t\t\t<p><p style=\"text-align: center;\"><strong>Parada de taxis<br \/>\nAv. del Pelegr\u00ed, 25\u00a0<\/strong><br \/>\n(delante de la Oficina de Turismo)<\/p>\n<p style=\"text-align: center;\">Tel.+34 972 340 549<\/p>\n<\/p>\n\t\t<\/div>\n\t\t\t\t<div class=\"itemRslt\">\n\t\t\t\t\t\t<h6 class=\"ttlRslt\">Tossa cycling<\/h6>\n\t\t\t<p><p style=\"text-align: center;\"><strong>C\/ Pintor Rafel Benet, Local 1<\/strong><\/p>\n<p style=\"text-align: center;\">Tel. +34\u00a0<span aria-label=\"Llamar al n\u00famero de tel\u00e9fono 673 69 04 58\">673 69 04 58<\/span><br \/>\n<a href=\"https:\/\/tossacycling.com\/\" target=\"_blank\" rel=\"noopener\">www.tossacycling.com<\/a><\/p>\n<\/p>\n\t\t<\/div>\n\t\t\t\t<div class=\"itemRslt\">\n\t\t\t\t\t\t<h6 class=\"ttlRslt\">Trenecito<\/h6>\n\t\t\t<p><p style=\"text-align: center;\">Tel. +34 972 340 241<br \/>\n<span class=\"marker\"><a href=\"http:\/\/www.dicotren.com\/\" target=\"_blank\" rel=\"noopener noreferrer\">www.dicotren.com<\/a><\/span><\/p>\n<p style=\"text-align: center;\">Itinerario y paradas: Terminal de autobuses &#8211; Paseo del Mar &#8211; Av. la Palma &#8211; Mar Menuda &#8211; Av. Joan Maragall &#8211; Rbla. Pau Casals &#8211; Terminal de autobuses<br \/>\nDuraci\u00f3n y frecuencia aproximadas: 45 minutos<\/p>\n<\/p>\n\t\t<\/div>\n\t\t\t\t<div class=\"itemRslt\">\n\t\t\t\t\t\t<h6 class=\"ttlRslt\">Trenecito del faro<\/h6>\n\t\t\t<p><p style=\"text-align: center;\">Tel. +34 972 340 241<br \/>\n<span class=\"marker\"><a href=\"http:\/\/www.dicotren.com\/\" target=\"_blank\" rel=\"noopener noreferrer\">www.dicotren.com<\/a><\/span><br \/>\n(de marzo a octubre)<\/p>\n<p style=\"text-align: center;\">Lugar de salida: Passeig de Mar<br \/>\nFinal del trayecto: Faro de Tossa<br \/>\nDuraci\u00f3n: 5 \/ 10 minutos<br \/>\nFrecuencia aproximada: cada 45 minutos<\/p>\n<\/p>\n\t\t<\/div>\n\t\t\t\t<div class=\"itemRslt\">\n\t\t\t\t\t\t<h6 class=\"ttlRslt\">Viajes Internacional Tossa<\/h6>\n\t\t\t<p><p style=\"text-align: center;\"><strong>C\/ Peixateries, 1<\/strong><\/p>\n<p style=\"text-align: center;\">Tel. +34 972 340 241<br \/>\n<span class=\"marker\"><a href=\"http:\/\/www.vitviatges.com\/\" target=\"_blank\" rel=\"noopener noreferrer\">www.vitviatges.com<\/a><\/span><br \/>\n<a href=\"mailto:tossa@vitviatges.com\">tossa@vitviatges.com<\/a><br \/>\nAlquiler de coches:<br \/>\n(Olimpia Rent a Car)<\/p>\n<\/p>\n\t\t<\/div>\n\t\t\t\t<div class=\"itemRslt\">\n\t\t\t\t\t\t<h6 class=\"ttlRslt\">Viatges Tramontana<\/h6>\n\t\t\t<p><p style=\"text-align: center;\"><strong>Av. Costa Brava, 23<\/strong><\/p>\n<p style=\"text-align: center;\">Tel. +34 972 342 829<br \/>\nTel. +34 972 342 753<br \/>\n<a href=\"mailto:info@viajestramontana.com\" target=\"_blank\" rel=\"noopener\">info@viajestramontana.com<\/a><br \/>\nAlquiler de coches:<br \/>\n(Avis, City Point, Olimpia Rent a Car, Sacar y Europcar)<\/p>\n<\/p>\n\t\t<\/div>\n\t\t\t\n\n\t<\/div>\n<\/div><\/div><\/div><\/div><\/div><\/div><\/div><\/section>\n","protected":false},"excerpt":{"rendered":"Av. Costa Brava, 23 Tel. +34 972 342 829 Tel. +34 972 342 753 info@viajestramontana.com Alquiler de coches: (Avis, City Point, Olimpia Rent a Car, Sacar y Europcar)","protected":false},"author":1,"featured_media":0,"parent":0,"menu_order":0,"comment_status":"closed","ping_status":"closed","template":"","meta":{"_monsterinsights_skip_tracking":false,"_monsterinsights_sitenote_active":false,"_monsterinsights_sitenote_note":"","_monsterinsights_sitenote_category":0,"footnotes":""},"class_list":["post-5364","page","type-page","status-publish","hentry"],"_links":{"self":[{"href":"https:\/\/visittossa.com\/es\/wp-json\/wp\/v2\/pages\/5364","targetHints":{"allow":["GET"]}}],"collection":[{"href":"https:\/\/visittossa.com\/es\/wp-json\/wp\/v2\/pages"}],"about":[{"href":"https:\/\/visittossa.com\/es\/wp-json\/wp\/v2\/types\/page"}],"author":[{"embeddable":true,"href":"https:\/\/visittossa.com\/es\/wp-json\/wp\/v2\/users\/1"}],"replies":[{"embeddable":true,"href":"https:\/\/visittossa.com\/es\/wp-json\/wp\/v2\/comments?post=5364"}],"version-history":[{"count":11,"href":"https:\/\/visittossa.com\/es\/wp-json\/wp\/v2\/pages\/5364\/revisions"}],"predecessor-version":[{"id":15923,"href":"https:\/\/visittossa.com\/es\/wp-json\/wp\/v2\/pages\/5364\/revisions\/15923"}],"wp:attachment":[{"href":"https:\/\/visittossa.com\/es\/wp-json\/wp\/v2\/media?parent=5364"}],"curies":[{"name":"wp","href":"https:\/\/api.w.org\/{rel}","templated":true}]}}