{"id":5610,"date":"2021-12-10T10:31:48","date_gmt":"2021-12-10T10:31:48","guid":{"rendered":"https:\/\/visittossa.com\/agenda\/agenda-mensual\/"},"modified":"2022-09-23T11:37:21","modified_gmt":"2022-09-23T11:37:21","slug":"events-of-the-month","status":"publish","type":"page","link":"https:\/\/visittossa.com\/en\/agenda\/events-of-the-month\/","title":{"rendered":"Events of the month"},"content":{"rendered":"<section class=\"l-section wpb_row height_large width_full tossaHd with_img\" id=\"hdMd\"><div class=\"l-section-img\" style=\"background-image: url(https:\/\/visittossa.com\/wp-content\/uploads\/2022\/03\/AGENDA-TOSSA-DE-MAR.jpg);background-repeat: no-repeat;\" data-img-width=\"1400\" data-img-height=\"800\"><\/div><div class=\"l-section-h i-cf\"><div class=\"g-cols vc_row type_default valign_middle\"><div class=\"vc_col-sm-12 wpb_column vc_column_container\"><div class=\"vc_column-inner\"><div class=\"wpb_wrapper\"><\/div><\/div><\/div><\/div><\/div><\/section><section class=\"l-section wpb_row height_medium\" id=\"introTxt\"><div class=\"l-section-h i-cf\"><div class=\"g-cols vc_row type_default valign_top\"><div class=\"vc_col-sm-12 wpb_column vc_column_container\"><div class=\"vc_column-inner\"><div class=\"wpb_wrapper\"><div class=\"wpb_text_column ttlMd\" ><div class=\"wpb_wrapper\"><h2 style=\"text-align: center;\">Events of the month<\/h2>\n<\/div><\/div><\/div><\/div><\/div><\/div><\/div><\/section><section class=\"l-section wpb_row height_medium\" id=\"agendaMd\"><div class=\"l-section-h i-cf\"><div class=\"g-cols vc_row type_default valign_top\"><div class=\"vc_col-sm-12 wpb_column vc_column_container\"><div class=\"vc_column-inner\"><div class=\"wpb_wrapper\"><div class=\"w-grid type_grid layout_1510 with_pagination\" id=\"us_grid_1\" data-grid-filter=\"true\"><style id=\"us_grid_1_css\">#us_grid_1 .w-grid-item:not(:last-child){margin-bottom:1.5rem}#us_grid_1 .g-loadmore{margin-top:1.5rem}<\/style><style>.layout_1510 .w-grid-item-h{}.layout_1510 .usg_post_image_1{width:30%!important;margin-right:5%!important}.layout_1510 .usg_post_title_1{font-weight:600!important;text-transform:uppercase!important;font-size:30px!important;margin-bottom:30px!important}<\/style><div class=\"w-grid-list\" ><article class=\"w-grid-item size_1x1 post-19148 agenda_mensual type-agenda_mensual status-publish has-post-thumbnail hentry categories_agenda-destacados-en\" data-id=\"19148\">\r\n\t<div class=\"w-grid-item-h\">\r\n\t\t\t\t<div class=\"w-hwrapper usg_hwrapper_1 align_left valign_top\"><div class=\"w-post-elm post_image usg_post_image_1 has_width stretched\"><a href=\"https:\/\/visittossa.com\/wp-content\/uploads\/2026\/07\/Concurs-pintura-rapida-2026-scaled-e1785838385910.jpg\" ref=\"magnificPopup\" aria-label=\"Tossa de Mar quick international painting competition exhibition\"><img loading=\"lazy\" decoding=\"async\" width=\"2560\" height=\"1810\" src=\"https:\/\/visittossa.com\/wp-content\/uploads\/2026\/07\/Concurs-pintura-rapida-2026-scaled-e1785838385910.jpg\" class=\"attachment-full size-full wp-post-image\" alt=\"\" \/><\/a><\/div><div class=\"w-vwrapper usg_vwrapper_1 align_left valign_top\"><h2 class=\"w-post-elm post_title usg_post_title_1 entry-title color_link_inherit\">Tossa de Mar quick international painting competition exhibition<\/h2><div class=\"w-post-elm post_content usg_post_content_1\"><p><strong>Date:<\/strong>\u00a0 30\/08 &#8211; 05\/09\u00a0 <strong>Place<\/strong> Edif. La Nau (Av. del Pelegr\u00ed, 25)\u00a0 <strong>Time<\/strong>: 16:00 &#8211; 19:00 h<\/p>\n<p>&nbsp;<\/p>\n<p>Every last Sunday of August takes place this outdoor contest open to everybody.<\/p>\n<p>The exhibition will be open from 16:00 &#8211; 19:00 h, Monday through Saturday <strong>until the 05th. of September.<\/strong><\/p>\n<p>Competition <a href=\"https:\/\/visittossa.com\/wp-content\/uploads\/2026\/08\/Diptics-pintura-2026.pdf\" target=\"_blank\" rel=\"noopener\"><strong>rules<\/strong><\/a><\/p>\n<\/div><\/div><\/div>\t<\/div>\r\n<\/article>\r\n<article class=\"w-grid-item size_1x1 post-19301 agenda_mensual type-agenda_mensual status-publish has-post-thumbnail hentry\" data-id=\"19301\">\r\n\t<div class=\"w-grid-item-h\">\r\n\t\t\t\t<div class=\"w-hwrapper usg_hwrapper_1 align_left valign_top\"><div class=\"w-post-elm post_image usg_post_image_1 has_width stretched\"><a href=\"https:\/\/visittossa.com\/wp-content\/uploads\/2022\/03\/CIM-I-TOMBA-2026-2-scaled.jpg\" ref=\"magnificPopup\" aria-label=\"Gastronomic campaign of the Cim i tomba cuisine\"><img loading=\"lazy\" decoding=\"async\" width=\"1850\" height=\"2560\" src=\"https:\/\/visittossa.com\/wp-content\/uploads\/2022\/03\/CIM-I-TOMBA-2026-2-scaled.jpg\" class=\"attachment-full size-full wp-post-image\" alt=\"\" srcset=\"https:\/\/visittossa.com\/wp-content\/uploads\/2022\/03\/CIM-I-TOMBA-2026-2-scaled.jpg 1850w, https:\/\/visittossa.com\/wp-content\/uploads\/2022\/03\/CIM-I-TOMBA-2026-2-217x300.jpg 217w, https:\/\/visittossa.com\/wp-content\/uploads\/2022\/03\/CIM-I-TOMBA-2026-2-740x1024.jpg 740w\" sizes=\"auto, (max-width: 1850px) 100vw, 1850px\" \/><\/a><\/div><div class=\"w-vwrapper usg_vwrapper_1 align_left valign_top\"><h2 class=\"w-post-elm post_title usg_post_title_1 entry-title color_link_inherit\">Gastronomic campaign of the Cim i tomba cuisine<\/h2><div class=\"w-post-elm post_content usg_post_content_1\"><p><strong>Dates:<\/strong>\u00a001\/09 \u2013 04\/10\/26<\/p>\n<p>Several restaurants specializing in Tossa\u2019s traditional cuisine will take part in this edition of the gastronomic campaign of the Cim i Tomba Cuisine.<\/p>\n<p>Click\u00a0<a href=\"https:\/\/visittossa.com\/wp-content\/uploads\/2026\/07\/Fulleto_Cim-i-tomba-2026-1.pdf\" target=\"_blank\" rel=\"noopener\"><strong>here<\/strong><\/a>\u00a0for more information<\/p>\n<\/div><\/div><\/div>\t<\/div>\r\n<\/article>\r\n<article class=\"w-grid-item size_1x1 post-19503 agenda_mensual type-agenda_mensual status-publish has-post-thumbnail hentry\" data-id=\"19503\">\r\n\t<div class=\"w-grid-item-h\">\r\n\t\t\t\t<div class=\"w-hwrapper usg_hwrapper_1 align_left valign_top\"><div class=\"w-post-elm post_image usg_post_image_1 has_width stretched\"><a href=\"https:\/\/visittossa.com\/wp-content\/uploads\/2026\/08\/Gelma.jpg\" ref=\"magnificPopup\" aria-label=\"Painting exhibition: &#8220;Ess\u00e8ncia&#8221;\"><img loading=\"lazy\" decoding=\"async\" width=\"1606\" height=\"2333\" src=\"https:\/\/visittossa.com\/wp-content\/uploads\/2026\/08\/Gelma.jpg\" class=\"attachment-full size-full wp-post-image\" alt=\"\" srcset=\"https:\/\/visittossa.com\/wp-content\/uploads\/2026\/08\/Gelma.jpg 1606w, https:\/\/visittossa.com\/wp-content\/uploads\/2026\/08\/Gelma-207x300.jpg 207w, https:\/\/visittossa.com\/wp-content\/uploads\/2026\/08\/Gelma-705x1024.jpg 705w\" sizes=\"auto, (max-width: 1606px) 100vw, 1606px\" \/><\/a><\/div><div class=\"w-vwrapper usg_vwrapper_1 align_left valign_top\"><h2 class=\"w-post-elm post_title usg_post_title_1 entry-title color_link_inherit\">Painting exhibition: &#8220;Ess\u00e8ncia&#8221;<\/h2><div class=\"w-post-elm post_content usg_post_content_1\"><p><strong>Dates:\u00a0 <\/strong>01\/09 \u2013 15\/09\u00a0 \u00a0 \u00a0<strong>Place:<\/strong>\u00a0Casa de Cultura (Av. del Pelegr\u00ed, 8)\u00a0 \u00a0\u00a0<strong>Timetable: <\/strong>Monday to Friday:\u00a0 10:00 \u2013 13:00 \/ 16:00 -19:00 h. Saturday &amp; Sunday:\u00a0 17:00 \u2013 19:00 h<\/p>\n<p>&nbsp;<\/p>\n<p>Painting exhibition by the artist GELM\u00c0 titled \u201cEss\u00e8ncia\u201d.<\/p>\n<p>&nbsp;<\/p>\n<p>&nbsp;<\/p>\n<\/div><\/div><\/div>\t<\/div>\r\n<\/article>\r\n<article class=\"w-grid-item size_1x1 post-18448 agenda_mensual type-agenda_mensual status-publish has-post-thumbnail hentry\" data-id=\"18448\">\r\n\t<div class=\"w-grid-item-h\">\r\n\t\t\t\t<div class=\"w-hwrapper usg_hwrapper_1 align_left valign_top\"><div class=\"w-post-elm post_image usg_post_image_1 has_width stretched\"><a href=\"https:\/\/visittossa.com\/wp-content\/uploads\/2025\/05\/20260518163907_00001-scaled-e1779114985124.jpg\" ref=\"magnificPopup\" aria-label=\"Art of the Spanish guitar\"><img loading=\"lazy\" decoding=\"async\" width=\"2560\" height=\"1810\" src=\"https:\/\/visittossa.com\/wp-content\/uploads\/2025\/05\/20260518163907_00001-scaled-e1779114985124.jpg\" class=\"attachment-full size-full wp-post-image\" alt=\"\" \/><\/a><\/div><div class=\"w-vwrapper usg_vwrapper_1 align_left valign_top\"><h2 class=\"w-post-elm post_title usg_post_title_1 entry-title color_link_inherit\">Art of the Spanish guitar<\/h2><div class=\"w-post-elm post_content usg_post_content_1\"><p><strong>Dates: <\/strong>03\/09, 10\/09, 17\/09, 24\/09 (Thursday) \u00a0<strong>Place:<\/strong>\u00a0Parish church of St. Vicen\u00e7\u00a0\u00a0<strong>Time:<\/strong>\u00a0 21:00 h\u00a0\u00a0<strong>Price:<\/strong>\u00a015\u20ac<\/p>\n<p>&nbsp;<\/p>\n<p>There is a Spanish guitar concert every week until the end of October.\u00a0 The artists performing in September are:\u00a0 Manel Forti\u00e0 Trio, Sam Ballester, Diego Cort\u00e9s &amp; Rafa Martin, and Pedro Rinc\u00f3n, in order of appearance. Check the web calendar for the rest of the season.<\/p>\n<p>Tickets are on sale at <a href=\"https:\/\/www.artdelaguitarra.com\/\" target=\"_blank\" rel=\"noopener\"><strong>www.artdelaguitarra.com<\/strong><\/a> or the same evening, from 20:00 h in the church.<\/p>\n<\/div><\/div><\/div>\t<\/div>\r\n<\/article>\r\n<article class=\"w-grid-item size_1x1 post-19306 agenda_mensual type-agenda_mensual status-publish has-post-thumbnail hentry categories_agenda-destacados-en\" data-id=\"19306\">\r\n\t<div class=\"w-grid-item-h\">\r\n\t\t\t\t<div class=\"w-hwrapper usg_hwrapper_1 align_left valign_top\"><div class=\"w-post-elm post_image usg_post_image_1 has_width stretched\"><a href=\"https:\/\/visittossa.com\/wp-content\/uploads\/2024\/01\/Concerts-dalt-de-vila-2026-01B.jpeg\" ref=\"magnificPopup\" aria-label=\"4th &#8220;Nits a dalt de vila&#8221; festival\"><img loading=\"lazy\" decoding=\"async\" width=\"2048\" height=\"2560\" src=\"https:\/\/visittossa.com\/wp-content\/uploads\/2024\/01\/Concerts-dalt-de-vila-2026-01B.jpeg\" class=\"attachment-full size-full wp-post-image\" alt=\"\" srcset=\"https:\/\/visittossa.com\/wp-content\/uploads\/2024\/01\/Concerts-dalt-de-vila-2026-01B.jpeg 2048w, https:\/\/visittossa.com\/wp-content\/uploads\/2024\/01\/Concerts-dalt-de-vila-2026-01B-240x300.jpeg 240w, https:\/\/visittossa.com\/wp-content\/uploads\/2024\/01\/Concerts-dalt-de-vila-2026-01B-819x1024.jpeg 819w\" sizes=\"auto, (max-width: 2048px) 100vw, 2048px\" \/><\/a><\/div><div class=\"w-vwrapper usg_vwrapper_1 align_left valign_top\"><h2 class=\"w-post-elm post_title usg_post_title_1 entry-title color_link_inherit\">4th &#8220;Nits a dalt de vila&#8221; festival<\/h2><div class=\"w-post-elm post_content usg_post_content_1\"><p><strong>Dates:<\/strong>\u00a005, 12, 19, 26 \/ 09\/ 2026 (Saturdays)\u00a0\u00a0<strong>Place:<\/strong>\u00a0St. Vicen\u00e7 old parish church (Old Town)\u00a0\u00a0<strong>Time:<\/strong>\u00a022:00 h<\/p>\n<p><span id=\"[0,8]\" class=\"word\">Concerts<\/span>\u00a0<span id=\"[9,13]\" class=\"word\">that<\/span>\u00a0<span id=\"[14,18]\" class=\"word\">take<\/span>\u00a0<span id=\"[19,24]\" class=\"word\">place<\/span>\u00a0<span id=\"[25,31]\" class=\"word\">within<\/span>\u00a0<span id=\"[32,35]\" class=\"word\">the<\/span>\u00a0<span id=\"[36,42]\" class=\"word\">walled<\/span>\u00a0<span id=\"[43,52]\" class=\"word\">enclosure<\/span>\u00a0<span id=\"[53,55]\" class=\"word\">on<\/span>\u00a0<span id=\"[56,65]\" class=\"word\">Saturdays<\/span>\u00a0<span id=\"[66,68]\" class=\"word\">in<\/span>\u00a0<span id=\"[69,78]\" class=\"word\">September<\/span>.<\/p>\n<p>&nbsp;<\/p>\n<p><strong>05\/09<\/strong>\u00a0\u2013 ELISA MAS.<br \/>\n<strong>12\/09<\/strong>\u00a0\u2013 Tribute to MICHAEL JACKSON.<br \/>\n<strong>19\/09<\/strong>\u00a0\u2013 Tribute to LAX\u2019N BUSTO.<br \/>\n<strong>26\/09<\/strong>\u00a0\u2013 Tribute to LA OREJA DE VAN GOGH.<\/p>\n<p>Free access \u2013 Bar service \u2013 Purple point<\/p>\n<\/div><\/div><\/div>\t<\/div>\r\n<\/article>\r\n<article class=\"w-grid-item size_1x1 post-19437 agenda_mensual type-agenda_mensual status-publish has-post-thumbnail hentry\" data-id=\"19437\">\r\n\t<div class=\"w-grid-item-h\">\r\n\t\t\t\t<div class=\"w-hwrapper usg_hwrapper_1 align_left valign_top\"><div class=\"w-post-elm post_image usg_post_image_1 has_width stretched\"><a href=\"https:\/\/visittossa.com\/wp-content\/uploads\/2026\/08\/Havaneres-setembre-2026.jpeg\" ref=\"magnificPopup\" aria-label=\"Habaneres recital\"><img loading=\"lazy\" decoding=\"async\" width=\"1414\" height=\"2000\" src=\"https:\/\/visittossa.com\/wp-content\/uploads\/2026\/08\/Havaneres-setembre-2026.jpeg\" class=\"attachment-full size-full wp-post-image\" alt=\"\" srcset=\"https:\/\/visittossa.com\/wp-content\/uploads\/2026\/08\/Havaneres-setembre-2026.jpeg 1414w, https:\/\/visittossa.com\/wp-content\/uploads\/2026\/08\/Havaneres-setembre-2026-212x300.jpeg 212w, https:\/\/visittossa.com\/wp-content\/uploads\/2026\/08\/Havaneres-setembre-2026-724x1024.jpeg 724w\" sizes=\"auto, (max-width: 1414px) 100vw, 1414px\" \/><\/a><\/div><div class=\"w-vwrapper usg_vwrapper_1 align_left valign_top\"><h2 class=\"w-post-elm post_title usg_post_title_1 entry-title color_link_inherit\">Habaneres recital<\/h2><div class=\"w-post-elm post_content usg_post_content_1\"><p><strong>Date:<\/strong> 10\/09, Thursday\u00a0 \u00a0 <strong>Place:<\/strong>\u00a0Es Rac\u00f3 (Platja Gran)\u00a0 \u00a0<strong>Time:<\/strong>\u00a022:00 h<\/p>\n<p>&nbsp;<\/p>\n<p><strong>21:30 h<\/strong> \u2013 Descent of torches from the old church in\u00a0 Vila Vella (Old Town) to the stage in Es Rac\u00f3. Act organised by \u00d2mnium Cultural.<\/p>\n<p>&nbsp;<\/p>\n<p><strong>22:30 h<\/strong> \u2013 Habaneres recital byl NEUS MAR.<\/p>\n<p>&#8220;Rom cremat&#8221; (hot rum). <strong>Price<\/strong>: 2\u20ac<\/p>\n<\/div><\/div><\/div>\t<\/div>\r\n<\/article>\r\n<article class=\"w-grid-item size_1x1 post-19484 agenda_mensual type-agenda_mensual status-publish has-post-thumbnail hentry\" data-id=\"19484\">\r\n\t<div class=\"w-grid-item-h\">\r\n\t\t\t\t<div class=\"w-hwrapper usg_hwrapper_1 align_left valign_top\"><div class=\"w-post-elm post_image usg_post_image_1 has_width stretched\"><a href=\"https:\/\/visittossa.com\/wp-content\/uploads\/2026\/08\/11-set-2026.jpg\" ref=\"magnificPopup\" aria-label=\"National day of Catalonia\"><img loading=\"lazy\" decoding=\"async\" width=\"1414\" height=\"2000\" src=\"https:\/\/visittossa.com\/wp-content\/uploads\/2026\/08\/11-set-2026.jpg\" class=\"attachment-full size-full wp-post-image\" alt=\"\" srcset=\"https:\/\/visittossa.com\/wp-content\/uploads\/2026\/08\/11-set-2026.jpg 1414w, https:\/\/visittossa.com\/wp-content\/uploads\/2026\/08\/11-set-2026-212x300.jpg 212w, https:\/\/visittossa.com\/wp-content\/uploads\/2026\/08\/11-set-2026-724x1024.jpg 724w\" sizes=\"auto, (max-width: 1414px) 100vw, 1414px\" \/><\/a><\/div><div class=\"w-vwrapper usg_vwrapper_1 align_left valign_top\"><h2 class=\"w-post-elm post_title usg_post_title_1 entry-title color_link_inherit\">National day of Catalonia<\/h2><div class=\"w-post-elm post_content usg_post_content_1\"><p><strong>Date:<\/strong> 11\/09, Friday<\/p>\n<p>&nbsp;<\/p>\n<p><strong>13:00 h<\/strong> \u2013 Cemetery \u2013 Floral tribute to the Unknown Soldier. The ceremony concludes with the Coral Tossenca, singing \u201cEl cant del poble\u201d and \u201cCant dels Segadors\u201d.<\/p>\n<p>&nbsp;<\/p>\n<p><strong>18:00 h<\/strong> \u2013 Passeig Moss\u00e8n Cinto Verdaguer \u2013 Sardanes by Cobla Sol from Banyuls.<\/p>\n<\/div><\/div><\/div>\t<\/div>\r\n<\/article>\r\n<article class=\"w-grid-item size_1x1 post-19383 agenda_mensual type-agenda_mensual status-publish has-post-thumbnail hentry\" data-id=\"19383\">\r\n\t<div class=\"w-grid-item-h\">\r\n\t\t\t\t<div class=\"w-hwrapper usg_hwrapper_1 align_left valign_top\"><div class=\"w-post-elm post_image usg_post_image_1 has_width stretched\"><a href=\"https:\/\/visittossa.com\/wp-content\/uploads\/2026\/08\/Triatlo-2026.jpg\" ref=\"magnificPopup\" aria-label=\"Tritour Tossa de Mar &#8211; 18th. Tossa Olimpic Triathlon &#038; Sprint Triathlon\"><img loading=\"lazy\" decoding=\"async\" width=\"1223\" height=\"1600\" src=\"https:\/\/visittossa.com\/wp-content\/uploads\/2026\/08\/Triatlo-2026.jpg\" class=\"attachment-full size-full wp-post-image\" alt=\"\" srcset=\"https:\/\/visittossa.com\/wp-content\/uploads\/2026\/08\/Triatlo-2026.jpg 1223w, https:\/\/visittossa.com\/wp-content\/uploads\/2026\/08\/Triatlo-2026-229x300.jpg 229w, https:\/\/visittossa.com\/wp-content\/uploads\/2026\/08\/Triatlo-2026-783x1024.jpg 783w\" sizes=\"auto, (max-width: 1223px) 100vw, 1223px\" \/><\/a><\/div><div class=\"w-vwrapper usg_vwrapper_1 align_left valign_top\"><h2 class=\"w-post-elm post_title usg_post_title_1 entry-title color_link_inherit\">Tritour Tossa de Mar &#8211; 18th. Tossa Olimpic Triathlon &#038; Sprint Triathlon<\/h2><div class=\"w-post-elm post_content usg_post_content_1\"><p><strong>Date:\u00a0<\/strong>12\/09\/26, Saturday\u00a0 <strong>Time:<\/strong> 15:00 h<\/p>\n<p>The only TriTour competition including swimming in the Mediterranean Sea, in addition to mountain biking and a totally flat running race.<\/p>\n<p>More information <a href=\"https:\/\/tritour.cat\/en\/tossademar-en\" target=\"_blank\" rel=\"noopener\"><strong>here<\/strong><\/a><\/p>\n<\/div><\/div><\/div>\t<\/div>\r\n<\/article>\r\n<article class=\"w-grid-item size_1x1 post-18202 agenda_mensual type-agenda_mensual status-publish has-post-thumbnail hentry\" data-id=\"18202\">\r\n\t<div class=\"w-grid-item-h\">\r\n\t\t\t\t<div class=\"w-hwrapper usg_hwrapper_1 align_left valign_top\"><div class=\"w-post-elm post_image usg_post_image_1 has_width stretched\"><a href=\"https:\/\/visittossa.com\/wp-content\/uploads\/2022\/02\/Barri_de_Sa_Roqueta.jpg\" ref=\"magnificPopup\" aria-label=\"&#8220;Pandora&#8217;s box&#8221; scavenger hunt\"><img loading=\"lazy\" decoding=\"async\" width=\"876\" height=\"500\" src=\"https:\/\/visittossa.com\/wp-content\/uploads\/2022\/02\/Barri_de_Sa_Roqueta.jpg\" class=\"attachment-full size-full wp-post-image\" alt=\"\" srcset=\"https:\/\/visittossa.com\/wp-content\/uploads\/2022\/02\/Barri_de_Sa_Roqueta.jpg 876w, https:\/\/visittossa.com\/wp-content\/uploads\/2022\/02\/Barri_de_Sa_Roqueta-300x171.jpg 300w\" sizes=\"auto, (max-width: 876px) 100vw, 876px\" \/><\/a><\/div><div class=\"w-vwrapper usg_vwrapper_1 align_left valign_top\"><h2 class=\"w-post-elm post_title usg_post_title_1 entry-title color_link_inherit\">&#8220;Pandora&#8217;s box&#8221; scavenger hunt<\/h2><div class=\"w-post-elm post_content usg_post_content_1\"><p><strong>Dates:<\/strong> 13\/09, 11\/10\u00a0 (Sunday)\u00a0 <strong>Time:<\/strong>\u00a0 10:30 h<\/p>\n<p><strong>\u00a0Place<\/strong>: Tourist Office (Av. del Pelegr\u00ed, 25)\u00a0 \u00a0 \u00a0 <strong>Price: 5\u20ac <\/strong>(adults) <strong>\/ 3\u20ac\u00a0<\/strong>(6 -18 years old)<\/p>\n<p>A family and interactive game of clues that will take families to discover the heritage of the historic centre of the town. Recommended activity for children from 6 years-old, always accompanied by an adult.<\/p>\n<p>A mobile phone or tablet is needed.<\/p>\n<ul>\n<li>Tickets on sale at <strong><a href=\"https:\/\/www.entrapolis.com\/entradas\/pandoras-box-scavenger-hunt\" target=\"_blank\" rel=\"noopener\">www.entrapolis.com\u00a0<\/a>\u00a0<\/strong><\/li>\n<\/ul>\n<\/div><\/div><\/div>\t<\/div>\r\n<\/article>\r\n<article class=\"w-grid-item size_1x1 post-19397 agenda_mensual type-agenda_mensual status-publish has-post-thumbnail hentry\" data-id=\"19397\">\r\n\t<div class=\"w-grid-item-h\">\r\n\t\t\t\t<div class=\"w-hwrapper usg_hwrapper_1 align_left valign_top\"><div class=\"w-post-elm post_image usg_post_image_1 has_width stretched\"><a href=\"https:\/\/visittossa.com\/wp-content\/uploads\/2022\/03\/2026-VW-Tossa.jpg\" ref=\"magnificPopup\" aria-label=\"32nd. Tossa de Mar VW classic car gathering\"><img loading=\"lazy\" decoding=\"async\" width=\"709\" height=\"1000\" src=\"https:\/\/visittossa.com\/wp-content\/uploads\/2022\/03\/2026-VW-Tossa.jpg\" class=\"attachment-full size-full wp-post-image\" alt=\"\" srcset=\"https:\/\/visittossa.com\/wp-content\/uploads\/2022\/03\/2026-VW-Tossa.jpg 709w, https:\/\/visittossa.com\/wp-content\/uploads\/2022\/03\/2026-VW-Tossa-213x300.jpg 213w\" sizes=\"auto, (max-width: 709px) 100vw, 709px\" \/><\/a><\/div><div class=\"w-vwrapper usg_vwrapper_1 align_left valign_top\"><h2 class=\"w-post-elm post_title usg_post_title_1 entry-title color_link_inherit\">32nd. Tossa de Mar VW classic car gathering<\/h2><div class=\"w-post-elm post_content usg_post_content_1\"><p><strong>Dates:\u00a0<\/strong>25 \u2013 27\/09\/26, Friday, Saturday and Sunday.<\/p>\n<p>\u201cBeetle\u201d car gathering organised by: Amics del Volkswagen de Catalunya. More information at<span class=\"marker\">\u00a0<strong><u><a class=\"vincle\" href=\"https:\/\/www.avwc.org\/fotos\/CALENDARI\/calendarisetembre.php#tossa\" target=\"_blank\" rel=\"noopener\">www.avwc.org<\/a><\/u><\/strong><\/span><\/p>\n<\/div><\/div><\/div>\t<\/div>\r\n<\/article>\r\n<article class=\"w-grid-item size_1x1 post-9930 agenda_mensual type-agenda_mensual status-publish has-post-thumbnail hentry\" data-id=\"9930\">\r\n\t<div class=\"w-grid-item-h\">\r\n\t\t\t\t<div class=\"w-hwrapper usg_hwrapper_1 align_left valign_top\"><div class=\"w-post-elm post_image usg_post_image_1 has_width stretched\"><a href=\"https:\/\/visittossa.com\/wp-content\/uploads\/2022\/08\/Museu-de-la-Dona-de-Tossa-Premsa.jpg\" ref=\"magnificPopup\" aria-label=\"The Women&#8217;s Museum\"><img loading=\"lazy\" decoding=\"async\" width=\"960\" height=\"720\" src=\"https:\/\/visittossa.com\/wp-content\/uploads\/2022\/08\/Museu-de-la-Dona-de-Tossa-Premsa.jpg\" class=\"attachment-full size-full wp-post-image\" alt=\"\" srcset=\"https:\/\/visittossa.com\/wp-content\/uploads\/2022\/08\/Museu-de-la-Dona-de-Tossa-Premsa.jpg 960w, https:\/\/visittossa.com\/wp-content\/uploads\/2022\/08\/Museu-de-la-Dona-de-Tossa-Premsa-300x225.jpg 300w\" sizes=\"auto, (max-width: 960px) 100vw, 960px\" \/><\/a><\/div><div class=\"w-vwrapper usg_vwrapper_1 align_left valign_top\"><h2 class=\"w-post-elm post_title usg_post_title_1 entry-title color_link_inherit\">The Women&#8217;s Museum<\/h2><div class=\"w-post-elm post_content usg_post_content_1\"><p><span id=\"[0,3]\" class=\"word\">The<\/span> <span id=\"[4,9]\" class=\"word\">Women<\/span>&#8216;<span id=\"[10,11]\" class=\"word\">s<\/span> <span id=\"[12,18]\" class=\"word\">Museum<\/span> <span id=\"[19,22]\" class=\"word\">was<\/span> <span id=\"[23,29]\" class=\"word\">opened<\/span> <span id=\"[30,32]\" class=\"word\">in<\/span> <span id=\"[33,36]\" class=\"word\">202<\/span>0 <span id=\"[38,42]\" class=\"word\">with<\/span> <span id=\"[43,46]\" class=\"word\">the<\/span> <span id=\"[47,56]\" class=\"word\">intention<\/span> <span id=\"[57,59]\" class=\"word\">of<\/span> <span id=\"[60,70]\" class=\"word\">recreating<\/span> <span id=\"[71,74]\" class=\"word\">and<\/span> <span id=\"[75,85]\" class=\"word\">explaining<\/span> <span id=\"[86,89]\" class=\"word\">the<\/span> <span id=\"[90,94]\" class=\"word\">life<\/span> <span id=\"[95,97]\" class=\"word\">of<\/span> <span id=\"[98,103]\" class=\"word\">Tossa<\/span> b<span id=\"[105,110]\" class=\"word\">efore<\/span> <span id=\"[111,114]\" class=\"word\">the<\/span> b<span id=\"[116,124]\" class=\"word\">eginning<\/span> <span id=\"[125,127]\" class=\"word\">of<\/span> <span id=\"[128,135]\" class=\"word\">tourism<\/span> <span id=\"[136,139]\" class=\"word\">and<\/span> <span id=\"[140,143]\" class=\"word\">its<\/span> <span id=\"[144,158]\" class=\"word\">transformation<\/span>, <span id=\"[160,166]\" class=\"word\">always<\/span> <span id=\"[167,171]\" class=\"word\">from<\/span> <span id=\"[172,175]\" class=\"word\">the<\/span> <span id=\"[176,181]\" class=\"word\">place<\/span> <span id=\"[182,190]\" class=\"word\">occupied<\/span> <span id=\"[191,193]\" class=\"word\">by<\/span> <span id=\"[194,199]\" class=\"word\">women<\/span>. The building that hosts this museum is a lovely exemple of a 16th. century farmhouse.<\/p>\n<p><strong>Place:<\/strong> C\/ Codolar, 4<\/p>\n<p><strong>Info timetable:\u00a0\u00a0<\/strong><\/p>\n<p>From Monday to Sunday: 10:00 \u2013 13:00 \/ 16:00 \u2013 20:00 h<\/p>\n<p><strong>Tel.<\/strong> +34 972 964 633<br \/>\n<strong>Entrance fee<\/strong>: 2\u20ac \/ 1\u20ac.<\/p>\n<p><a href=\"https:\/\/visittossa.com\/en\/cultural-heritage\/art-and-culture\/womens-museum\/\" target=\"_blank\" rel=\"noopener\"><strong>Further information<\/strong><\/a><\/p>\n<\/div><\/div><\/div>\t<\/div>\r\n<\/article>\r\n<article class=\"w-grid-item size_1x1 post-9928 agenda_mensual type-agenda_mensual status-publish has-post-thumbnail hentry\" data-id=\"9928\">\r\n\t<div class=\"w-grid-item-h\">\r\n\t\t\t\t<div class=\"w-hwrapper usg_hwrapper_1 align_left valign_top\"><div class=\"w-post-elm post_image usg_post_image_1 has_width stretched\"><a href=\"https:\/\/visittossa.com\/wp-content\/uploads\/2022\/08\/far-tossa2_-Tossa-de-Mar-web-facana-carrer.jpg\" ref=\"magnificPopup\" aria-label=\"Lighthouse&#8217;s museum\"><img loading=\"lazy\" decoding=\"async\" width=\"692\" height=\"450\" src=\"https:\/\/visittossa.com\/wp-content\/uploads\/2022\/08\/far-tossa2_-Tossa-de-Mar-web-facana-carrer.jpg\" class=\"attachment-full size-full wp-post-image\" alt=\"\" srcset=\"https:\/\/visittossa.com\/wp-content\/uploads\/2022\/08\/far-tossa2_-Tossa-de-Mar-web-facana-carrer.jpg 692w, https:\/\/visittossa.com\/wp-content\/uploads\/2022\/08\/far-tossa2_-Tossa-de-Mar-web-facana-carrer-300x195.jpg 300w\" sizes=\"auto, (max-width: 692px) 100vw, 692px\" \/><\/a><\/div><div class=\"w-vwrapper usg_vwrapper_1 align_left valign_top\"><h2 class=\"w-post-elm post_title usg_post_title_1 entry-title color_link_inherit\">Lighthouse&#8217;s museum<\/h2><div class=\"w-post-elm post_content usg_post_content_1\"><p>Built in 1917 on the highest part of Cap de Tossa, it is currently the headquarters of the new Tossa Lighthouse museum project. A century of maritime signals on the Costa Brava, a reference space for anyone interested in obtaining an in-depth view of the world of lighthouses.<\/p>\n<p><strong>Location:<\/strong> Passeig de Vila Vella<\/p>\n<p><strong>Info timetable:<\/strong><\/p>\n<p>From Monday to Sunday:<\/p>\n<p><span style=\"color: #ff0000;\"><strong>(02\/09 &amp; 03\/09: CLOSED)<\/strong><\/span><\/p>\n<p><strong>Contact number:<\/strong> +34 972 343 359<\/p>\n<p><strong>Entrance fee:<\/strong> \u20ac3 \/ \u20ac1.50<\/p>\n<p><a href=\"https:\/\/visittossa.com\/en\/cultural-heritage\/art-and-culture\/tossas-lighthouse\/\" target=\"_blank\" rel=\"noopener\"><strong>More information<\/strong><\/a><\/p>\n<\/div><\/div><\/div>\t<\/div>\r\n<\/article>\r\n<article class=\"w-grid-item size_1x1 post-9929 agenda_mensual type-agenda_mensual status-publish has-post-thumbnail hentry\" data-id=\"9929\">\r\n\t<div class=\"w-grid-item-h\">\r\n\t\t\t\t<div class=\"w-hwrapper usg_hwrapper_1 align_left valign_top\"><div class=\"w-post-elm post_image usg_post_image_1 has_width stretched\"><a href=\"https:\/\/visittossa.com\/wp-content\/uploads\/2022\/08\/Facana-museu-scaled.jpg\" ref=\"magnificPopup\" aria-label=\"Municipal Museum\"><img loading=\"lazy\" decoding=\"async\" width=\"2560\" height=\"1707\" src=\"https:\/\/visittossa.com\/wp-content\/uploads\/2022\/08\/Facana-museu-scaled.jpg\" class=\"attachment-full size-full wp-post-image\" alt=\"\" srcset=\"https:\/\/visittossa.com\/wp-content\/uploads\/2022\/08\/Facana-museu-scaled.jpg 2560w, https:\/\/visittossa.com\/wp-content\/uploads\/2022\/08\/Facana-museu-300x200.jpg 300w, https:\/\/visittossa.com\/wp-content\/uploads\/2022\/08\/Facana-museu-1024x683.jpg 1024w\" sizes=\"auto, (max-width: 2560px) 100vw, 2560px\" \/><\/a><\/div><div class=\"w-vwrapper usg_vwrapper_1 align_left valign_top\"><h2 class=\"w-post-elm post_title usg_post_title_1 entry-title color_link_inherit\">Municipal Museum<\/h2><div class=\"w-post-elm post_content usg_post_content_1\"><p>It occupies the former residence of the <em>batlle de sac<\/em>,\u00a0 that is to say the governor, and preserves an important collection of art and a large part of the archaeological finds of the Roman villa of <em>Els<\/em> <em>Ametllers<\/em>.<\/p>\n<p><strong>Place: <\/strong>Pla\u00e7a Roig i Soler, 1 (Old Town)<\/p>\n<p><strong>Info timetable:\u00a0 \u00a0 \u00a0Temporarily CLOSED for maintenance works.<\/strong><\/p>\n<p><strong>Tel.<\/strong> +34 972 340 709<\/p>\n<p><strong>Entrance fee:<\/strong> 3\u20ac \/ 2\u20ac<\/p>\n<p><a href=\"https:\/\/visittossa.com\/en\/cultural-heritage\/art-and-culture\/municipal-museum\/\" target=\"_blank\" rel=\"noopener\"><strong>More information<\/strong><\/a><\/p>\n<p>&nbsp;<\/p>\n<\/div><\/div><\/div>\t<\/div>\r\n<\/article>\r\n<\/div><div class=\"w-grid-preloader\"><div class=\"g-preloader type_1\">\r\n\t<div><\/div>\r\n<\/div>\r\n<\/div>\t<div class=\"w-grid-json hidden\" onclick='return {&quot;action&quot;:&quot;us_ajax_grid&quot;,&quot;ajax_url&quot;:&quot;https:\\\/\\\/visittossa.com\\\/wp-admin\\\/admin-ajax.php&quot;,&quot;infinite_scroll&quot;:0,&quot;max_num_pages&quot;:1,&quot;pagination&quot;:&quot;regular&quot;,&quot;permalink_url&quot;:&quot;https:\\\/\\\/visittossa.com\\\/en\\\/wp-json\\\/wp\\\/v2\\\/pages\\\/5610\\\/&quot;,&quot;template_vars&quot;:{&quot;columns&quot;:&quot;1&quot;,&quot;exclude_items&quot;:&quot;none&quot;,&quot;img_size&quot;:&quot;default&quot;,&quot;ignore_items_size&quot;:false,&quot;items_layout&quot;:&quot;1510&quot;,&quot;items_offset&quot;:&quot;1&quot;,&quot;overriding_link&quot;:&quot;none&quot;,&quot;post_id&quot;:5610,&quot;query_args&quot;:{&quot;post_type&quot;:[&quot;agenda_mensual&quot;],&quot;post_status&quot;:[&quot;publish&quot;],&quot;orderby&quot;:{&quot;menu_order&quot;:&quot;ASC&quot;},&quot;posts_per_page&quot;:999},&quot;type&quot;:&quot;grid&quot;,&quot;us_grid_ajax_index&quot;:1,&quot;us_grid_filter_params&quot;:null,&quot;us_grid_index&quot;:1,&quot;_us_grid_post_type&quot;:&quot;agenda_mensual&quot;,&quot;lang&quot;:&quot;en&quot;}}'><\/div>\r\n<\/div><\/div><\/div><\/div><\/div><\/div><\/section>\n","protected":false},"excerpt":{"rendered":"It occupies the former residence of the batlle de sac,\u00a0 that is to say the governor, and preserves an important collection of art and a large part of the archaeological finds of the Roman villa of Els Ametllers. Place: Pla\u00e7a Roig i Soler, 1 (Old Town) Info timetable:\u00a0 \u00a0 \u00a0Temporarily CLOSED for maintenance works. Tel....","protected":false},"author":1,"featured_media":0,"parent":5574,"menu_order":0,"comment_status":"closed","ping_status":"closed","template":"","meta":{"_monsterinsights_skip_tracking":false,"footnotes":""},"class_list":["post-5610","page","type-page","status-publish","hentry"],"_links":{"self":[{"href":"https:\/\/visittossa.com\/en\/wp-json\/wp\/v2\/pages\/5610","targetHints":{"allow":["GET"]}}],"collection":[{"href":"https:\/\/visittossa.com\/en\/wp-json\/wp\/v2\/pages"}],"about":[{"href":"https:\/\/visittossa.com\/en\/wp-json\/wp\/v2\/types\/page"}],"author":[{"embeddable":true,"href":"https:\/\/visittossa.com\/en\/wp-json\/wp\/v2\/users\/1"}],"replies":[{"embeddable":true,"href":"https:\/\/visittossa.com\/en\/wp-json\/wp\/v2\/comments?post=5610"}],"version-history":[{"count":7,"href":"https:\/\/visittossa.com\/en\/wp-json\/wp\/v2\/pages\/5610\/revisions"}],"predecessor-version":[{"id":11444,"href":"https:\/\/visittossa.com\/en\/wp-json\/wp\/v2\/pages\/5610\/revisions\/11444"}],"up":[{"embeddable":true,"href":"https:\/\/visittossa.com\/en\/wp-json\/wp\/v2\/pages\/5574"}],"wp:attachment":[{"href":"https:\/\/visittossa.com\/en\/wp-json\/wp\/v2\/media?parent=5610"}],"curies":[{"name":"wp","href":"https:\/\/api.w.org\/{rel}","templated":true}]}}